{"id":335,"date":"2022-05-04T22:59:26","date_gmt":"2022-05-04T22:59:26","guid":{"rendered":"https:\/\/santacatalina.edu.ar\/biblioteca\/?page_id=335"},"modified":"2022-10-05T20:17:35","modified_gmt":"2022-10-05T23:17:35","slug":"catalogo","status":"publish","type":"page","link":"https:\/\/santacatalina.edu.ar\/biblioteca\/catalogo\/","title":{"rendered":"Cat\u00e1logo"},"content":{"rendered":"\n<div class=\"wpdt-c\">\n    \n<input type=\"hidden\" id=\"wdtNonceFrontendEdit\" name=\"wdtNonceFrontendEdit\" value=\"ebf194cce1\" \/><input type=\"hidden\" name=\"_wp_http_referer\" value=\"\/biblioteca\/wp-json\/wp\/v2\/pages\/335\" \/>    <input type=\"hidden\" id=\"table_1_desc\" value='{\"tableId\":\"table_1\",\"tableType\":\"csv\",\"selector\":\"#table_1\",\"responsive\":true,\"responsiveAction\":\"icon\",\"infoBlock\":true,\"pagination\":1,\"paginationAlign\":\"center\",\"paginationLayout\":\"simple\",\"globalSearch\":true,\"showRowsPerPage\":false,\"hideBeforeLoad\":true,\"number_format\":1,\"decimalPlaces\":2,\"spinnerSrc\":\"https:\\\/\\\/santacatalina.edu.ar\\\/biblioteca\\\/wp-content\\\/plugins\\\/wpdatatables\\\/assets\\\/\\\/img\\\/spinner.gif\",\"groupingEnabled\":false,\"tableWpId\":\"1\",\"dataTableParams\":{\"sDom\":\"BT\\u003C\\u0027clear\\u0027\\u003Eftip\",\"bSortCellsTop\":false,\"bPaginate\":true,\"sPaginationType\":\"simple\",\"aLengthMenu\":[[1,5,10,25,50,100,-1],[1,5,10,25,50,100,\"All\"]],\"iDisplayLength\":10,\"columnDefs\":[{\"sType\":\"formatted-num\",\"wdtType\":\"int\",\"bVisible\":true,\"orderable\":true,\"searchable\":true,\"InputType\":\"text\",\"name\":\"Inventario\",\"origHeader\":\"Inventario\",\"notNull\":false,\"conditionalFormattingRules\":[],\"className\":\"numdata integer  column-inventario\",\"sWidth\":\"100\",\"aTargets\":[0]},{\"sType\":\"string\",\"wdtType\":\"string\",\"bVisible\":true,\"orderable\":true,\"searchable\":true,\"InputType\":\"text\",\"name\":\"Titulo\",\"origHeader\":\"Titulo\",\"notNull\":false,\"conditionalFormattingRules\":[],\"className\":\" column-titulo\",\"aTargets\":[1]},{\"sType\":\"string\",\"wdtType\":\"string\",\"bVisible\":true,\"orderable\":true,\"searchable\":true,\"InputType\":\"text\",\"name\":\"Autor\",\"origHeader\":\"Autor\",\"notNull\":false,\"conditionalFormattingRules\":[],\"className\":\" column-autor\",\"aTargets\":[2]},{\"sType\":\"string\",\"wdtType\":\"string\",\"bVisible\":true,\"orderable\":true,\"searchable\":true,\"InputType\":\"text\",\"name\":\"Editorial\",\"origHeader\":\"Editorial\",\"notNull\":false,\"conditionalFormattingRules\":[],\"className\":\" column-editorial\",\"sWidth\":\"150\",\"aTargets\":[3]},{\"sType\":\"string\",\"wdtType\":\"string\",\"bVisible\":true,\"orderable\":true,\"searchable\":true,\"InputType\":\"text\",\"name\":\"A\\u00f1o\",\"origHeader\":\"A\\u00f1o\",\"notNull\":false,\"conditionalFormattingRules\":[],\"className\":\" column-ao\",\"sWidth\":\"100\",\"aTargets\":[4]}],\"bAutoWidth\":false,\"order\":[[0,\"asc\"]],\"ordering\":true,\"oLanguage\":{\"sProcessing\":\"Procesando...\",\"sLengthMenu\":\"Showing _MENU_ Entries\",\"sZeroRecords\":\"No se encontraron resultados\",\"sEmptyTable\":\"Ning\\u00fan dato disponible en esta tabla\",\"sInfo\":\"Mostrando registros del _START_ al _END_ de un total de _TOTAL_ registros\",\"sInfoEmpty\":\"Mostrando registros del 0 al 0 de un total de 0 registros\",\"sInfoFiltered\":\"(filtrado de un total de _MAX_ registros)\",\"sInfoPostFix\":\"\",\"sSearch\":\"\\u003Cspan class=\\u0022wdt-search-icon\\u0022\\u003E\\u003C\\\/span\\u003E\",\"sUrl\":\"\",\"sInfoThousands\":\",\",\"sLoadingRecords\":\"Cargando...\",\"oPaginate\":{\"sFirst\":\"Primero\",\"sLast\":\"\\u00daltimo\",\"sNext\":\"Siguiente\",\"sPrevious\":\"Anterior\"},\"fnInfoCallback\":null,\"oAria\":{\"sSortAscending\":\": Activar para ordernar la columna de manera ascendente\",\"sSortDescending\":\": Activar para ordernar la columna de manera descendente\"},\"sSearchPlaceholder\":\"Search table\"},\"buttons\":[],\"oSearch\":{\"bSmart\":false,\"bRegex\":false,\"sSearch\":\"\"}},\"tabletWidth\":\"1024\",\"mobileWidth\":\"480\",\"columnsFixed\":0,\"timeFormat\":\"H:i\",\"datepickFormat\":\"dd\\\/mm\\\/yy\"}'\/>\n\n    <table id=\"table_1\"\n           class=\"           responsive           display nowrap data-t wpDataTable wpDataTableID-1\"\n           style=\"display: none; \"\n           data-described-by='table_1_desc'\n           data-wpdatatable_id=\"1\">\n\n        <!-- Table header -->\n        \n<thead>\n<tr>\n                    <th\n        data-class=\"expand\"                class=\" wdtheader sort numdata integer \"\n        style=\"\">N\u00b0 Inv.<\/th>        <th\n                        class=\" wdtheader sort \"\n        style=\"\">T\u00edtulo<\/th>        <th\n                        class=\" wdtheader sort \"\n        style=\"\">Autor<\/th>        <th\n                        class=\" wdtheader sort \"\n        style=\"\">Editorial<\/th>        <th\n                        class=\" wdtheader sort \"\n        style=\"\">A\u00f1o<\/th>    <\/tr>\n<\/thead>\n        <!-- \/Table header -->\n\n        <!-- Table body -->\n        \n<tbody>\n        <tr id=\"table_1_row_0\">\n                    <td style=\"\">88<\/td>\n                    <td style=\"\"> Diccionario de ciencias jur\u00eddicas pol\u00edticas y sociales <\/td>\n                    <td style=\"\"> Manuel Osorio. 24a ed. . <\/td>\n                    <td style=\"\"> Heliasta<\/td>\n                    <td style=\"\">1997<\/td>\n            <\/tr>\n            <tr id=\"table_1_row_1\">\n                    <td style=\"\">206<\/td>\n                    <td style=\"\"> T\u00e9cnico en gesti\u00f3n 1. <\/td>\n                    <td style=\"\">-<\/td>\n                    <td style=\"\"> Cultural<\/td>\n                    <td style=\"\">2003<\/td>\n            <\/tr>\n            <tr id=\"table_1_row_2\">\n                    <td style=\"\">207<\/td>\n                    <td style=\"\"> T\u00e9cnico en gesti\u00f3n . <\/td>\n                    <td style=\"\">-<\/td>\n                    <td style=\"\"> Cultural<\/td>\n                    <td style=\"\">2003<\/td>\n            <\/tr>\n            <tr id=\"table_1_row_3\">\n                    <td style=\"\">659<\/td>\n                    <td style=\"\"> Toxicolog\u00eda laboral <\/td>\n                    <td style=\"\"> Nelson F. Albiano : SRT superintendencia de riesgos de trabajo- <\/td>\n                    <td style=\"\">-<\/td>\n                    <td style=\"\">-<\/td>\n            <\/tr>\n            <tr id=\"table_1_row_4\">\n                    <td style=\"\">670<\/td>\n                    <td style=\"\"> El ejecutivo al minuto y la organizaci\u00f3n del tiempo <\/td>\n                    <td style=\"\"> Kennet Blanchard- William Oncken Jr- Hal Burrows. 1a.ed.. <\/td>\n                    <td style=\"\"> Grijalbo<\/td>\n                    <td style=\"\">1990<\/td>\n            <\/tr>\n            <tr id=\"table_1_row_5\">\n                    <td style=\"\">1.020<\/td>\n                    <td style=\"\"> Manual de derecho civil <\/td>\n                    <td style=\"\"> Guillermo A. Borda<\/td>\n                    <td style=\"\">-<\/td>\n                    <td style=\"\">2008<\/td>\n            <\/tr>\n            <tr id=\"table_1_row_6\">\n                    <td style=\"\">1.021<\/td>\n                    <td style=\"\"> Diccionario jur\u00eddico b\u00e1sico <\/td>\n                    <td style=\"\"> Alonso Martinez de Navarrete. 2a ed..  actualizado por Alejandro Borda. 13a ed.. <\/td>\n                    <td style=\"\"> Heliasta<\/td>\n                    <td style=\"\">2008<\/td>\n            <\/tr>\n            <tr id=\"table_1_row_7\">\n                    <td style=\"\">1.022<\/td>\n                    <td style=\"\"> Manual de derecho comercial <\/td>\n                    <td style=\"\"> Jos\u00e9 Alberto Garrone- Mario E. Castro Sammartino. 2a.ed. revisada- ampliada y actualizada. <\/td>\n                    <td style=\"\"> Abeledo Perrot<\/td>\n                    <td style=\"\">1996<\/td>\n            <\/tr>\n            <tr id=\"table_1_row_8\">\n                    <td style=\"\">1.025<\/td>\n                    <td style=\"\"> Derecho civil <\/td>\n                    <td style=\"\"> Henri Mazeaud...[et.al.]. 1a.ed. castellano. <\/td>\n                    <td style=\"\"> Zavalia<\/td>\n                    <td style=\"\">2006<\/td>\n            <\/tr>\n            <tr id=\"table_1_row_9\">\n                    <td style=\"\">1.027<\/td>\n                    <td style=\"\"> Derechos humanos y derecho internacional <\/td>\n                    <td style=\"\"> Juan Antonio Travieso. 2a ed. ampliada- revisada y actualizada. <\/td>\n                    <td style=\"\"> Heliasta<\/td>\n                    <td style=\"\">1996<\/td>\n            <\/tr>\n            <tr id=\"table_1_row_10\">\n                    <td style=\"\">1.030<\/td>\n                    <td style=\"\"> Ley 19.550 de sociedades comerciales <\/td>\n                    <td style=\"\"> Carlos S. Zaglul. <\/td>\n                    <td style=\"\"> Ediciones Machi<\/td>\n                    <td style=\"\">1997<\/td>\n            <\/tr>\n            <tr id=\"table_1_row_11\">\n                    <td style=\"\">1.031<\/td>\n                    <td style=\"\"> Medici\u00f3n de estados contables <\/td>\n                    <td style=\"\"> H\u00e9ctor Mauricio Paulone- Alberto veiras. 1a.ed.. <\/td>\n                    <td style=\"\"> Errepar<\/td>\n                    <td style=\"\">2008<\/td>\n            <\/tr>\n            <tr id=\"table_1_row_12\">\n                    <td style=\"\">1.032<\/td>\n                    <td style=\"\"> Contabilidad b\u00e1sica <\/td>\n                    <td style=\"\"> Fowler Newton Enrique. 4ta ed. 6ta reimp.. <\/td>\n                    <td style=\"\"> La Ley<\/td>\n                    <td style=\"\">2008<\/td>\n            <\/tr>\n            <tr id=\"table_1_row_13\">\n                    <td style=\"\">1.105<\/td>\n                    <td style=\"\"> Ley de impuesto a las ganancias N\u00ba 20.628. ed. actualizada. <\/td>\n                    <td style=\"\">-<\/td>\n                    <td style=\"\"> Yammal contenidos<\/td>\n                    <td style=\"\">-<\/td>\n            <\/tr>\n            <tr id=\"table_1_row_14\">\n                    <td style=\"\">1.204<\/td>\n                    <td style=\"\"> Qu\u00edmica org\u00e1nica <\/td>\n                    <td style=\"\"> Robert Thorton Morrison- Robert Neilson Boyd. 5a ed.. <\/td>\n                    <td style=\"\"> Pearson educaci\u00f3n<\/td>\n                    <td style=\"\">1998<\/td>\n            <\/tr>\n            <tr id=\"table_1_row_15\">\n                    <td style=\"\">1.242<\/td>\n                    <td style=\"\"> Como hacer una cooperativa <\/td>\n                    <td style=\"\"> Orlando Taleva Salvat. 7a ed.ampliada y actualizada. <\/td>\n                    <td style=\"\"> Valletta Ediciones <\/td>\n                    <td style=\"\">2007<\/td>\n            <\/tr>\n            <tr id=\"table_1_row_16\">\n                    <td style=\"\">1.361<\/td>\n                    <td style=\"\"> Enciclopedia visual de anatom\u00eda  cuerpo humano  vida y salud <\/td>\n                    <td style=\"\"> Director Carlos Campos Salva. 1a ed. . <\/td>\n                    <td style=\"\"> Visor<\/td>\n                    <td style=\"\">2012<\/td>\n            <\/tr>\n            <tr id=\"table_1_row_17\">\n                    <td style=\"\">1.406<\/td>\n                    <td style=\"\"> C\u00f3mo redactar telegramas y notificaciones laborales <\/td>\n                    <td style=\"\"> V\u00edctor Hugo \u00e1lvarez Ch\u00e1vez. 1a.ed.. <\/td>\n                    <td style=\"\"> Garc\u00eda Alonso<\/td>\n                    <td style=\"\">2008<\/td>\n            <\/tr>\n            <tr id=\"table_1_row_18\">\n                    <td style=\"\">1.408<\/td>\n                    <td style=\"\"> C\u00f3mo redactar telegramas y notificaciones laborales <\/td>\n                    <td style=\"\"> V\u00edctor Hugo \u00e1lvarez Ch\u00e1vez. 1a.ed.. <\/td>\n                    <td style=\"\"> Garc\u00eda Alonso<\/td>\n                    <td style=\"\">2008<\/td>\n            <\/tr>\n            <tr id=\"table_1_row_19\">\n                    <td style=\"\">1.409<\/td>\n                    <td style=\"\"> C\u00f3mo redactar telegramas y notificaciones laborales <\/td>\n                    <td style=\"\"> V\u00edctor Hugo \u00e1lvarez Ch\u00e1vez. 1a.ed.. <\/td>\n                    <td style=\"\"> Garc\u00eda Alonso<\/td>\n                    <td style=\"\">2008<\/td>\n            <\/tr>\n            <tr id=\"table_1_row_20\">\n                    <td style=\"\">1.410<\/td>\n                    <td style=\"\"> C\u00f3mo redactar telegramas y notificaciones laborales <\/td>\n                    <td style=\"\"> V\u00edctor Hugo \u00e1lvarez Ch\u00e1vez. 1a.ed.. <\/td>\n                    <td style=\"\"> Garc\u00eda Alonso<\/td>\n                    <td style=\"\">2008<\/td>\n            <\/tr>\n            <tr id=\"table_1_row_21\">\n                    <td style=\"\">1.411<\/td>\n                    <td style=\"\"> Transporte internacional de mercader\u00edas <\/td>\n                    <td style=\"\"> Director Emilio El\u00edas Romualdi. 1a ed.. <\/td>\n                    <td style=\"\"> Aplicaci\u00f3n tributaria <\/td>\n                    <td style=\"\">2008<\/td>\n            <\/tr>\n            <tr id=\"table_1_row_22\">\n                    <td style=\"\">1.412<\/td>\n                    <td style=\"\"> Transporte internacional de mercader\u00edas <\/td>\n                    <td style=\"\"> Director Emilio El\u00edas Romualdi. 1a ed.. <\/td>\n                    <td style=\"\"> Aplicaci\u00f3n tributaria <\/td>\n                    <td style=\"\">2008<\/td>\n            <\/tr>\n            <tr id=\"table_1_row_23\">\n                    <td style=\"\">1.413<\/td>\n                    <td style=\"\"> Transporte internacional de mercader\u00edas <\/td>\n                    <td style=\"\"> Director Emilio El\u00edas Romualdi. 1a ed.. <\/td>\n                    <td style=\"\"> Aplicaci\u00f3n tributaria <\/td>\n                    <td style=\"\">2008<\/td>\n            <\/tr>\n            <tr id=\"table_1_row_24\">\n                    <td style=\"\">1.415<\/td>\n                    <td style=\"\"> Transporte internacional de mercader\u00edas <\/td>\n                    <td style=\"\"> Director Emilio El\u00edas Romualdi. 1a ed.. <\/td>\n                    <td style=\"\"> Aplicaci\u00f3n tributaria <\/td>\n                    <td style=\"\">2008<\/td>\n            <\/tr>\n            <tr id=\"table_1_row_25\">\n                    <td style=\"\">1.416<\/td>\n                    <td style=\"\"> Los impuestos y el comercio exterior argentino <\/td>\n                    <td style=\"\"> Alfredo Ricardo Sternberg. 3a.ed.. <\/td>\n                    <td style=\"\"> Aplicaci\u00f3n tributaria <\/td>\n                    <td style=\"\">2007<\/td>\n            <\/tr>\n            <tr id=\"table_1_row_26\">\n                    <td style=\"\">1.417<\/td>\n                    <td style=\"\"> Los impuestos y el comercio exterior argentino <\/td>\n                    <td style=\"\"> Alfredo Ricardo Sternberg. 3a.ed.. <\/td>\n                    <td style=\"\"> Aplicaci\u00f3n tributaria <\/td>\n                    <td style=\"\">2007<\/td>\n            <\/tr>\n            <tr id=\"table_1_row_27\">\n                    <td style=\"\">1.419<\/td>\n                    <td style=\"\"> Los impuestos y el comercio exterior argentino <\/td>\n                    <td style=\"\"> Alfredo Ricardo Sternberg. 3a.ed.. <\/td>\n                    <td style=\"\"> Aplicaci\u00f3n tributaria <\/td>\n                    <td style=\"\">2007<\/td>\n            <\/tr>\n            <tr id=\"table_1_row_28\">\n                    <td style=\"\">1.420<\/td>\n                    <td style=\"\"> Los impuestos y el comercio exterior argentino <\/td>\n                    <td style=\"\"> Alfredo Ricardo Sternberg. 3a.ed.. <\/td>\n                    <td style=\"\"> Aplicaci\u00f3n tributaria <\/td>\n                    <td style=\"\">2007<\/td>\n            <\/tr>\n            <tr id=\"table_1_row_29\">\n                    <td style=\"\">1.421<\/td>\n                    <td style=\"\"> Los derechos de aduana <\/td>\n                    <td style=\"\"> Julio Carlos Lascano. 1a.ed.. <\/td>\n                    <td style=\"\"> Osmar D.Buyatti librer\u00eda editorial<\/td>\n                    <td style=\"\">2007<\/td>\n            <\/tr>\n            <tr id=\"table_1_row_30\">\n                    <td style=\"\">1.422<\/td>\n                    <td style=\"\"> Los derechos de aduana <\/td>\n                    <td style=\"\"> Julio Carlos Lascano. 1a.ed.. <\/td>\n                    <td style=\"\"> Osmar D.Buyatti librer\u00eda editorial<\/td>\n                    <td style=\"\">2007<\/td>\n            <\/tr>\n            <tr id=\"table_1_row_31\">\n                    <td style=\"\">1.423<\/td>\n                    <td style=\"\"> Los derechos de aduana <\/td>\n                    <td style=\"\"> Julio Carlos Lascano. 1a.ed.. <\/td>\n                    <td style=\"\"> Osmar D.Buyatti librer\u00eda editorial<\/td>\n                    <td style=\"\">2007<\/td>\n            <\/tr>\n            <tr id=\"table_1_row_32\">\n                    <td style=\"\">1.425<\/td>\n                    <td style=\"\"> Los derechos de aduana <\/td>\n                    <td style=\"\"> Julio Carlos Lascano. 1a.ed.. <\/td>\n                    <td style=\"\"> Osmar D.Buyatti librer\u00eda editorial<\/td>\n                    <td style=\"\">2007<\/td>\n            <\/tr>\n            <tr id=\"table_1_row_33\">\n                    <td style=\"\">1.426<\/td>\n                    <td style=\"\"> El valor en aduana de las mercader\u00edas importadas <\/td>\n                    <td style=\"\"> Julio Carlos Lascano. 2a ed. ampliada y actualizada. <\/td>\n                    <td style=\"\"> Osmar D. Buyatti librer\u00eda editorial<\/td>\n                    <td style=\"\">2007<\/td>\n            <\/tr>\n            <tr id=\"table_1_row_34\">\n                    <td style=\"\">1.427<\/td>\n                    <td style=\"\"> El valor en aduana de las mercader\u00edas importadas <\/td>\n                    <td style=\"\"> Julio Carlos Lascano. 2a ed. ampliada y actualizada. <\/td>\n                    <td style=\"\"> Osmar D. Buyatti librer\u00eda editorial<\/td>\n                    <td style=\"\">2007<\/td>\n            <\/tr>\n            <tr id=\"table_1_row_35\">\n                    <td style=\"\">1.428<\/td>\n                    <td style=\"\"> El valor en aduana de las mercader\u00edas importadas <\/td>\n                    <td style=\"\"> Julio Carlos Lascano. 2a ed. ampliada y actualizada. <\/td>\n                    <td style=\"\"> Osmar D. Buyatti librer\u00eda editorial<\/td>\n                    <td style=\"\">2007<\/td>\n            <\/tr>\n            <tr id=\"table_1_row_36\">\n                    <td style=\"\">1.429<\/td>\n                    <td style=\"\"> El valor en aduana de las mercader\u00edas importadas <\/td>\n                    <td style=\"\"> Julio Carlos Lascano. 2a ed. ampliada y actualizada. <\/td>\n                    <td style=\"\"> Osmar D. Buyatti librer\u00eda editorial<\/td>\n                    <td style=\"\">2007<\/td>\n            <\/tr>\n            <tr id=\"table_1_row_37\">\n                    <td style=\"\">1.430<\/td>\n                    <td style=\"\"> El valor en aduana de las mercader\u00edas importadas <\/td>\n                    <td style=\"\"> Julio Carlos Lascano. 2a ed. ampliada y actualizada. <\/td>\n                    <td style=\"\"> Osmar D. Buyatti librer\u00eda editorial<\/td>\n                    <td style=\"\">2007<\/td>\n            <\/tr>\n            <tr id=\"table_1_row_38\">\n                    <td style=\"\">1.431<\/td>\n                    <td style=\"\"> Consorcios de exportaci\u00f3n <\/td>\n                    <td style=\"\"> Carlos A. Ledesma- Mirta Dom\u00ednguez- Liliana E. Gnazzo- Luis A. Elaskar. 1a.ed.. <\/td>\n                    <td style=\"\"> Osmar D. Buyatti librer\u00eda editorial<\/td>\n                    <td style=\"\">2003<\/td>\n            <\/tr>\n            <tr id=\"table_1_row_39\">\n                    <td style=\"\">1.432<\/td>\n                    <td style=\"\"> Consorcios de exportaci\u00f3n <\/td>\n                    <td style=\"\"> Carlos A. Ledesma- Mirta Dom\u00ednguez- Liliana E. Gnazzo- Luis A. Elaskar. 1a.ed.. <\/td>\n                    <td style=\"\"> Osmar D. Buyatti librer\u00eda editorial<\/td>\n                    <td style=\"\">2003<\/td>\n            <\/tr>\n            <tr id=\"table_1_row_40\">\n                    <td style=\"\">1.433<\/td>\n                    <td style=\"\"> Consorcios de exportaci\u00f3n <\/td>\n                    <td style=\"\"> Carlos A. Ledesma- Mirta Dom\u00ednguez- Liliana E. Gnazzo- Luis A. Elaskar. 1a.ed.. <\/td>\n                    <td style=\"\"> Osmar D. Buyatti librer\u00eda editorial<\/td>\n                    <td style=\"\">2003<\/td>\n            <\/tr>\n            <tr id=\"table_1_row_41\">\n                    <td style=\"\">1.434<\/td>\n                    <td style=\"\"> Consorcios de exportaci\u00f3n <\/td>\n                    <td style=\"\"> Carlos A. Ledesma- Mirta Dom\u00ednguez- Liliana E. Gnazzo- Luis A. Elaskar. 1a.ed.. <\/td>\n                    <td style=\"\"> Osmar D. Buyatti librer\u00eda editorial<\/td>\n                    <td style=\"\">2003<\/td>\n            <\/tr>\n            <tr id=\"table_1_row_42\">\n                    <td style=\"\">1.436<\/td>\n                    <td style=\"\"> Control de gesti\u00f3n <\/td>\n                    <td style=\"\"> Hector C. Ostengo. 1a.ed.. <\/td>\n                    <td style=\"\"> Osmar Buyatti<\/td>\n                    <td style=\"\">2006<\/td>\n            <\/tr>\n            <tr id=\"table_1_row_43\">\n                    <td style=\"\">1.437<\/td>\n                    <td style=\"\"> Control de gesti\u00f3n <\/td>\n                    <td style=\"\"> Hector C. Ostengo. 1a.ed.. <\/td>\n                    <td style=\"\"> Osmar Buyatti<\/td>\n                    <td style=\"\">2006<\/td>\n            <\/tr>\n            <tr id=\"table_1_row_44\">\n                    <td style=\"\">1.438<\/td>\n                    <td style=\"\"> Control de gesti\u00f3n <\/td>\n                    <td style=\"\"> Hector C. Ostengo. 1a.ed.. <\/td>\n                    <td style=\"\"> Osmar Buyatti<\/td>\n                    <td style=\"\">2006<\/td>\n            <\/tr>\n            <tr id=\"table_1_row_45\">\n                    <td style=\"\">1.439<\/td>\n                    <td style=\"\"> Control de gesti\u00f3n <\/td>\n                    <td style=\"\"> Hector C. Ostengo. 1a.ed.. <\/td>\n                    <td style=\"\"> Osmar Buyatti<\/td>\n                    <td style=\"\">2006<\/td>\n            <\/tr>\n            <tr id=\"table_1_row_46\">\n                    <td style=\"\">1.440<\/td>\n                    <td style=\"\"> Control de gesti\u00f3n <\/td>\n                    <td style=\"\"> Hector C. Ostengo. 1a.ed.. <\/td>\n                    <td style=\"\"> Osmar Buyatti<\/td>\n                    <td style=\"\">2006<\/td>\n            <\/tr>\n            <tr id=\"table_1_row_47\">\n                    <td style=\"\">1.441<\/td>\n                    <td style=\"\"> Como operar en el mercosur <\/td>\n                    <td style=\"\"> Victor Hugo Torres. 1a.ed.. <\/td>\n                    <td style=\"\"> Osmar D. Buyatti<\/td>\n                    <td style=\"\">1998<\/td>\n            <\/tr>\n            <tr id=\"table_1_row_48\">\n                    <td style=\"\">1.443<\/td>\n                    <td style=\"\"> Como operar en el mercosur <\/td>\n                    <td style=\"\"> Victor Hugo Torres. 1a.ed.. <\/td>\n                    <td style=\"\"> Osmar D. Buyatti<\/td>\n                    <td style=\"\">1998<\/td>\n            <\/tr>\n            <tr id=\"table_1_row_49\">\n                    <td style=\"\">1.444<\/td>\n                    <td style=\"\"> Como operar en el mercosur <\/td>\n                    <td style=\"\"> Victor Hugo Torres. 1a.ed.. <\/td>\n                    <td style=\"\"> Osmar D. Buyatti<\/td>\n                    <td style=\"\">1998<\/td>\n            <\/tr>\n            <tr id=\"table_1_row_50\">\n                    <td style=\"\">1.445<\/td>\n                    <td style=\"\"> Como operar en el mercosur <\/td>\n                    <td style=\"\"> Victor Hugo Torres. 1a.ed.. <\/td>\n                    <td style=\"\"> Osmar D. Buyatti<\/td>\n                    <td style=\"\">1998<\/td>\n            <\/tr>\n            <tr id=\"table_1_row_51\">\n                    <td style=\"\">1.446<\/td>\n                    <td style=\"\"> Sistemas administrativos y sistemas de informaci\u00f3n <\/td>\n                    <td style=\"\"> Jorge Roberto Volpentesta. 1a.ed.. <\/td>\n                    <td style=\"\"> Osmar Buyatti<\/td>\n                    <td style=\"\">2004<\/td>\n            <\/tr>\n            <tr id=\"table_1_row_52\">\n                    <td style=\"\">1.447<\/td>\n                    <td style=\"\"> Sistemas administrativos y sistemas de informaci\u00f3n <\/td>\n                    <td style=\"\"> Jorge Roberto Volpentesta. 1a.ed.. <\/td>\n                    <td style=\"\"> Osmar Buyatti<\/td>\n                    <td style=\"\">2004<\/td>\n            <\/tr>\n            <tr id=\"table_1_row_53\">\n                    <td style=\"\">1.448<\/td>\n                    <td style=\"\"> Sistemas administrativos y sistemas de informaci\u00f3n <\/td>\n                    <td style=\"\"> Jorge Roberto Volpentesta. 1a.ed.. <\/td>\n                    <td style=\"\"> Osmar Buyatti<\/td>\n                    <td style=\"\">2004<\/td>\n            <\/tr>\n            <tr id=\"table_1_row_54\">\n                    <td style=\"\">1.449<\/td>\n                    <td style=\"\"> Sistemas administrativos y sistemas de informaci\u00f3n <\/td>\n                    <td style=\"\"> Jorge Roberto Volpentesta. 1a.ed.. <\/td>\n                    <td style=\"\"> Osmar Buyatti<\/td>\n                    <td style=\"\">2004<\/td>\n            <\/tr>\n            <tr id=\"table_1_row_55\">\n                    <td style=\"\">1.450<\/td>\n                    <td style=\"\"> Sistemas administrativos y sistemas de informaci\u00f3n <\/td>\n                    <td style=\"\"> Jorge Roberto Volpentesta. 1a.ed.. <\/td>\n                    <td style=\"\"> Osmar Buyatti<\/td>\n                    <td style=\"\">2004<\/td>\n            <\/tr>\n            <tr id=\"table_1_row_56\">\n                    <td style=\"\">1.451<\/td>\n                    <td style=\"\"> Sociedades an\u00e1lisis y practica <\/td>\n                    <td style=\"\"> coordinadores Raquel godoy- Am\u00e9rico Bollati. 5a.ed.. <\/td>\n                    <td style=\"\"> Consultora<\/td>\n                    <td style=\"\">2007<\/td>\n            <\/tr>\n            <tr id=\"table_1_row_57\">\n                    <td style=\"\">1.453<\/td>\n                    <td style=\"\"> Sociedades an\u00e1lisis y practica <\/td>\n                    <td style=\"\"> coordinadores Raquel godoy- Am\u00e9rico Bollati. 5a.ed.. <\/td>\n                    <td style=\"\"> Consultora<\/td>\n                    <td style=\"\">2007<\/td>\n            <\/tr>\n            <tr id=\"table_1_row_58\">\n                    <td style=\"\">1.455<\/td>\n                    <td style=\"\"> Sociedades an\u00e1lisis y practica <\/td>\n                    <td style=\"\"> coordinadores Raquel godoy- Am\u00e9rico Bollati. 5a.ed.. <\/td>\n                    <td style=\"\"> Consultora<\/td>\n                    <td style=\"\">2007<\/td>\n            <\/tr>\n            <tr id=\"table_1_row_59\">\n                    <td style=\"\">1.457<\/td>\n                    <td style=\"\"> Sociedades  an\u00e1lisis y practica <\/td>\n                    <td style=\"\"> Cordinadores Juan C. Nahas- Marcos Damilano- Cecilia Mart\u00ednez. 3a ed.actualizada. <\/td>\n                    <td style=\"\"> Consultora<\/td>\n                    <td style=\"\">2005<\/td>\n            <\/tr>\n            <tr id=\"table_1_row_60\">\n                    <td style=\"\">1.458<\/td>\n                    <td style=\"\"> Sociedades  an\u00e1lisis y practica <\/td>\n                    <td style=\"\"> Cordinadores Juan C. Nahas- Marcos Damilano- Cecilia Mart\u00ednez. 3a ed.actualizada. <\/td>\n                    <td style=\"\"> Consultora<\/td>\n                    <td style=\"\">2005<\/td>\n            <\/tr>\n            <tr id=\"table_1_row_61\">\n                    <td style=\"\">1.459<\/td>\n                    <td style=\"\"> Sociedades  an\u00e1lisis y practica <\/td>\n                    <td style=\"\"> Cordinadores Juan C. Nahas- Marcos Damilano- Cecilia Mart\u00ednez. 3a ed.actualizada. <\/td>\n                    <td style=\"\"> Consultora<\/td>\n                    <td style=\"\">2005<\/td>\n            <\/tr>\n            <tr id=\"table_1_row_62\">\n                    <td style=\"\">1.460<\/td>\n                    <td style=\"\"> Sociedades  an\u00e1lisis y practica <\/td>\n                    <td style=\"\"> Cordinadores Juan C. Nahas- Marcos Damilano- Cecilia Mart\u00ednez. 3a ed.actualizada. <\/td>\n                    <td style=\"\"> Consultora<\/td>\n                    <td style=\"\">2005<\/td>\n            <\/tr>\n            <tr id=\"table_1_row_63\">\n                    <td style=\"\">1.462<\/td>\n                    <td style=\"\"> Sociedades  an\u00e1lisis y practica <\/td>\n                    <td style=\"\"> Coordinadoras Lorena Cordero- Sandra Cicarelli- Gabriela Spertino. 3a.ed.. <\/td>\n                    <td style=\"\"> Consultora<\/td>\n                    <td style=\"\">2007<\/td>\n            <\/tr>\n            <tr id=\"table_1_row_64\">\n                    <td style=\"\">1.463<\/td>\n                    <td style=\"\"> Sociedades  an\u00e1lisis y practica <\/td>\n                    <td style=\"\"> Coordinadoras Lorena Cordero- Sandra Cicarelli- Gabriela Spertino. 3a.ed.. <\/td>\n                    <td style=\"\"> Consultora<\/td>\n                    <td style=\"\">2007<\/td>\n            <\/tr>\n            <tr id=\"table_1_row_65\">\n                    <td style=\"\">1.464<\/td>\n                    <td style=\"\"> Sociedades  an\u00e1lisis y practica <\/td>\n                    <td style=\"\"> Coordinadoras Lorena Cordero- Sandra Cicarelli- Gabriela Spertino. 3a.ed.. <\/td>\n                    <td style=\"\"> Consultora<\/td>\n                    <td style=\"\">2007<\/td>\n            <\/tr>\n            <tr id=\"table_1_row_66\">\n                    <td style=\"\">1.466<\/td>\n                    <td style=\"\"> Sociedades  an\u00e1lisis y practica <\/td>\n                    <td style=\"\"> coordinadora Silvana Toundaian. 7a.ed.. <\/td>\n                    <td style=\"\"> Consultora<\/td>\n                    <td style=\"\">2009<\/td>\n            <\/tr>\n            <tr id=\"table_1_row_67\">\n                    <td style=\"\">1.467<\/td>\n                    <td style=\"\"> Facturaci\u00f3n y registraci\u00f3n <\/td>\n                    <td style=\"\"> M. Josefina Bavera- Gustavo I. Frankel- Carlos F. Vanney. 3a.ed.. <\/td>\n                    <td style=\"\"> Errepar<\/td>\n                    <td style=\"\">2005<\/td>\n            <\/tr>\n            <tr id=\"table_1_row_68\">\n                    <td style=\"\">1.468<\/td>\n                    <td style=\"\"> Facturaci\u00f3n y registraci\u00f3n <\/td>\n                    <td style=\"\"> M. Josefina Bavera- Gustavo I. Frankel- Carlos F. Vanney. 3a.ed.. <\/td>\n                    <td style=\"\"> Errepar<\/td>\n                    <td style=\"\">2005<\/td>\n            <\/tr>\n            <tr id=\"table_1_row_69\">\n                    <td style=\"\">1.469<\/td>\n                    <td style=\"\"> Facturaci\u00f3n y registraci\u00f3n <\/td>\n                    <td style=\"\"> M. Josefina Bavera- Gustavo I. Frankel- Carlos F. Vanney. 3a.ed.. <\/td>\n                    <td style=\"\"> Errepar<\/td>\n                    <td style=\"\">2005<\/td>\n            <\/tr>\n            <tr id=\"table_1_row_70\">\n                    <td style=\"\">1.470<\/td>\n                    <td style=\"\"> Facturaci\u00f3n y registraci\u00f3n <\/td>\n                    <td style=\"\"> M. Josefina Bavera- Gustavo I. Frankel- Carlos F. Vanney. 3a.ed.. <\/td>\n                    <td style=\"\"> Errepar<\/td>\n                    <td style=\"\">2005<\/td>\n            <\/tr>\n            <tr id=\"table_1_row_71\">\n                    <td style=\"\">1.471<\/td>\n                    <td style=\"\"> Facturaci\u00f3n y registraci\u00f3n <\/td>\n                    <td style=\"\"> M. Josefina Bavera- Gustavo I. Frankel- Carlos F. Vanney. 3a.ed.. <\/td>\n                    <td style=\"\"> Errepar<\/td>\n                    <td style=\"\">2005<\/td>\n            <\/tr>\n            <tr id=\"table_1_row_72\">\n                    <td style=\"\">1.472<\/td>\n                    <td style=\"\"> Aspectos aduaneros  tributarios y cambiarios del comercio exterior <\/td>\n                    <td style=\"\"> Mario J. Bibiloni. 2a.ed.. <\/td>\n                    <td style=\"\"> Errepar<\/td>\n                    <td style=\"\">2006<\/td>\n            <\/tr>\n            <tr id=\"table_1_row_73\">\n                    <td style=\"\">1.473<\/td>\n                    <td style=\"\"> Aspectos aduaneros  tributarios y cambiarios del comercio exterior <\/td>\n                    <td style=\"\"> Mario J. Bibiloni. 2a.ed.. <\/td>\n                    <td style=\"\"> Errepar<\/td>\n                    <td style=\"\">2006<\/td>\n            <\/tr>\n            <tr id=\"table_1_row_74\">\n                    <td style=\"\">1.482<\/td>\n                    <td style=\"\"> Principios b\u00e1sicos de la imposici\u00f3n en sede aduanera <\/td>\n                    <td style=\"\"> Mario Jorge Bibiloni. 2a. <\/td>\n                    <td style=\"\"> Errepar<\/td>\n                    <td style=\"\">2008<\/td>\n            <\/tr>\n            <tr id=\"table_1_row_75\">\n                    <td style=\"\">1.483<\/td>\n                    <td style=\"\"> Principios b\u00e1sicos de la imposici\u00f3n en sede aduanera <\/td>\n                    <td style=\"\"> Mario Jorge Bibiloni. 2a. <\/td>\n                    <td style=\"\"> Errepar<\/td>\n                    <td style=\"\">2008<\/td>\n            <\/tr>\n            <tr id=\"table_1_row_76\">\n                    <td style=\"\">1.484<\/td>\n                    <td style=\"\"> Principios b\u00e1sicos de la imposici\u00f3n en sede aduanera <\/td>\n                    <td style=\"\"> Mario Jorge Bibiloni. 2a. <\/td>\n                    <td style=\"\"> Errepar<\/td>\n                    <td style=\"\">2008<\/td>\n            <\/tr>\n            <tr id=\"table_1_row_77\">\n                    <td style=\"\">1.485<\/td>\n                    <td style=\"\"> Principios b\u00e1sicos de la imposici\u00f3n en sede aduanera <\/td>\n                    <td style=\"\"> Mario Jorge Bibiloni. 2a. <\/td>\n                    <td style=\"\"> Errepar<\/td>\n                    <td style=\"\">2008<\/td>\n            <\/tr>\n            <tr id=\"table_1_row_78\">\n                    <td style=\"\">1.486<\/td>\n                    <td style=\"\"> Principios b\u00e1sicos de la imposici\u00f3n en sede aduanera <\/td>\n                    <td style=\"\"> Mario Jorge Bibiloni. 2a. <\/td>\n                    <td style=\"\"> Errepar<\/td>\n                    <td style=\"\">2008<\/td>\n            <\/tr>\n            <tr id=\"table_1_row_79\">\n                    <td style=\"\">1.487<\/td>\n                    <td style=\"\"> Principios b\u00e1sicos de la imposici\u00f3n en sede aduanera <\/td>\n                    <td style=\"\"> Mario Jorge Bibiloni. 2a. <\/td>\n                    <td style=\"\"> Errepar<\/td>\n                    <td style=\"\">2008<\/td>\n            <\/tr>\n            <tr id=\"table_1_row_80\">\n                    <td style=\"\">1.488<\/td>\n                    <td style=\"\"> Principios b\u00e1sicos de la imposici\u00f3n en sede aduanera <\/td>\n                    <td style=\"\"> Mario Jorge Bibiloni. 2a. <\/td>\n                    <td style=\"\"> Errepar<\/td>\n                    <td style=\"\">2008<\/td>\n            <\/tr>\n            <tr id=\"table_1_row_81\">\n                    <td style=\"\">1.489<\/td>\n                    <td style=\"\"> Principios b\u00e1sicos de la imposici\u00f3n en sede aduanera <\/td>\n                    <td style=\"\"> Mario Jorge Bibiloni. 2a. <\/td>\n                    <td style=\"\"> Errepar<\/td>\n                    <td style=\"\">2008<\/td>\n            <\/tr>\n            <tr id=\"table_1_row_82\">\n                    <td style=\"\">1.490<\/td>\n                    <td style=\"\"> Principios b\u00e1sicos de la imposici\u00f3n en sede aduanera <\/td>\n                    <td style=\"\"> Mario Jorge Bibiloni. 2a. <\/td>\n                    <td style=\"\"> Errepar<\/td>\n                    <td style=\"\">2008<\/td>\n            <\/tr>\n            <tr id=\"table_1_row_83\">\n                    <td style=\"\">1.491<\/td>\n                    <td style=\"\"> Principios b\u00e1sicos de la imposici\u00f3n en sede aduanera <\/td>\n                    <td style=\"\"> Mario Jorge Bibiloni. 2a. <\/td>\n                    <td style=\"\"> Errepar<\/td>\n                    <td style=\"\">2008<\/td>\n            <\/tr>\n            <tr id=\"table_1_row_84\">\n                    <td style=\"\">1.492<\/td>\n                    <td style=\"\"> Estados contables <\/td>\n                    <td style=\"\"> Mario Biondi -  colaboradora Rosa Teresa Colamussi. 4a.ed.. <\/td>\n                    <td style=\"\"> Errepar<\/td>\n                    <td style=\"\">2006<\/td>\n            <\/tr>\n            <tr id=\"table_1_row_85\">\n                    <td style=\"\">1.493<\/td>\n                    <td style=\"\"> Estados contables <\/td>\n                    <td style=\"\"> Mario Biondi -  colaboradora Rosa Teresa Colamussi. 4a.ed.. <\/td>\n                    <td style=\"\"> Errepar<\/td>\n                    <td style=\"\">2006<\/td>\n            <\/tr>\n            <tr id=\"table_1_row_86\">\n                    <td style=\"\">1.494<\/td>\n                    <td style=\"\"> Estados contables <\/td>\n                    <td style=\"\"> Mario Biondi -  colaboradora Rosa Teresa Colamussi. 4a.ed.. <\/td>\n                    <td style=\"\"> Errepar<\/td>\n                    <td style=\"\">2006<\/td>\n            <\/tr>\n            <tr id=\"table_1_row_87\">\n                    <td style=\"\">1.495<\/td>\n                    <td style=\"\"> Estados contables <\/td>\n                    <td style=\"\"> Mario Biondi -  colaboradora Rosa Teresa Colamussi. 4a.ed.. <\/td>\n                    <td style=\"\"> Errepar<\/td>\n                    <td style=\"\">2006<\/td>\n            <\/tr>\n            <tr id=\"table_1_row_88\">\n                    <td style=\"\">1.496<\/td>\n                    <td style=\"\"> Estados contables <\/td>\n                    <td style=\"\"> Mario Biondi -  colaboradora Rosa Teresa Colamussi. 4a.ed.. <\/td>\n                    <td style=\"\"> Errepar<\/td>\n                    <td style=\"\">2006<\/td>\n            <\/tr>\n            <tr id=\"table_1_row_89\">\n                    <td style=\"\">1.497<\/td>\n                    <td style=\"\"> Estados contables <\/td>\n                    <td style=\"\"> Mario Biondi -  colaboradora Rosa Teresa Colamussi. 4a.ed.. <\/td>\n                    <td style=\"\"> Errepar<\/td>\n                    <td style=\"\">2006<\/td>\n            <\/tr>\n            <tr id=\"table_1_row_90\">\n                    <td style=\"\">1.498<\/td>\n                    <td style=\"\"> Estados contables <\/td>\n                    <td style=\"\"> Mario Biondi -  colaboradora Rosa Teresa Colamussi. 4a.ed.. <\/td>\n                    <td style=\"\"> Errepar<\/td>\n                    <td style=\"\">2006<\/td>\n            <\/tr>\n            <tr id=\"table_1_row_91\">\n                    <td style=\"\">1.499<\/td>\n                    <td style=\"\"> Estados contables <\/td>\n                    <td style=\"\"> Mario Biondi -  colaboradora Rosa Teresa Colamussi. 4a.ed.. <\/td>\n                    <td style=\"\"> Errepar<\/td>\n                    <td style=\"\">2006<\/td>\n            <\/tr>\n            <tr id=\"table_1_row_92\">\n                    <td style=\"\">1.500<\/td>\n                    <td style=\"\"> Estados contables <\/td>\n                    <td style=\"\"> Mario Biondi -  colaboradora Rosa Teresa Colamussi. 4a.ed.. <\/td>\n                    <td style=\"\"> Errepar<\/td>\n                    <td style=\"\">2006<\/td>\n            <\/tr>\n            <tr id=\"table_1_row_93\">\n                    <td style=\"\">1.501<\/td>\n                    <td style=\"\"> Estados contables <\/td>\n                    <td style=\"\"> Mario Biondi -  colaboradora Rosa Teresa Colamussi. 4a.ed.. <\/td>\n                    <td style=\"\"> Errepar<\/td>\n                    <td style=\"\">2006<\/td>\n            <\/tr>\n            <tr id=\"table_1_row_94\">\n                    <td style=\"\">1.502<\/td>\n                    <td style=\"\"> Combinaciones de negocios <\/td>\n                    <td style=\"\"> Mario Biondi; colaboradores Rosa Teresa Colamussi- Mario Biondi (h). 3a.ed.. <\/td>\n                    <td style=\"\"> Errepar<\/td>\n                    <td style=\"\">2006<\/td>\n            <\/tr>\n            <tr id=\"table_1_row_95\">\n                    <td style=\"\">1.503<\/td>\n                    <td style=\"\"> Combinaciones de negocios <\/td>\n                    <td style=\"\"> Mario Biondi; colaboradores Rosa Teresa Colamussi- Mario Biondi (h). 3a.ed.. <\/td>\n                    <td style=\"\"> Errepar<\/td>\n                    <td style=\"\">2006<\/td>\n            <\/tr>\n            <tr id=\"table_1_row_96\">\n                    <td style=\"\">1.504<\/td>\n                    <td style=\"\"> Combinaciones de negocios <\/td>\n                    <td style=\"\"> Mario Biondi; colaboradores Rosa Teresa Colamussi- Mario Biondi (h). 3a.ed.. <\/td>\n                    <td style=\"\"> Errepar<\/td>\n                    <td style=\"\">2006<\/td>\n            <\/tr>\n            <tr id=\"table_1_row_97\">\n                    <td style=\"\">1.505<\/td>\n                    <td style=\"\"> Combinaciones de negocios <\/td>\n                    <td style=\"\"> Mario Biondi; colaboradores Rosa Teresa Colamussi- Mario Biondi (h). 3a.ed.. <\/td>\n                    <td style=\"\"> Errepar<\/td>\n                    <td style=\"\">2006<\/td>\n            <\/tr>\n            <tr id=\"table_1_row_98\">\n                    <td style=\"\">1.506<\/td>\n                    <td style=\"\"> Combinaciones de negocios <\/td>\n                    <td style=\"\"> Mario Biondi; colaboradores Rosa Teresa Colamussi- Mario Biondi (h). 3a.ed.. <\/td>\n                    <td style=\"\"> Errepar<\/td>\n                    <td style=\"\">2006<\/td>\n            <\/tr>\n            <tr id=\"table_1_row_99\">\n                    <td style=\"\">1.507<\/td>\n                    <td style=\"\"> Manual de derecho laboral para empresas <\/td>\n                    <td style=\"\"> Juli\u00e1n A. de Diego. 3a.ed.. <\/td>\n                    <td style=\"\"> Errepar<\/td>\n                    <td style=\"\">2008<\/td>\n            <\/tr>\n            <tr id=\"table_1_row_100\">\n                    <td style=\"\">1.508<\/td>\n                    <td style=\"\"> Manual de derecho laboral para empresas <\/td>\n                    <td style=\"\"> Juli\u00e1n A. de Diego. 3a.ed.. <\/td>\n                    <td style=\"\"> Errepar<\/td>\n                    <td style=\"\">2008<\/td>\n            <\/tr>\n            <tr id=\"table_1_row_101\">\n                    <td style=\"\">1.509<\/td>\n                    <td style=\"\"> Manual de derecho laboral para empresas <\/td>\n                    <td style=\"\"> Juli\u00e1n A. de Diego. 3a.ed.. <\/td>\n                    <td style=\"\"> Errepar<\/td>\n                    <td style=\"\">2008<\/td>\n            <\/tr>\n            <tr id=\"table_1_row_102\">\n                    <td style=\"\">1.512<\/td>\n                    <td style=\"\"> Impuesto al valor agregado <\/td>\n                    <td style=\"\"> Director Ernesto Carlos Celdeiro; colaboradores Juan Jos\u00e9 Imirizaldu- Marisa Oberkersch. 2a.ed.. <\/td>\n                    <td style=\"\"> Errepar<\/td>\n                    <td style=\"\">2009<\/td>\n            <\/tr>\n            <tr id=\"table_1_row_103\">\n                    <td style=\"\">1.513<\/td>\n                    <td style=\"\"> Impuesto al valor agregado <\/td>\n                    <td style=\"\"> Director Ernesto Carlos Celdeiro; colaboradores Juan Jos\u00e9 Imirizaldu- Marisa Oberkersch. 2a.ed.. <\/td>\n                    <td style=\"\"> Errepar<\/td>\n                    <td style=\"\">2009<\/td>\n            <\/tr>\n            <tr id=\"table_1_row_104\">\n                    <td style=\"\">1.515<\/td>\n                    <td style=\"\"> Impuesto al valor agregado <\/td>\n                    <td style=\"\"> Director Ernesto Carlos Celdeiro; colaboradores Juan Jos\u00e9 Imirizaldu- Marisa Oberkersch. 2a.ed.. <\/td>\n                    <td style=\"\"> Errepar<\/td>\n                    <td style=\"\">2009<\/td>\n            <\/tr>\n            <tr id=\"table_1_row_105\">\n                    <td style=\"\">1.516<\/td>\n                    <td style=\"\"> Impuesto al valor agregado <\/td>\n                    <td style=\"\"> Director Ernesto Carlos Celdeiro; colaboradores Juan Jos\u00e9 Imirizaldu- Marisa Oberkersch. 2a.ed.. <\/td>\n                    <td style=\"\"> Errepar<\/td>\n                    <td style=\"\">2009<\/td>\n            <\/tr>\n            <tr id=\"table_1_row_106\">\n                    <td style=\"\">1.517<\/td>\n                    <td style=\"\"> Impuesto al valor agregado <\/td>\n                    <td style=\"\"> Director Ernesto Carlos Celdeiro; colaboradores Juan Jos\u00e9 Imirizaldu- Marisa Oberkersch. 2a.ed.. <\/td>\n                    <td style=\"\"> Errepar<\/td>\n                    <td style=\"\">2009<\/td>\n            <\/tr>\n            <tr id=\"table_1_row_107\">\n                    <td style=\"\">1.518<\/td>\n                    <td style=\"\"> Impuesto al valor agregado <\/td>\n                    <td style=\"\"> Director Ernesto Carlos Celdeiro; colaboradores Juan Jos\u00e9 Imirizaldu- Marisa Oberkersch. 2a.ed.. <\/td>\n                    <td style=\"\"> Errepar<\/td>\n                    <td style=\"\">2009<\/td>\n            <\/tr>\n            <tr id=\"table_1_row_108\">\n                    <td style=\"\">1.519<\/td>\n                    <td style=\"\"> Impuesto al valor agregado <\/td>\n                    <td style=\"\"> Director Ernesto Carlos Celdeiro; colaboradores Juan Jos\u00e9 Imirizaldu- Marisa Oberkersch. 2a.ed.. <\/td>\n                    <td style=\"\"> Errepar<\/td>\n                    <td style=\"\">2009<\/td>\n            <\/tr>\n            <tr id=\"table_1_row_109\">\n                    <td style=\"\">1.520<\/td>\n                    <td style=\"\"> Impuesto al valor agregado <\/td>\n                    <td style=\"\"> Director Ernesto Carlos Celdeiro; colaboradores Juan Jos\u00e9 Imirizaldu- Marisa Oberkersch. 2a.ed.. <\/td>\n                    <td style=\"\"> Errepar<\/td>\n                    <td style=\"\">2009<\/td>\n            <\/tr>\n            <tr id=\"table_1_row_110\">\n                    <td style=\"\">1.521<\/td>\n                    <td style=\"\"> Impuesto al valor agregado <\/td>\n                    <td style=\"\"> Director Ernesto Carlos Celdeiro; colaboradores Juan Jos\u00e9 Imirizaldu- Marisa Oberkersch. 2a.ed.. <\/td>\n                    <td style=\"\"> Errepar<\/td>\n                    <td style=\"\">2009<\/td>\n            <\/tr>\n            <tr id=\"table_1_row_111\">\n                    <td style=\"\">1.522<\/td>\n                    <td style=\"\"> Impuesto a las ganancias <\/td>\n                    <td style=\"\"> Director Ernesto Carlos Celdeiro; colaboradores Juan Jos\u00e9 Imirizaldu- Marisa Oberkersch. 2a.ed.. <\/td>\n                    <td style=\"\"> Errepar<\/td>\n                    <td style=\"\">2009<\/td>\n            <\/tr>\n            <tr id=\"table_1_row_112\">\n                    <td style=\"\">1.523<\/td>\n                    <td style=\"\"> Impuesto a las ganancias <\/td>\n                    <td style=\"\"> Director Ernesto Carlos Celdeiro; colaboradores Juan Jos\u00e9 Imirizaldu- Marisa Oberkersch. 2a.ed.. <\/td>\n                    <td style=\"\"> Errepar<\/td>\n                    <td style=\"\">2009<\/td>\n            <\/tr>\n            <tr id=\"table_1_row_113\">\n                    <td style=\"\">1.524<\/td>\n                    <td style=\"\"> Impuesto a las ganancias <\/td>\n                    <td style=\"\"> Director Ernesto Carlos Celdeiro; colaboradores Juan Jos\u00e9 Imirizaldu- Marisa Oberkersch. 2a.ed.. <\/td>\n                    <td style=\"\"> Errepar<\/td>\n                    <td style=\"\">2009<\/td>\n            <\/tr>\n            <tr id=\"table_1_row_114\">\n                    <td style=\"\">1.525<\/td>\n                    <td style=\"\"> Impuesto a las ganancias <\/td>\n                    <td style=\"\"> Director Ernesto Carlos Celdeiro; colaboradores Juan Jos\u00e9 Imirizaldu- Marisa Oberkersch. 2a.ed.. <\/td>\n                    <td style=\"\"> Errepar<\/td>\n                    <td style=\"\">2009<\/td>\n            <\/tr>\n            <tr id=\"table_1_row_115\">\n                    <td style=\"\">1.526<\/td>\n                    <td style=\"\"> Impuesto a las ganancias <\/td>\n                    <td style=\"\"> Director Ernesto Carlos Celdeiro; colaboradores Juan Jos\u00e9 Imirizaldu- Marisa Oberkersch. 2a.ed.. <\/td>\n                    <td style=\"\"> Errepar<\/td>\n                    <td style=\"\">2009<\/td>\n            <\/tr>\n            <tr id=\"table_1_row_116\">\n                    <td style=\"\">1.527<\/td>\n                    <td style=\"\"> Impuesto a las ganancias <\/td>\n                    <td style=\"\"> Director Ernesto Carlos Celdeiro; colaboradores Juan Jos\u00e9 Imirizaldu- Marisa Oberkersch. 2a.ed.. <\/td>\n                    <td style=\"\"> Errepar<\/td>\n                    <td style=\"\">2009<\/td>\n            <\/tr>\n            <tr id=\"table_1_row_117\">\n                    <td style=\"\">1.528<\/td>\n                    <td style=\"\"> Impuesto a las ganancias <\/td>\n                    <td style=\"\"> Director Ernesto Carlos Celdeiro; colaboradores Juan Jos\u00e9 Imirizaldu- Marisa Oberkersch. 2a.ed.. <\/td>\n                    <td style=\"\"> Errepar<\/td>\n                    <td style=\"\">2009<\/td>\n            <\/tr>\n            <tr id=\"table_1_row_118\">\n                    <td style=\"\">1.529<\/td>\n                    <td style=\"\"> Impuesto a las ganancias <\/td>\n                    <td style=\"\"> Director Ernesto Carlos Celdeiro; colaboradores Juan Jos\u00e9 Imirizaldu- Marisa Oberkersch. 2a.ed.. <\/td>\n                    <td style=\"\"> Errepar<\/td>\n                    <td style=\"\">2009<\/td>\n            <\/tr>\n            <tr id=\"table_1_row_119\">\n                    <td style=\"\">1.530<\/td>\n                    <td style=\"\"> Impuesto a las ganancias <\/td>\n                    <td style=\"\"> Director Ernesto Carlos Celdeiro; colaboradores Juan Jos\u00e9 Imirizaldu- Marisa Oberkersch. 2a.ed.. <\/td>\n                    <td style=\"\"> Errepar<\/td>\n                    <td style=\"\">2009<\/td>\n            <\/tr>\n            <tr id=\"table_1_row_120\">\n                    <td style=\"\">1.531<\/td>\n                    <td style=\"\"> Impuesto a las ganancias <\/td>\n                    <td style=\"\"> Director Ernesto Carlos Celdeiro; colaboradores Juan Jos\u00e9 Imirizaldu- Marisa Oberkersch. 2a.ed.. <\/td>\n                    <td style=\"\"> Errepar<\/td>\n                    <td style=\"\">2009<\/td>\n            <\/tr>\n            <tr id=\"table_1_row_121\">\n                    <td style=\"\">1.548<\/td>\n                    <td style=\"\"> Sociedades an\u00f3nimas <\/td>\n                    <td style=\"\"> Marcelo L. Perciavalle- Jose Luis Sirena.. 2a ed.. <\/td>\n                    <td style=\"\"> Errepar<\/td>\n                    <td style=\"\">2008<\/td>\n            <\/tr>\n            <tr id=\"table_1_row_122\">\n                    <td style=\"\">1.549<\/td>\n                    <td style=\"\"> Sociedades an\u00f3nimas <\/td>\n                    <td style=\"\"> Marcelo L. Perciavalle- Jose Luis Sirena.. 2a ed.. <\/td>\n                    <td style=\"\"> Errepar<\/td>\n                    <td style=\"\">2008<\/td>\n            <\/tr>\n            <tr id=\"table_1_row_123\">\n                    <td style=\"\">1.550<\/td>\n                    <td style=\"\"> Sociedades an\u00f3nimas <\/td>\n                    <td style=\"\"> Marcelo L. Perciavalle- Jose Luis Sirena.. 2a ed.. <\/td>\n                    <td style=\"\"> Errepar<\/td>\n                    <td style=\"\">2008<\/td>\n            <\/tr>\n            <tr id=\"table_1_row_124\">\n                    <td style=\"\">1.551<\/td>\n                    <td style=\"\"> Sociedades an\u00f3nimas <\/td>\n                    <td style=\"\"> Marcelo L. Perciavalle- Jose Luis Sirena.. 2a ed.. <\/td>\n                    <td style=\"\"> Errepar<\/td>\n                    <td style=\"\">2008<\/td>\n            <\/tr>\n            <tr id=\"table_1_row_125\">\n                    <td style=\"\">1.555<\/td>\n                    <td style=\"\"> R\u00e9gimen de contrato de trabajo. 1a.ed.. <\/td>\n                    <td style=\"\">-<\/td>\n                    <td style=\"\"> Errepar<\/td>\n                    <td style=\"\">2009<\/td>\n            <\/tr>\n            <tr id=\"table_1_row_126\">\n                    <td style=\"\">1.556<\/td>\n                    <td style=\"\"> R\u00e9gimen de contrato de trabajo. 1a.ed.. <\/td>\n                    <td style=\"\">-<\/td>\n                    <td style=\"\"> Errepar<\/td>\n                    <td style=\"\">2009<\/td>\n            <\/tr>\n            <tr id=\"table_1_row_127\">\n                    <td style=\"\">1.557<\/td>\n                    <td style=\"\"> R\u00e9gimen de contrato de trabajo. 1a.ed.. <\/td>\n                    <td style=\"\">-<\/td>\n                    <td style=\"\"> Errepar<\/td>\n                    <td style=\"\">2009<\/td>\n            <\/tr>\n            <tr id=\"table_1_row_128\">\n                    <td style=\"\">1.558<\/td>\n                    <td style=\"\"> R\u00e9gimen de contrato de trabajo. 1a.ed.. <\/td>\n                    <td style=\"\">-<\/td>\n                    <td style=\"\"> Errepar<\/td>\n                    <td style=\"\">2009<\/td>\n            <\/tr>\n            <tr id=\"table_1_row_129\">\n                    <td style=\"\">1.560<\/td>\n                    <td style=\"\"> R\u00e9gimen de contrato de trabajo. 1a.ed.. <\/td>\n                    <td style=\"\">-<\/td>\n                    <td style=\"\"> Errepar<\/td>\n                    <td style=\"\">2009<\/td>\n            <\/tr>\n            <tr id=\"table_1_row_130\">\n                    <td style=\"\">1.561<\/td>\n                    <td style=\"\"> R\u00e9gimen de contrato de trabajo. 1a.ed.. <\/td>\n                    <td style=\"\">-<\/td>\n                    <td style=\"\"> Errepar<\/td>\n                    <td style=\"\">2009<\/td>\n            <\/tr>\n            <tr id=\"table_1_row_131\">\n                    <td style=\"\">1.562<\/td>\n                    <td style=\"\"> R\u00e9gimen de contrato de trabajo. 1a.ed.. <\/td>\n                    <td style=\"\">-<\/td>\n                    <td style=\"\"> Errepar<\/td>\n                    <td style=\"\">2009<\/td>\n            <\/tr>\n            <tr id=\"table_1_row_132\">\n                    <td style=\"\">1.563<\/td>\n                    <td style=\"\"> R\u00e9gimen de contrato de trabajo. 1a.ed.. <\/td>\n                    <td style=\"\">-<\/td>\n                    <td style=\"\"> Errepar<\/td>\n                    <td style=\"\">2009<\/td>\n            <\/tr>\n            <tr id=\"table_1_row_133\">\n                    <td style=\"\">1.564<\/td>\n                    <td style=\"\"> R\u00e9gimen de contrato de trabajo. 1a.ed.. <\/td>\n                    <td style=\"\">-<\/td>\n                    <td style=\"\"> Errepar<\/td>\n                    <td style=\"\">2009<\/td>\n            <\/tr>\n            <tr id=\"table_1_row_134\">\n                    <td style=\"\">1.566<\/td>\n                    <td style=\"\"> Higiene y seguridad en el trabajo <\/td>\n                    <td style=\"\"> Com. Ricardo Parada- Jose Daniel Errecaborde- Francisco R. Ca\u00f1ada. 1a ed. 1a reimp. . <\/td>\n                    <td style=\"\"> Errepar<\/td>\n                    <td style=\"\">2009<\/td>\n            <\/tr>\n            <tr id=\"table_1_row_135\">\n                    <td style=\"\">1.566<\/td>\n                    <td style=\"\"> Higiene y seguridad en el trabajo <\/td>\n                    <td style=\"\"> Com. Ricardo Parada- Jose Daniel Errecaborde- Francisco R. Ca\u00f1ada. 1a ed. 1a reimp. . <\/td>\n                    <td style=\"\"> Errepar<\/td>\n                    <td style=\"\">2009<\/td>\n            <\/tr>\n            <tr id=\"table_1_row_136\">\n                    <td style=\"\">1.567<\/td>\n                    <td style=\"\"> Higiene y seguridad en el trabajo <\/td>\n                    <td style=\"\"> Com. Ricardo Parada- Jose Daniel Errecaborde- Francisco R. Ca\u00f1ada. 1a ed. 1a reimp. . <\/td>\n                    <td style=\"\"> Errepar<\/td>\n                    <td style=\"\">2009<\/td>\n            <\/tr>\n            <tr id=\"table_1_row_137\">\n                    <td style=\"\">1.568<\/td>\n                    <td style=\"\"> Higiene y seguridad en el trabajo <\/td>\n                    <td style=\"\"> Com. Ricardo Parada- Jose Daniel Errecaborde- Francisco R. Ca\u00f1ada. 1a ed. 1a reimp. . <\/td>\n                    <td style=\"\"> Errepar<\/td>\n                    <td style=\"\">2009<\/td>\n            <\/tr>\n            <tr id=\"table_1_row_138\">\n                    <td style=\"\">1.570<\/td>\n                    <td style=\"\"> Leyes laborales y previsionales <\/td>\n                    <td style=\"\"> Jose D. Errecaborde - Francisco R. Ca\u00f1ada. 8a.ed.. <\/td>\n                    <td style=\"\"> Errepar<\/td>\n                    <td style=\"\">2009<\/td>\n            <\/tr>\n            <tr id=\"table_1_row_139\">\n                    <td style=\"\">1.571<\/td>\n                    <td style=\"\"> Leyes laborales y previsionales <\/td>\n                    <td style=\"\"> Jose D. Errecaborde - Francisco R. Ca\u00f1ada. 8a.ed.. <\/td>\n                    <td style=\"\"> Errepar<\/td>\n                    <td style=\"\">2009<\/td>\n            <\/tr>\n            <tr id=\"table_1_row_140\">\n                    <td style=\"\">1.572<\/td>\n                    <td style=\"\"> Leyes laborales y previsionales <\/td>\n                    <td style=\"\"> Jose D. Errecaborde - Francisco R. Ca\u00f1ada. 8a.ed.. <\/td>\n                    <td style=\"\"> Errepar<\/td>\n                    <td style=\"\">2009<\/td>\n            <\/tr>\n            <tr id=\"table_1_row_141\">\n                    <td style=\"\">1.573<\/td>\n                    <td style=\"\"> Leyes laborales y previsionales <\/td>\n                    <td style=\"\"> Jose D. Errecaborde - Francisco R. Ca\u00f1ada. 8a.ed.. <\/td>\n                    <td style=\"\"> Errepar<\/td>\n                    <td style=\"\">2009<\/td>\n            <\/tr>\n            <tr id=\"table_1_row_142\">\n                    <td style=\"\">1.574<\/td>\n                    <td style=\"\"> Leyes laborales y previsionales <\/td>\n                    <td style=\"\"> Jose D. Errecaborde - Francisco R. Ca\u00f1ada. 8a.ed.. <\/td>\n                    <td style=\"\"> Errepar<\/td>\n                    <td style=\"\">2009<\/td>\n            <\/tr>\n            <tr id=\"table_1_row_143\">\n                    <td style=\"\">1.575<\/td>\n                    <td style=\"\"> Leyes laborales y previsionales <\/td>\n                    <td style=\"\"> Jose D. Errecaborde - Francisco R. Ca\u00f1ada. 8a.ed.. <\/td>\n                    <td style=\"\"> Errepar<\/td>\n                    <td style=\"\">2009<\/td>\n            <\/tr>\n            <tr id=\"table_1_row_144\">\n                    <td style=\"\">1.576<\/td>\n                    <td style=\"\"> Leyes laborales y previsionales <\/td>\n                    <td style=\"\"> Jose D. Errecaborde - Francisco R. Ca\u00f1ada. 8a.ed.. <\/td>\n                    <td style=\"\"> Errepar<\/td>\n                    <td style=\"\">2009<\/td>\n            <\/tr>\n            <tr id=\"table_1_row_145\">\n                    <td style=\"\">1.577<\/td>\n                    <td style=\"\"> Leyes laborales y previsionales <\/td>\n                    <td style=\"\"> Jose D. Errecaborde - Francisco R. Ca\u00f1ada. 8a.ed.. <\/td>\n                    <td style=\"\"> Errepar<\/td>\n                    <td style=\"\">2009<\/td>\n            <\/tr>\n            <tr id=\"table_1_row_146\">\n                    <td style=\"\">1.578<\/td>\n                    <td style=\"\"> Leyes laborales y previsionales <\/td>\n                    <td style=\"\"> Jose D. Errecaborde - Francisco R. Ca\u00f1ada. 8a.ed.. <\/td>\n                    <td style=\"\"> Errepar<\/td>\n                    <td style=\"\">2009<\/td>\n            <\/tr>\n            <tr id=\"table_1_row_147\">\n                    <td style=\"\">1.579<\/td>\n                    <td style=\"\"> Leyes laborales y previsionales <\/td>\n                    <td style=\"\"> Jose D. Errecaborde - Francisco R. Ca\u00f1ada. 8a.ed.. <\/td>\n                    <td style=\"\"> Errepar<\/td>\n                    <td style=\"\">2009<\/td>\n            <\/tr>\n            <tr id=\"table_1_row_148\">\n                    <td style=\"\">1.580<\/td>\n                    <td style=\"\"> Leyes laborales y previsionales <\/td>\n                    <td style=\"\"> Jose D. Errecaborde - Francisco R. Ca\u00f1ada. 8a.ed.. <\/td>\n                    <td style=\"\"> Errepar<\/td>\n                    <td style=\"\">2009<\/td>\n            <\/tr>\n            <tr id=\"table_1_row_149\">\n                    <td style=\"\">1.582<\/td>\n                    <td style=\"\"> Leyes laborales y previsionales <\/td>\n                    <td style=\"\"> Jose D. Errecaborde - Francisco R. Ca\u00f1ada. 8a.ed.. <\/td>\n                    <td style=\"\"> Errepar<\/td>\n                    <td style=\"\">2009<\/td>\n            <\/tr>\n            <tr id=\"table_1_row_150\">\n                    <td style=\"\">1.584<\/td>\n                    <td style=\"\"> Leyes laborales y previsionales <\/td>\n                    <td style=\"\"> Jose D. Errecaborde - Francisco R. Ca\u00f1ada. 8a.ed.. <\/td>\n                    <td style=\"\"> Errepar<\/td>\n                    <td style=\"\">2009<\/td>\n            <\/tr>\n            <tr id=\"table_1_row_151\">\n                    <td style=\"\">1.585<\/td>\n                    <td style=\"\"> Remuneraciones e indemnizaciones <\/td>\n                    <td style=\"\"> Jos\u00e9 Luis Sirena- Lorena F. De Luca. 9a.ed.. <\/td>\n                    <td style=\"\"> Errepar<\/td>\n                    <td style=\"\">2009<\/td>\n            <\/tr>\n            <tr id=\"table_1_row_152\">\n                    <td style=\"\">1.586<\/td>\n                    <td style=\"\"> Remuneraciones e indemnizaciones <\/td>\n                    <td style=\"\"> Jos\u00e9 Luis Sirena- Lorena F. De Luca. 9a.ed.. <\/td>\n                    <td style=\"\"> Errepar<\/td>\n                    <td style=\"\">2009<\/td>\n            <\/tr>\n            <tr id=\"table_1_row_153\">\n                    <td style=\"\">1.587<\/td>\n                    <td style=\"\"> Remuneraciones e indemnizaciones <\/td>\n                    <td style=\"\"> Jos\u00e9 Luis Sirena- Lorena F. De Luca. 9a.ed.. <\/td>\n                    <td style=\"\"> Errepar<\/td>\n                    <td style=\"\">2009<\/td>\n            <\/tr>\n            <tr id=\"table_1_row_154\">\n                    <td style=\"\">1.589<\/td>\n                    <td style=\"\"> Remuneraciones e indemnizaciones <\/td>\n                    <td style=\"\"> Jos\u00e9 Luis Sirena- Lorena F. De Luca. 9a.ed.. <\/td>\n                    <td style=\"\"> Errepar<\/td>\n                    <td style=\"\">2009<\/td>\n            <\/tr>\n            <tr id=\"table_1_row_155\">\n                    <td style=\"\">1.590<\/td>\n                    <td style=\"\"> Remuneraciones e indemnizaciones <\/td>\n                    <td style=\"\"> Jos\u00e9 Luis Sirena- Lorena F. De Luca. 9a.ed.. <\/td>\n                    <td style=\"\"> Errepar<\/td>\n                    <td style=\"\">2009<\/td>\n            <\/tr>\n            <tr id=\"table_1_row_156\">\n                    <td style=\"\">1.591<\/td>\n                    <td style=\"\"> Remuneraciones e indemnizaciones <\/td>\n                    <td style=\"\"> Jos\u00e9 Luis Sirena- Lorena F. De Luca. 9a.ed.. <\/td>\n                    <td style=\"\"> Errepar<\/td>\n                    <td style=\"\">2009<\/td>\n            <\/tr>\n            <tr id=\"table_1_row_157\">\n                    <td style=\"\">1.592<\/td>\n                    <td style=\"\"> Remuneraciones e indemnizaciones <\/td>\n                    <td style=\"\"> Jos\u00e9 Luis Sirena- Lorena F. De Luca. 9a.ed.. <\/td>\n                    <td style=\"\"> Errepar<\/td>\n                    <td style=\"\">2009<\/td>\n            <\/tr>\n            <tr id=\"table_1_row_158\">\n                    <td style=\"\">1.595<\/td>\n                    <td style=\"\"> Sociedad de responsabilidad limitada <\/td>\n                    <td style=\"\"> colaboracion de Jose Luis Sirena. 2a.ed.. <\/td>\n                    <td style=\"\"> Errepar<\/td>\n                    <td style=\"\">2007<\/td>\n            <\/tr>\n            <tr id=\"table_1_row_159\">\n                    <td style=\"\">1.596<\/td>\n                    <td style=\"\"> Sociedad de responsabilidad limitada <\/td>\n                    <td style=\"\"> colaboracion de Jose Luis Sirena. 2a.ed.. <\/td>\n                    <td style=\"\"> Errepar<\/td>\n                    <td style=\"\">2007<\/td>\n            <\/tr>\n            <tr id=\"table_1_row_160\">\n                    <td style=\"\">1.597<\/td>\n                    <td style=\"\"> Sociedad de responsabilidad limitada <\/td>\n                    <td style=\"\"> colaboracion de Jose Luis Sirena. 2a.ed.. <\/td>\n                    <td style=\"\"> Errepar<\/td>\n                    <td style=\"\">2007<\/td>\n            <\/tr>\n            <tr id=\"table_1_row_161\">\n                    <td style=\"\">1.598<\/td>\n                    <td style=\"\"> Sociedad de responsabilidad limitada <\/td>\n                    <td style=\"\"> colaboracion de Jose Luis Sirena. 2a.ed.. <\/td>\n                    <td style=\"\"> Errepar<\/td>\n                    <td style=\"\">2007<\/td>\n            <\/tr>\n            <tr id=\"table_1_row_162\">\n                    <td style=\"\">1.599<\/td>\n                    <td style=\"\"> Sociedad de responsabilidad limitada <\/td>\n                    <td style=\"\"> colaboracion de Jose Luis Sirena. 2a.ed.. <\/td>\n                    <td style=\"\"> Errepar<\/td>\n                    <td style=\"\">2007<\/td>\n            <\/tr>\n            <tr id=\"table_1_row_163\">\n                    <td style=\"\">1.605<\/td>\n                    <td style=\"\"> Contabilidad <\/td>\n                    <td style=\"\"> V\u00edctor Alberto Varas. 2a ed.. <\/td>\n                    <td style=\"\"> Errepar<\/td>\n                    <td style=\"\">2006<\/td>\n            <\/tr>\n            <tr id=\"table_1_row_164\">\n                    <td style=\"\">1.610<\/td>\n                    <td style=\"\"> Los intangibles y la contabilidad <\/td>\n                    <td style=\"\"> Roberto V\u00e1zquez- Claudia A. Bongianino de Salgado. 1a.ed.. <\/td>\n                    <td style=\"\"> Errepar<\/td>\n                    <td style=\"\">2005<\/td>\n            <\/tr>\n            <tr id=\"table_1_row_165\">\n                    <td style=\"\">1.611<\/td>\n                    <td style=\"\"> Los intangibles y la contabilidad <\/td>\n                    <td style=\"\"> Roberto V\u00e1zquez- Claudia A. Bongianino de Salgado. 1a.ed.. <\/td>\n                    <td style=\"\"> Errepar<\/td>\n                    <td style=\"\">2005<\/td>\n            <\/tr>\n            <tr id=\"table_1_row_166\">\n                    <td style=\"\">1.612<\/td>\n                    <td style=\"\"> Los intangibles y la contabilidad <\/td>\n                    <td style=\"\"> Roberto V\u00e1zquez- Claudia A. Bongianino de Salgado. 1a.ed.. <\/td>\n                    <td style=\"\"> Errepar<\/td>\n                    <td style=\"\">2005<\/td>\n            <\/tr>\n            <tr id=\"table_1_row_167\">\n                    <td style=\"\">1.613<\/td>\n                    <td style=\"\"> Los intangibles y la contabilidad <\/td>\n                    <td style=\"\"> Roberto V\u00e1zquez- Claudia A. Bongianino de Salgado. 1a.ed.. <\/td>\n                    <td style=\"\"> Errepar<\/td>\n                    <td style=\"\">2005<\/td>\n            <\/tr>\n            <tr id=\"table_1_row_168\">\n                    <td style=\"\">1.614<\/td>\n                    <td style=\"\"> Los intangibles y la contabilidad <\/td>\n                    <td style=\"\"> Roberto V\u00e1zquez- Claudia A. Bongianino de Salgado. 1a.ed.. <\/td>\n                    <td style=\"\"> Errepar<\/td>\n                    <td style=\"\">2005<\/td>\n            <\/tr>\n            <tr id=\"table_1_row_169\">\n                    <td style=\"\">1.615<\/td>\n                    <td style=\"\"> Como exportar e importar <\/td>\n                    <td style=\"\"> Aldo Fratalocchi. 3a.ed.. <\/td>\n                    <td style=\"\"> Errepar<\/td>\n                    <td style=\"\">2008<\/td>\n            <\/tr>\n            <tr id=\"table_1_row_170\">\n                    <td style=\"\">1.616<\/td>\n                    <td style=\"\"> Como exportar e importar <\/td>\n                    <td style=\"\"> Aldo Fratalocchi. 3a.ed.. <\/td>\n                    <td style=\"\"> Errepar<\/td>\n                    <td style=\"\">2008<\/td>\n            <\/tr>\n            <tr id=\"table_1_row_171\">\n                    <td style=\"\">1.618<\/td>\n                    <td style=\"\"> Como exportar e importar <\/td>\n                    <td style=\"\"> Aldo Fratalocchi. 3a.ed.. <\/td>\n                    <td style=\"\"> Errepar<\/td>\n                    <td style=\"\">2008<\/td>\n            <\/tr>\n            <tr id=\"table_1_row_172\">\n                    <td style=\"\">1.619<\/td>\n                    <td style=\"\"> Como exportar e importar <\/td>\n                    <td style=\"\"> Aldo Fratalocchi. 3a.ed.. <\/td>\n                    <td style=\"\"> Errepar<\/td>\n                    <td style=\"\">2008<\/td>\n            <\/tr>\n            <tr id=\"table_1_row_173\">\n                    <td style=\"\">1.620<\/td>\n                    <td style=\"\"> Leyes de contrato de trabajo e indemnizatorias anotadas con jurisprudencia <\/td>\n                    <td style=\"\"> Marcelo L.Perciavalle. 1a ed.. <\/td>\n                    <td style=\"\"> Errepar<\/td>\n                    <td style=\"\">2004<\/td>\n            <\/tr>\n            <tr id=\"table_1_row_174\">\n                    <td style=\"\">1.622<\/td>\n                    <td style=\"\"> Administraci\u00f3n <\/td>\n                    <td style=\"\"> Hector F. Alvarez. 2a.ed.corregida. <\/td>\n                    <td style=\"\"> Eudecor<\/td>\n                    <td style=\"\">2007<\/td>\n            <\/tr>\n            <tr id=\"table_1_row_175\">\n                    <td style=\"\">1.624<\/td>\n                    <td style=\"\"> Administraci\u00f3n <\/td>\n                    <td style=\"\"> Hector F. Alvarez. 2a.ed.corregida. <\/td>\n                    <td style=\"\"> Eudecor<\/td>\n                    <td style=\"\">2007<\/td>\n            <\/tr>\n            <tr id=\"table_1_row_176\">\n                    <td style=\"\">1.625<\/td>\n                    <td style=\"\"> Administraci\u00f3n <\/td>\n                    <td style=\"\"> Hector F. Alvarez. 2a.ed.corregida. <\/td>\n                    <td style=\"\"> Eudecor<\/td>\n                    <td style=\"\">2007<\/td>\n            <\/tr>\n            <tr id=\"table_1_row_177\">\n                    <td style=\"\">1.627<\/td>\n                    <td style=\"\"> Sistema de informaci\u00f3n contable b\u00e1sica <\/td>\n                    <td style=\"\"> Hugo C. Priotto. 3a ed.. <\/td>\n                    <td style=\"\"> Eudecor<\/td>\n                    <td style=\"\">2004<\/td>\n            <\/tr>\n            <tr id=\"table_1_row_178\">\n                    <td style=\"\">1.628<\/td>\n                    <td style=\"\"> Sistema de informaci\u00f3n contable b\u00e1sica <\/td>\n                    <td style=\"\"> Hugo C. Priotto. 3a ed.. <\/td>\n                    <td style=\"\"> Eudecor<\/td>\n                    <td style=\"\">2004<\/td>\n            <\/tr>\n            <tr id=\"table_1_row_179\">\n                    <td style=\"\">1.629<\/td>\n                    <td style=\"\"> Sistema de informaci\u00f3n contable b\u00e1sica <\/td>\n                    <td style=\"\"> Hugo C. Priotto. 3a ed.. <\/td>\n                    <td style=\"\"> Eudecor<\/td>\n                    <td style=\"\">2004<\/td>\n            <\/tr>\n            <tr id=\"table_1_row_180\">\n                    <td style=\"\">1.630<\/td>\n                    <td style=\"\"> Sistema de informaci\u00f3n contable b\u00e1sica <\/td>\n                    <td style=\"\"> Hugo C. Priotto. 3a ed.. <\/td>\n                    <td style=\"\"> Eudecor<\/td>\n                    <td style=\"\">2004<\/td>\n            <\/tr>\n            <tr id=\"table_1_row_181\">\n                    <td style=\"\">1.631<\/td>\n                    <td style=\"\"> Sistema de informaci\u00f3n contable b\u00e1sica <\/td>\n                    <td style=\"\"> Hugo C. Priotto. 3a ed.. <\/td>\n                    <td style=\"\"> Eudecor<\/td>\n                    <td style=\"\">2004<\/td>\n            <\/tr>\n            <tr id=\"table_1_row_182\">\n                    <td style=\"\">1.637<\/td>\n                    <td style=\"\"> Aspectos pr\u00e1cticos de liquidaci\u00f3n de sueldos y jornales 2006 utilizando microsoft excel <\/td>\n                    <td style=\"\">  Horacio Oscar Albano - Juan Martin Carratal\u00e1...[et.al.]. 1a ed. 2a reimp.. <\/td>\n                    <td style=\"\"> Omicron System<\/td>\n                    <td style=\"\">2007<\/td>\n            <\/tr>\n            <tr id=\"table_1_row_183\">\n                    <td style=\"\">1.638<\/td>\n                    <td style=\"\"> Aspectos pr\u00e1cticos de liquidaci\u00f3n de sueldos y jornales 2006 utilizando microsoft excel <\/td>\n                    <td style=\"\">  Horacio Oscar Albano - Juan Martin Carratal\u00e1...[et.al.]. 1a ed. 2a reimp.. <\/td>\n                    <td style=\"\"> Omicron System<\/td>\n                    <td style=\"\">2007<\/td>\n            <\/tr>\n            <tr id=\"table_1_row_184\">\n                    <td style=\"\">1.639<\/td>\n                    <td style=\"\"> Aspectos pr\u00e1cticos de liquidaci\u00f3n de sueldos y jornales 2006 utilizando microsoft excel <\/td>\n                    <td style=\"\">  Horacio Oscar Albano - Juan Martin Carratal\u00e1...[et.al.]. 1a ed. 2a reimp.. <\/td>\n                    <td style=\"\"> Omicron System<\/td>\n                    <td style=\"\">2007<\/td>\n            <\/tr>\n            <tr id=\"table_1_row_185\">\n                    <td style=\"\">1.640<\/td>\n                    <td style=\"\"> Aspectos pr\u00e1cticos de liquidaci\u00f3n de sueldos y jornales 2006 utilizando microsoft excel <\/td>\n                    <td style=\"\">  Horacio Oscar Albano - Juan Martin Carratal\u00e1...[et.al.]. 1a ed. 2a reimp.. <\/td>\n                    <td style=\"\"> Omicron System<\/td>\n                    <td style=\"\">2007<\/td>\n            <\/tr>\n            <tr id=\"table_1_row_186\">\n                    <td style=\"\">1.641<\/td>\n                    <td style=\"\"> Aspectos pr\u00e1cticos de liquidaci\u00f3n de sueldos y jornales 2006 utilizando microsoft excel <\/td>\n                    <td style=\"\">  Horacio Oscar Albano - Juan Martin Carratal\u00e1...[et.al.]. 1a ed. 2a reimp.. <\/td>\n                    <td style=\"\"> Omicron System<\/td>\n                    <td style=\"\">2007<\/td>\n            <\/tr>\n            <tr id=\"table_1_row_187\">\n                    <td style=\"\">1.643<\/td>\n                    <td style=\"\"> Aspectos pr\u00e1cticos de liquidaci\u00f3n de sueldos y jornales 2006 utilizando microsoft excel <\/td>\n                    <td style=\"\">  Horacio Oscar Albano - Juan Martin Carratal\u00e1...[et.al.]. 1a ed. 2a reimp.. <\/td>\n                    <td style=\"\"> Omicron System<\/td>\n                    <td style=\"\">2007<\/td>\n            <\/tr>\n            <tr id=\"table_1_row_188\">\n                    <td style=\"\">1.644<\/td>\n                    <td style=\"\"> Aspectos pr\u00e1cticos de liquidaci\u00f3n de sueldos y jornales 2006 utilizando microsoft excel <\/td>\n                    <td style=\"\">  Horacio Oscar Albano - Juan Martin Carratal\u00e1...[et.al.]. 1a ed. 2a reimp.. <\/td>\n                    <td style=\"\"> Omicron System<\/td>\n                    <td style=\"\">2007<\/td>\n            <\/tr>\n            <tr id=\"table_1_row_189\">\n                    <td style=\"\">1.645<\/td>\n                    <td style=\"\"> Aspectos pr\u00e1cticos de liquidaci\u00f3n de sueldos y jornales 2006 utilizando microsoft excel <\/td>\n                    <td style=\"\">  Horacio Oscar Albano - Juan Martin Carratal\u00e1...[et.al.]. 1a ed. 2a reimp.. <\/td>\n                    <td style=\"\"> Omicron System<\/td>\n                    <td style=\"\">2007<\/td>\n            <\/tr>\n            <tr id=\"table_1_row_190\">\n                    <td style=\"\">1.648<\/td>\n                    <td style=\"\"> Administraci\u00f3n de peque\u00f1as empresas <\/td>\n                    <td style=\"\"> Longenecker Justin G...[et.al.]. 13a. ed.. <\/td>\n                    <td style=\"\"> Thomson Cengage learning<\/td>\n                    <td style=\"\">2008<\/td>\n            <\/tr>\n            <tr id=\"table_1_row_191\">\n                    <td style=\"\">1.650<\/td>\n                    <td style=\"\"> Administraci\u00f3n de peque\u00f1as empresas <\/td>\n                    <td style=\"\"> Longenecker Justin G...[et.al.]. 13a. ed.. <\/td>\n                    <td style=\"\"> Thomson Cengage learning<\/td>\n                    <td style=\"\">2008<\/td>\n            <\/tr>\n            <tr id=\"table_1_row_192\">\n                    <td style=\"\">1.651<\/td>\n                    <td style=\"\"> Administraci\u00f3n de peque\u00f1as empresas <\/td>\n                    <td style=\"\"> Longenecker Justin G...[et.al.]. 13a. ed.. <\/td>\n                    <td style=\"\"> Thomson Cengage learning<\/td>\n                    <td style=\"\">2008<\/td>\n            <\/tr>\n            <tr id=\"table_1_row_193\">\n                    <td style=\"\">1.654<\/td>\n                    <td style=\"\"> Herramientas de gesti\u00f3n del capital humano con Microsoft office <\/td>\n                    <td style=\"\"> Horacio Gaito. 1a ed.. <\/td>\n                    <td style=\"\"> Omicron System<\/td>\n                    <td style=\"\">2004<\/td>\n            <\/tr>\n            <tr id=\"table_1_row_194\">\n                    <td style=\"\">1.657<\/td>\n                    <td style=\"\"> Microsoft excel para pymes <\/td>\n                    <td style=\"\"> Garcia Fronti Matias \u2013 Santiago H. Belliaqua. 2a ed. actualizada y ampliada.. <\/td>\n                    <td style=\"\"> Omicron Editorial<\/td>\n                    <td style=\"\">2008<\/td>\n            <\/tr>\n            <tr id=\"table_1_row_195\">\n                    <td style=\"\">1.658<\/td>\n                    <td style=\"\"> Microsoft excel para pymes <\/td>\n                    <td style=\"\"> Garcia Fronti Matias \u2013 Santiago H. Belliaqua. 2a ed. actualizada y ampliada.. <\/td>\n                    <td style=\"\"> Omicron Editorial<\/td>\n                    <td style=\"\">2008<\/td>\n            <\/tr>\n            <tr id=\"table_1_row_196\">\n                    <td style=\"\">1.660<\/td>\n                    <td style=\"\"> Microsoft excel para pymes <\/td>\n                    <td style=\"\"> Garcia Fronti Matias \u2013 Santiago H. Belliaqua. 2a ed. actualizada y ampliada.. <\/td>\n                    <td style=\"\"> Omicron Editorial<\/td>\n                    <td style=\"\">2008<\/td>\n            <\/tr>\n            <tr id=\"table_1_row_197\">\n                    <td style=\"\">1.661<\/td>\n                    <td style=\"\"> Microsoft excel para pymes <\/td>\n                    <td style=\"\"> Garcia Fronti Matias \u2013 Santiago H. Belliaqua. 2a ed. actualizada y ampliada.. <\/td>\n                    <td style=\"\"> Omicron Editorial<\/td>\n                    <td style=\"\">2008<\/td>\n            <\/tr>\n            <tr id=\"table_1_row_198\">\n                    <td style=\"\">1.662<\/td>\n                    <td style=\"\"> Ventas y marketing utilizando microsoft excel <\/td>\n                    <td style=\"\"> Mariano H. Sabatino - Matias S. Garcia Fronti - Alejandro A. Pazos. 2a.ed. actualizada y ampliada. <\/td>\n                    <td style=\"\"> Omicron Editorial <\/td>\n                    <td style=\"\">2007<\/td>\n            <\/tr>\n            <tr id=\"table_1_row_199\">\n                    <td style=\"\">1.663<\/td>\n                    <td style=\"\"> Ventas y marketing utilizando microsoft excel <\/td>\n                    <td style=\"\"> Mariano H. Sabatino - Matias S. Garcia Fronti - Alejandro A. Pazos. 2a.ed. actualizada y ampliada. <\/td>\n                    <td style=\"\"> Omicron Editorial <\/td>\n                    <td style=\"\">2007<\/td>\n            <\/tr>\n            <tr id=\"table_1_row_200\">\n                    <td style=\"\">1.666<\/td>\n                    <td style=\"\"> Ventas y marketing utilizando microsoft excel <\/td>\n                    <td style=\"\"> Mariano H. Sabatino - Matias S. Garcia Fronti - Alejandro A. Pazos. 2a.ed. actualizada y ampliada. <\/td>\n                    <td style=\"\"> Omicron Editorial <\/td>\n                    <td style=\"\">2007<\/td>\n            <\/tr>\n            <tr id=\"table_1_row_201\">\n                    <td style=\"\">1.667<\/td>\n                    <td style=\"\"> Ventas y marketing utilizando microsoft excel <\/td>\n                    <td style=\"\"> Mariano H. Sabatino - Matias S. Garcia Fronti - Alejandro A. Pazos. 2a.ed. actualizada y ampliada. <\/td>\n                    <td style=\"\"> Omicron Editorial <\/td>\n                    <td style=\"\">2007<\/td>\n            <\/tr>\n            <tr id=\"table_1_row_202\">\n                    <td style=\"\">1.668<\/td>\n                    <td style=\"\"> Ventas y marketing utilizando microsoft excel <\/td>\n                    <td style=\"\"> Mariano H. Sabatino - Matias S. Garcia Fronti - Alejandro A. Pazos. 2a.ed. actualizada y ampliada. <\/td>\n                    <td style=\"\"> Omicron Editorial <\/td>\n                    <td style=\"\">2007<\/td>\n            <\/tr>\n            <tr id=\"table_1_row_203\">\n                    <td style=\"\">1.669<\/td>\n                    <td style=\"\"> Ventas y marketing utilizando microsoft excel <\/td>\n                    <td style=\"\"> Mariano H. Sabatino - Matias S. Garcia Fronti - Alejandro A. Pazos. 2a.ed. actualizada y ampliada. <\/td>\n                    <td style=\"\"> Omicron Editorial <\/td>\n                    <td style=\"\">2007<\/td>\n            <\/tr>\n            <tr id=\"table_1_row_204\">\n                    <td style=\"\">1.670<\/td>\n                    <td style=\"\"> Ventas y marketing utilizando microsoft excel <\/td>\n                    <td style=\"\"> Mariano H. Sabatino - Matias S. Garcia Fronti - Alejandro A. Pazos. 2a.ed. actualizada y ampliada. <\/td>\n                    <td style=\"\"> Omicron Editorial <\/td>\n                    <td style=\"\">2007<\/td>\n            <\/tr>\n            <tr id=\"table_1_row_205\">\n                    <td style=\"\">1.671<\/td>\n                    <td style=\"\"> Ventas y marketing utilizando microsoft excel <\/td>\n                    <td style=\"\"> Mariano H. Sabatino - Matias S. Garcia Fronti - Alejandro A. Pazos. 2a.ed. actualizada y ampliada. <\/td>\n                    <td style=\"\"> Omicron Editorial <\/td>\n                    <td style=\"\">2007<\/td>\n            <\/tr>\n            <tr id=\"table_1_row_206\">\n                    <td style=\"\">1.673<\/td>\n                    <td style=\"\"> Marketing <\/td>\n                    <td style=\"\"> Philip Kotler - Gary Armstrong. 11a. ed.. <\/td>\n                    <td style=\"\"> Pearson Educacion <\/td>\n                    <td style=\"\">2007<\/td>\n            <\/tr>\n            <tr id=\"table_1_row_207\">\n                    <td style=\"\">1.674<\/td>\n                    <td style=\"\"> Marketing <\/td>\n                    <td style=\"\"> Philip Kotler - Gary Armstrong. 11a. ed.. <\/td>\n                    <td style=\"\"> Pearson Educacion <\/td>\n                    <td style=\"\">2007<\/td>\n            <\/tr>\n            <tr id=\"table_1_row_208\">\n                    <td style=\"\">1.675<\/td>\n                    <td style=\"\"> Marketing <\/td>\n                    <td style=\"\"> Philip Kotler - Gary Armstrong. 11a. ed.. <\/td>\n                    <td style=\"\"> Pearson Educacion <\/td>\n                    <td style=\"\">2007<\/td>\n            <\/tr>\n            <tr id=\"table_1_row_209\">\n                    <td style=\"\">1.676<\/td>\n                    <td style=\"\"> Marketing <\/td>\n                    <td style=\"\"> Philip Kotler - Gary Armstrong. 11a. ed.. <\/td>\n                    <td style=\"\"> Pearson Educacion <\/td>\n                    <td style=\"\">2007<\/td>\n            <\/tr>\n            <tr id=\"table_1_row_210\">\n                    <td style=\"\">1.678<\/td>\n                    <td style=\"\"> Administraci\u00f3n de la empresa con microft excel <\/td>\n                    <td style=\"\"> Juan Martin Carratala...[et.al.]. 1a.ed. 3a.reimp.. <\/td>\n                    <td style=\"\"> Omicron Editorial<\/td>\n                    <td style=\"\">2008<\/td>\n            <\/tr>\n            <tr id=\"table_1_row_211\">\n                    <td style=\"\">1.679<\/td>\n                    <td style=\"\"> Administraci\u00f3n de la empresa con microft excel <\/td>\n                    <td style=\"\"> Juan Martin Carratala...[et.al.]. 1a.ed. 3a.reimp.. <\/td>\n                    <td style=\"\"> Omicron Editorial<\/td>\n                    <td style=\"\">2008<\/td>\n            <\/tr>\n            <tr id=\"table_1_row_212\">\n                    <td style=\"\">1.680<\/td>\n                    <td style=\"\"> Administraci\u00f3n de la empresa con microft excel <\/td>\n                    <td style=\"\"> Juan Martin Carratala...[et.al.]. 1a.ed. 3a.reimp.. <\/td>\n                    <td style=\"\"> Omicron Editorial<\/td>\n                    <td style=\"\">2008<\/td>\n            <\/tr>\n            <tr id=\"table_1_row_213\">\n                    <td style=\"\">1.681<\/td>\n                    <td style=\"\"> Administraci\u00f3n de la empresa con microft excel <\/td>\n                    <td style=\"\"> Juan Martin Carratala...[et.al.]. 1a.ed. 3a.reimp.. <\/td>\n                    <td style=\"\"> Omicron Editorial<\/td>\n                    <td style=\"\">2008<\/td>\n            <\/tr>\n            <tr id=\"table_1_row_214\">\n                    <td style=\"\">1.683<\/td>\n                    <td style=\"\"> Como dirigir una PYME <\/td>\n                    <td style=\"\"> Daniel Jorge. 1a ed. mayo 2002 2a.ed.mayo 2007. <\/td>\n                    <td style=\"\"> Valletta Ediciones<\/td>\n                    <td style=\"\">2007<\/td>\n            <\/tr>\n            <tr id=\"table_1_row_215\">\n                    <td style=\"\">1.686<\/td>\n                    <td style=\"\"> Enciclopedia visual de anatom\u00eda  cuerpo humano  vida y salud <\/td>\n                    <td style=\"\"> Director Carlos Campos Salva. 1a ed. . <\/td>\n                    <td style=\"\"> Visor<\/td>\n                    <td style=\"\">2012<\/td>\n            <\/tr>\n            <tr id=\"table_1_row_216\">\n                    <td style=\"\">1.687<\/td>\n                    <td style=\"\"> Administraci\u00f3n de recursos humanos utilizando microsoft access y microsoft excel <\/td>\n                    <td style=\"\"> Horacio Gaito - Ines M. Garcia Fronti - Javier I. Garcia Fronti. 3a ed.. <\/td>\n                    <td style=\"\"> Omicron System<\/td>\n                    <td style=\"\">2007<\/td>\n            <\/tr>\n            <tr id=\"table_1_row_217\">\n                    <td style=\"\">1.689<\/td>\n                    <td style=\"\"> Administraci\u00f3n de recursos humanos utilizando microsoft access y microsoft excel <\/td>\n                    <td style=\"\"> Horacio Gaito - Ines M. Garcia Fronti - Javier I. Garcia Fronti. 3a ed.. <\/td>\n                    <td style=\"\"> Omicron System<\/td>\n                    <td style=\"\">2007<\/td>\n            <\/tr>\n            <tr id=\"table_1_row_218\">\n                    <td style=\"\">1.690<\/td>\n                    <td style=\"\"> Administraci\u00f3n de recursos humanos utilizando microsoft access y microsoft excel <\/td>\n                    <td style=\"\"> Horacio Gaito - Ines M. Garcia Fronti - Javier I. Garcia Fronti. 3a ed.. <\/td>\n                    <td style=\"\"> Omicron System<\/td>\n                    <td style=\"\">2007<\/td>\n            <\/tr>\n            <tr id=\"table_1_row_219\">\n                    <td style=\"\">1.692<\/td>\n                    <td style=\"\"> Diccionario aduanero <\/td>\n                    <td style=\"\"> Jorge L. Tosi. 1a.ed.. <\/td>\n                    <td style=\"\"> Valletta Ediciones<\/td>\n                    <td style=\"\">2006<\/td>\n            <\/tr>\n            <tr id=\"table_1_row_220\">\n                    <td style=\"\">1.693<\/td>\n                    <td style=\"\"> Diccionario aduanero <\/td>\n                    <td style=\"\"> Jorge L. Tosi. 1a.ed.. <\/td>\n                    <td style=\"\"> Valletta Ediciones<\/td>\n                    <td style=\"\">2006<\/td>\n            <\/tr>\n            <tr id=\"table_1_row_221\">\n                    <td style=\"\">1.694<\/td>\n                    <td style=\"\"> Diccionario aduanero <\/td>\n                    <td style=\"\"> Jorge L. Tosi. 1a.ed.. <\/td>\n                    <td style=\"\"> Valletta Ediciones<\/td>\n                    <td style=\"\">2006<\/td>\n            <\/tr>\n            <tr id=\"table_1_row_222\">\n                    <td style=\"\">1.695<\/td>\n                    <td style=\"\"> Diccionario aduanero <\/td>\n                    <td style=\"\"> Jorge L. Tosi. 1a.ed.. <\/td>\n                    <td style=\"\"> Valletta Ediciones<\/td>\n                    <td style=\"\">2006<\/td>\n            <\/tr>\n            <tr id=\"table_1_row_223\">\n                    <td style=\"\">1.696<\/td>\n                    <td style=\"\"> Diccionario aduanero <\/td>\n                    <td style=\"\"> Jorge L. Tosi. 1a.ed.. <\/td>\n                    <td style=\"\"> Valletta Ediciones<\/td>\n                    <td style=\"\">2006<\/td>\n            <\/tr>\n            <tr id=\"table_1_row_224\">\n                    <td style=\"\">1.735<\/td>\n                    <td style=\"\"> Principios de bioqu\u00edmica <\/td>\n                    <td style=\"\"> H. Robert Horton - Laurence A. Moran - K.Gray Scrimgeour - Marc D. Perry - J. David Rawn. 4a ed.. <\/td>\n                    <td style=\"\"> Pearson educaci\u00f3n<\/td>\n                    <td style=\"\">2008<\/td>\n            <\/tr>\n            <tr id=\"table_1_row_225\">\n                    <td style=\"\">1.750<\/td>\n                    <td style=\"\"> Vida <\/td>\n                    <td style=\"\"> David Sadava - H. Caaig Heller - Gordon H. Orians - William H. Purves - David M. Hillis - 8a ed.. <\/td>\n                    <td style=\"\"> Medica panamericana<\/td>\n                    <td style=\"\">2009<\/td>\n            <\/tr>\n            <tr id=\"table_1_row_226\">\n                    <td style=\"\">1.753<\/td>\n                    <td style=\"\"> Invitaci\u00f3n a la biolog\u00eda <\/td>\n                    <td style=\"\"> Helena Curtis - N.Sue Barnes - Adriana Schnek - Graciela Flores. 6a ed. en espa\u00f1ol. <\/td>\n                    <td style=\"\"> M\u00e9dica panamericana<\/td>\n                    <td style=\"\">2006<\/td>\n            <\/tr>\n            <tr id=\"table_1_row_227\">\n                    <td style=\"\">1.768<\/td>\n                    <td style=\"\"> El nuevo escenario laboral latinoamericano <\/td>\n                    <td style=\"\"> Jurgen Weller. 1a ed.. <\/td>\n                    <td style=\"\"> Siglo veintiuno editores<\/td>\n                    <td style=\"\">2009<\/td>\n            <\/tr>\n            <tr id=\"table_1_row_228\">\n                    <td style=\"\">1.769<\/td>\n                    <td style=\"\"> El nuevo escenario laboral latinoamericano <\/td>\n                    <td style=\"\"> Jurgen Weller. 1a ed.. <\/td>\n                    <td style=\"\"> Siglo veintiuno editores<\/td>\n                    <td style=\"\">2009<\/td>\n            <\/tr>\n            <tr id=\"table_1_row_229\">\n                    <td style=\"\">1.770<\/td>\n                    <td style=\"\"> El nuevo escenario laboral latinoamericano <\/td>\n                    <td style=\"\"> Jurgen Weller. 1a ed.. <\/td>\n                    <td style=\"\"> Siglo veintiuno editores<\/td>\n                    <td style=\"\">2009<\/td>\n            <\/tr>\n            <tr id=\"table_1_row_230\">\n                    <td style=\"\">1.771<\/td>\n                    <td style=\"\"> El nuevo escenario laboral latinoamericano <\/td>\n                    <td style=\"\"> Jurgen Weller. 1a ed.. <\/td>\n                    <td style=\"\"> Siglo veintiuno editores<\/td>\n                    <td style=\"\">2009<\/td>\n            <\/tr>\n            <tr id=\"table_1_row_231\">\n                    <td style=\"\">1.773<\/td>\n                    <td style=\"\"> Atenci\u00f3n primaria selectiva <\/td>\n                    <td style=\"\"> Mario Francisco Ripoli. 1a ed.. <\/td>\n                    <td style=\"\"> Eudeba <\/td>\n                    <td style=\"\">1999<\/td>\n            <\/tr>\n            <tr id=\"table_1_row_232\">\n                    <td style=\"\">1.775<\/td>\n                    <td style=\"\"> Atenci\u00f3n primaria en salud <\/td>\n                    <td style=\"\">  Daniel Maceira - Compilador. 1a. ed.. <\/td>\n                    <td style=\"\"> Paidos<\/td>\n                    <td style=\"\">2007<\/td>\n            <\/tr>\n            <tr id=\"table_1_row_233\">\n                    <td style=\"\">1.776<\/td>\n                    <td style=\"\"> Atenci\u00f3n primaria en salud <\/td>\n                    <td style=\"\">  Daniel Maceira - Compilador. 1a. ed.. <\/td>\n                    <td style=\"\"> Paidos<\/td>\n                    <td style=\"\">2007<\/td>\n            <\/tr>\n            <tr id=\"table_1_row_234\">\n                    <td style=\"\">1.911<\/td>\n                    <td style=\"\"> Gesti\u00f3n de la complejidad en las organizaciones <\/td>\n                    <td style=\"\"> Jorge Ricardo Etkin. 1a.ed. 2da reimp.. <\/td>\n                    <td style=\"\"> Granica<\/td>\n                    <td style=\"\">2009<\/td>\n            <\/tr>\n            <tr id=\"table_1_row_235\">\n                    <td style=\"\">1.912<\/td>\n                    <td style=\"\"> Gesti\u00f3n comercial efectiva <\/td>\n                    <td style=\"\"> Andr\u00e9s Frydman. 1a.ed-1a. reimp.. <\/td>\n                    <td style=\"\"> El Ateneo<\/td>\n                    <td style=\"\">2004<\/td>\n            <\/tr>\n            <tr id=\"table_1_row_236\">\n                    <td style=\"\">1.985<\/td>\n                    <td style=\"\"> Enciclopedia visual de anatom\u00eda  cuerpo humano  vida y salud <\/td>\n                    <td style=\"\"> Director Carlos Campos Salva. 1a ed.. <\/td>\n                    <td style=\"\"> Visor<\/td>\n                    <td style=\"\">2012<\/td>\n            <\/tr>\n            <tr id=\"table_1_row_237\">\n                    <td style=\"\">1.987<\/td>\n                    <td style=\"\"> Enciclopedia visual de anatom\u00eda  cuerpo humano <\/td>\n                    <td style=\"\"> Director Carlos Alberto Campos Salva. 1a ed.. <\/td>\n                    <td style=\"\"> Visor<\/td>\n                    <td style=\"\">2012<\/td>\n            <\/tr>\n            <tr id=\"table_1_row_238\">\n                    <td style=\"\">2.015<\/td>\n                    <td style=\"\"> Enciclopedia visual de anatom\u00eda cuerpo humano  vida y salud <\/td>\n                    <td style=\"\"> Director Carlos Campos Salva. 1a ed.. <\/td>\n                    <td style=\"\"> Visor <\/td>\n                    <td style=\"\">2012<\/td>\n            <\/tr>\n            <tr id=\"table_1_row_239\">\n                    <td style=\"\">2.016<\/td>\n                    <td style=\"\"> Enciclopedia visual de anatom\u00eda cuerpo humano  vida y salud <\/td>\n                    <td style=\"\"> Director Carlos Campos Salva. 1a ed.. <\/td>\n                    <td style=\"\"> Visor<\/td>\n                    <td style=\"\">2012<\/td>\n            <\/tr>\n            <tr id=\"table_1_row_240\">\n                    <td style=\"\">2.030<\/td>\n                    <td style=\"\"> Las pymes <\/td>\n                    <td style=\"\"> Marco A. Michelli. 1a ed.. <\/td>\n                    <td style=\"\"> Ediciones Macchi<\/td>\n                    <td style=\"\">2008<\/td>\n            <\/tr>\n            <tr id=\"table_1_row_241\">\n                    <td style=\"\">2.031<\/td>\n                    <td style=\"\"> La nueva empresa cooperativa <\/td>\n                    <td style=\"\"> Juan C.Herrera - Norma E.Pimienta. <\/td>\n                    <td style=\"\"> Ediciones Macchi<\/td>\n                    <td style=\"\">1997<\/td>\n            <\/tr>\n            <tr id=\"table_1_row_242\">\n                    <td style=\"\">2.182<\/td>\n                    <td style=\"\"> Administraci\u00f3n de los recursos humanos  <\/td>\n                    <td style=\"\"> Eduardo Alfredo Ferraro. 1a.ed.. <\/td>\n                    <td style=\"\"> Valletta Ediciones<\/td>\n                    <td style=\"\">2001<\/td>\n            <\/tr>\n            <tr id=\"table_1_row_243\">\n                    <td style=\"\">2.212<\/td>\n                    <td style=\"\"> Organizaci\u00f3n y direcci\u00f3n de empresas <\/td>\n                    <td style=\"\"> Coordinador Jes\u00fas Garc\u00eda-Tenorio Ronda. 1a.ed.. <\/td>\n                    <td style=\"\"> Thomson<\/td>\n                    <td style=\"\">2006<\/td>\n            <\/tr>\n            <tr id=\"table_1_row_244\">\n                    <td style=\"\">2.219<\/td>\n                    <td style=\"\"> Diccionario econ\u00f3mico  comercial y financiero <\/td>\n                    <td style=\"\"> Michel Marcheteau...[et.al.]. 2a.ed.9a.reimp.. <\/td>\n                    <td style=\"\"> Larousse<\/td>\n                    <td style=\"\">2010<\/td>\n            <\/tr>\n            <tr id=\"table_1_row_245\">\n                    <td style=\"\">2.220<\/td>\n                    <td style=\"\"> Diccionario econ\u00f3mico  comercial y financiero <\/td>\n                    <td style=\"\"> Michel Marcheteau...[et.al.]. 2a.ed.9a.reimp.. <\/td>\n                    <td style=\"\"> Larousse<\/td>\n                    <td style=\"\">2010<\/td>\n            <\/tr>\n            <tr id=\"table_1_row_246\">\n                    <td style=\"\">2.221<\/td>\n                    <td style=\"\"> Diccionario econ\u00f3mico  comercial y financiero <\/td>\n                    <td style=\"\"> Michel Marcheteau...[et.al.]. 2a.ed.9a.reimp.. <\/td>\n                    <td style=\"\"> Larousse<\/td>\n                    <td style=\"\">2010<\/td>\n            <\/tr>\n            <tr id=\"table_1_row_247\">\n                    <td style=\"\">2.222<\/td>\n                    <td style=\"\"> Diccionario empresarial  econ\u00f3mico  financiero  comercial y de inform\u00e1tica <\/td>\n                    <td style=\"\"> Dolores Elena W. de Duggan . 1a.ed.-1a.reimp.. <\/td>\n                    <td style=\"\"> Orientacion grafica editora<\/td>\n                    <td style=\"\">2005<\/td>\n            <\/tr>\n            <tr id=\"table_1_row_248\">\n                    <td style=\"\">2.223<\/td>\n                    <td style=\"\"> Diccionario empresarial  econ\u00f3mico  financiero  comercial y de inform\u00e1tica <\/td>\n                    <td style=\"\"> Dolores Elena W. de Duggan . 1a.ed.-1a.reimp.. <\/td>\n                    <td style=\"\"> Orientacion grafica editora<\/td>\n                    <td style=\"\">2005<\/td>\n            <\/tr>\n            <tr id=\"table_1_row_249\">\n                    <td style=\"\">2.224<\/td>\n                    <td style=\"\"> Diccionario pr\u00e1ctico de estad\u00edstica <\/td>\n                    <td style=\"\"> Restituto Sierra Bravo. <\/td>\n                    <td style=\"\"> Paraninfo<\/td>\n                    <td style=\"\">1991<\/td>\n            <\/tr>\n            <tr id=\"table_1_row_250\">\n                    <td style=\"\">2.225<\/td>\n                    <td style=\"\"> Diccionario pr\u00e1ctico de estad\u00edstica <\/td>\n                    <td style=\"\"> Restituto Sierra Bravo. <\/td>\n                    <td style=\"\"> Paraninfo<\/td>\n                    <td style=\"\">1991<\/td>\n            <\/tr>\n            <tr id=\"table_1_row_251\">\n                    <td style=\"\">2.226<\/td>\n                    <td style=\"\"> Diccionario pr\u00e1ctico de estad\u00edstica <\/td>\n                    <td style=\"\"> Restituto Sierra Bravo. <\/td>\n                    <td style=\"\"> Paraninfo<\/td>\n                    <td style=\"\">1991<\/td>\n            <\/tr>\n            <tr id=\"table_1_row_252\">\n                    <td style=\"\">2.227<\/td>\n                    <td style=\"\"> Fisiolog\u00eda humana <\/td>\n                    <td style=\"\"> Horacio E. Cingolani - Alberto B. Houssay. 7a ed. 8a reimp.. <\/td>\n                    <td style=\"\"> El ateneo<\/td>\n                    <td style=\"\">2011<\/td>\n            <\/tr>\n            <tr id=\"table_1_row_253\">\n                    <td style=\"\">2.228<\/td>\n                    <td style=\"\"> F\u00edsica <\/td>\n                    <td style=\"\"> Alan H. Cromer. 2a ed.. <\/td>\n                    <td style=\"\"> Revert\u00e9 <\/td>\n                    <td style=\"\">2009<\/td>\n            <\/tr>\n            <tr id=\"table_1_row_254\">\n                    <td style=\"\">2.229<\/td>\n                    <td style=\"\"> F\u00edsica <\/td>\n                    <td style=\"\"> Alan H. Cromer. 2a ed.. <\/td>\n                    <td style=\"\"> Revert\u00e9 <\/td>\n                    <td style=\"\">2009<\/td>\n            <\/tr>\n            <tr id=\"table_1_row_255\">\n                    <td style=\"\">2.230<\/td>\n                    <td style=\"\"> Ley de sociedades comerciales comentada <\/td>\n                    <td style=\"\"> Marcelo L. Perciavalle- Alejandro Yodice. 1a ed.. <\/td>\n                    <td style=\"\"> Errepar<\/td>\n                    <td style=\"\">2009<\/td>\n            <\/tr>\n            <tr id=\"table_1_row_256\">\n                    <td style=\"\">2.231<\/td>\n                    <td style=\"\"> Costos para PyME <\/td>\n                    <td style=\"\"> Ricardo A. Billene. 1a ed.. <\/td>\n                    <td style=\"\"> Errepar<\/td>\n                    <td style=\"\">2002<\/td>\n            <\/tr>\n            <tr id=\"table_1_row_257\">\n                    <td style=\"\">2.232<\/td>\n                    <td style=\"\"> Costos para PyME <\/td>\n                    <td style=\"\"> Ricardo A. Billene. 1a ed.. <\/td>\n                    <td style=\"\"> Errepar<\/td>\n                    <td style=\"\">2002<\/td>\n            <\/tr>\n            <tr id=\"table_1_row_258\">\n                    <td style=\"\">2.233<\/td>\n                    <td style=\"\"> Costos para PyME <\/td>\n                    <td style=\"\"> Ricardo A. Billene. 1a ed.. <\/td>\n                    <td style=\"\"> Errepar<\/td>\n                    <td style=\"\">2002<\/td>\n            <\/tr>\n            <tr id=\"table_1_row_259\">\n                    <td style=\"\">2.234<\/td>\n                    <td style=\"\"> C\u00f3mo hacer un estado de flujo de efectivo <\/td>\n                    <td style=\"\"> H\u00e9ctor C. Ostengo. 1a.ed.. <\/td>\n                    <td style=\"\"> Osmar D. Buyatti  librer\u00eda editorial<\/td>\n                    <td style=\"\">2009<\/td>\n            <\/tr>\n            <tr id=\"table_1_row_260\">\n                    <td style=\"\">2.235<\/td>\n                    <td style=\"\"> C\u00f3mo hacer un estado de flujo de efectivo <\/td>\n                    <td style=\"\"> H\u00e9ctor C. Ostengo. 1a.ed.. <\/td>\n                    <td style=\"\"> Osmar D. Buyatti  librer\u00eda editorial<\/td>\n                    <td style=\"\">2009<\/td>\n            <\/tr>\n            <tr id=\"table_1_row_261\">\n                    <td style=\"\">2.236<\/td>\n                    <td style=\"\"> Dise\u00f1o de organizaciones <\/td>\n                    <td style=\"\"> Leonardo Schvarstein. 1a.ed- 3a.reimp.. <\/td>\n                    <td style=\"\"> Paid\u00f3s<\/td>\n                    <td style=\"\">2007<\/td>\n            <\/tr>\n            <tr id=\"table_1_row_262\">\n                    <td style=\"\">2.237<\/td>\n                    <td style=\"\"> Dise\u00f1o de organizaciones <\/td>\n                    <td style=\"\"> Leonardo Schvarstein. 1a.ed- 3a.reimp.. <\/td>\n                    <td style=\"\"> Paid\u00f3s<\/td>\n                    <td style=\"\">2007<\/td>\n            <\/tr>\n            <tr id=\"table_1_row_263\">\n                    <td style=\"\">2.242<\/td>\n                    <td style=\"\"> Marketing internacional <\/td>\n                    <td style=\"\"> Jose Maria Moreno-Maximiliano Fantasia Macchi. 3a ed.. <\/td>\n                    <td style=\"\"> Ediciones Macchi<\/td>\n                    <td style=\"\">2009<\/td>\n            <\/tr>\n            <tr id=\"table_1_row_264\">\n                    <td style=\"\">2.243<\/td>\n                    <td style=\"\"> Marketing internacional <\/td>\n                    <td style=\"\"> Jose Maria Moreno-Maximiliano Fantasia Macchi. 3a ed.. <\/td>\n                    <td style=\"\"> Ediciones Macchi<\/td>\n                    <td style=\"\">2009<\/td>\n            <\/tr>\n            <tr id=\"table_1_row_265\">\n                    <td style=\"\">2.244<\/td>\n                    <td style=\"\"> Estrategias de distribuci\u00f3n comercial <\/td>\n                    <td style=\"\"> Coordinadores Rodolfo V\u00e1zquez Casielles- Juan A. Trespalacios Guti\u00e9rrez. 1a.ed. 2a reimp.. <\/td>\n                    <td style=\"\"> Paraninfo<\/td>\n                    <td style=\"\">2009<\/td>\n            <\/tr>\n            <tr id=\"table_1_row_266\">\n                    <td style=\"\">2.245<\/td>\n                    <td style=\"\"> Econom\u00eda internacional <\/td>\n                    <td style=\"\"> Robert J. Carbaugh. 12a ed.. <\/td>\n                    <td style=\"\"> Cengage learning<\/td>\n                    <td style=\"\">2010<\/td>\n            <\/tr>\n            <tr id=\"table_1_row_267\">\n                    <td style=\"\">2.246<\/td>\n                    <td style=\"\"> El abc del gerenciamiento <\/td>\n                    <td style=\"\"> Graciela Di Lonardo- Silvia Stamato. 1a.ed.. <\/td>\n                    <td style=\"\"> Osmar  D. Buyatti librer\u00eda editorial<\/td>\n                    <td style=\"\">2008<\/td>\n            <\/tr>\n            <tr id=\"table_1_row_268\">\n                    <td style=\"\">2.247<\/td>\n                    <td style=\"\"> El abc del gerenciamiento <\/td>\n                    <td style=\"\"> Graciela Di Lonardo- Silvia Stamato. 1a.ed.. <\/td>\n                    <td style=\"\"> Osmar  D. Buyatti librer\u00eda editorial<\/td>\n                    <td style=\"\">2008<\/td>\n            <\/tr>\n            <tr id=\"table_1_row_269\">\n                    <td style=\"\">2.249<\/td>\n                    <td style=\"\"> Basta de perder clientes y ventas <\/td>\n                    <td style=\"\"> Tom wise. 1a.ed.. <\/td>\n                    <td style=\"\"> Errepar<\/td>\n                    <td style=\"\">2009<\/td>\n            <\/tr>\n            <tr id=\"table_1_row_270\">\n                    <td style=\"\">2.250<\/td>\n                    <td style=\"\"> Supuestos pr\u00e1cticos de contabilidad general <\/td>\n                    <td style=\"\"> Inmaculada Alonso Carrillo...[et.al.]. <\/td>\n                    <td style=\"\"> D\u00edaz de Santos<\/td>\n                    <td style=\"\">2009<\/td>\n            <\/tr>\n            <tr id=\"table_1_row_271\">\n                    <td style=\"\">2.251<\/td>\n                    <td style=\"\"> La relaci\u00f3n con mis clientes <\/td>\n                    <td style=\"\"> Claudio M. Pizzi. 1a.ed.. <\/td>\n                    <td style=\"\"> Osmar D. Buyatti librer\u00eda editorial<\/td>\n                    <td style=\"\">2009<\/td>\n            <\/tr>\n            <tr id=\"table_1_row_272\">\n                    <td style=\"\">2.252<\/td>\n                    <td style=\"\"> La relaci\u00f3n con mis clientes <\/td>\n                    <td style=\"\"> Claudio M. Pizzi. 1a.ed.. <\/td>\n                    <td style=\"\"> Osmar D. Buyatti librer\u00eda editorial<\/td>\n                    <td style=\"\">2009<\/td>\n            <\/tr>\n            <tr id=\"table_1_row_273\">\n                    <td style=\"\">2.253<\/td>\n                    <td style=\"\"> La relaci\u00f3n con mis clientes <\/td>\n                    <td style=\"\"> Claudio M. Pizzi. 1a.ed.. <\/td>\n                    <td style=\"\"> Osmar D. Buyatti librer\u00eda editorial<\/td>\n                    <td style=\"\">2009<\/td>\n            <\/tr>\n            <tr id=\"table_1_row_274\">\n                    <td style=\"\">2.254<\/td>\n                    <td style=\"\"> Presupuesto y control <\/td>\n                    <td style=\"\"> Humberto petrei- Gabriel Ratner- Romeo E. Petrei. 1a ed.. <\/td>\n                    <td style=\"\"> Osmar Buyatti<\/td>\n                    <td style=\"\">2005<\/td>\n            <\/tr>\n            <tr id=\"table_1_row_275\">\n                    <td style=\"\">2.255<\/td>\n                    <td style=\"\"> Presupuesto y control <\/td>\n                    <td style=\"\"> Humberto petrei- Gabriel Ratner- Romeo E. Petrei. 1a ed.. <\/td>\n                    <td style=\"\"> Osmar Buyatti<\/td>\n                    <td style=\"\">2005<\/td>\n            <\/tr>\n            <tr id=\"table_1_row_276\">\n                    <td style=\"\">2.256<\/td>\n                    <td style=\"\"> Presupuesto y control <\/td>\n                    <td style=\"\"> Humberto petrei- Gabriel Ratner- Romeo E. Petrei. 1a ed.. <\/td>\n                    <td style=\"\"> Osmar Buyatti<\/td>\n                    <td style=\"\">2005<\/td>\n            <\/tr>\n            <tr id=\"table_1_row_277\">\n                    <td style=\"\">2.257<\/td>\n                    <td style=\"\"> Mi b\u00fasqueda laboral <\/td>\n                    <td style=\"\"> Martha Alicia Alles. 1a.ed.. <\/td>\n                    <td style=\"\"> Granica<\/td>\n                    <td style=\"\">2009<\/td>\n            <\/tr>\n            <tr id=\"table_1_row_278\">\n                    <td style=\"\">2.258<\/td>\n                    <td style=\"\"> Mi b\u00fasqueda laboral <\/td>\n                    <td style=\"\"> Martha Alicia Alles. 1a.ed.. <\/td>\n                    <td style=\"\"> Granica<\/td>\n                    <td style=\"\">2009<\/td>\n            <\/tr>\n            <tr id=\"table_1_row_279\">\n                    <td style=\"\">2.259<\/td>\n                    <td style=\"\"> Mi b\u00fasqueda laboral <\/td>\n                    <td style=\"\"> Martha Alicia Alles. 1a.ed.. <\/td>\n                    <td style=\"\"> Granica<\/td>\n                    <td style=\"\">2009<\/td>\n            <\/tr>\n            <tr id=\"table_1_row_280\">\n                    <td style=\"\">2.260<\/td>\n                    <td style=\"\"> Compendio de finanzas aplicadas <\/td>\n                    <td style=\"\"> Gabriel de la Fuente. 1a ed.. <\/td>\n                    <td style=\"\"> Errepar<\/td>\n                    <td style=\"\">2009<\/td>\n            <\/tr>\n            <tr id=\"table_1_row_281\">\n                    <td style=\"\">2.262<\/td>\n                    <td style=\"\"> El nuevo monotributo <\/td>\n                    <td style=\"\"> Marcelo D. Rodriguez; colaboradores Mart\u00edn R. Caranta- Laura L. Leguizam\u00f3n. 1a.ed.. <\/td>\n                    <td style=\"\"> Errepar<\/td>\n                    <td style=\"\">2010<\/td>\n            <\/tr>\n            <tr id=\"table_1_row_282\">\n                    <td style=\"\">2.263<\/td>\n                    <td style=\"\"> El nuevo monotributo <\/td>\n                    <td style=\"\"> Marcelo D. Rodriguez; colaboradores Mart\u00edn R. Caranta- Laura L. Leguizam\u00f3n. 1a.ed.. <\/td>\n                    <td style=\"\"> Errepar<\/td>\n                    <td style=\"\">2010<\/td>\n            <\/tr>\n            <tr id=\"table_1_row_283\">\n                    <td style=\"\">2.332<\/td>\n                    <td style=\"\"> Comercio electr\u00f3nico para PYMES <\/td>\n                    <td style=\"\">  Moncalvo- Ariel. 1a ed.. <\/td>\n                    <td style=\"\"> Lectorum Ugerman<\/td>\n                    <td style=\"\">2008<\/td>\n            <\/tr>\n            <tr id=\"table_1_row_284\">\n                    <td style=\"\">2.333<\/td>\n                    <td style=\"\"> Marketing electr\u00f3nico para PYMES <\/td>\n                    <td style=\"\"> Cruz Ana. 1a ed.. <\/td>\n                    <td style=\"\"> Alfaomega<\/td>\n                    <td style=\"\">2009<\/td>\n            <\/tr>\n            <tr id=\"table_1_row_285\">\n                    <td style=\"\">2.334<\/td>\n                    <td style=\"\"> Matem\u00e1ticas universitarias introductorias con nivelador Mymathalab tutor interactivo online <\/td>\n                    <td style=\"\"> Franklin D.Demana...[et.al.]. 1a.ed.. <\/td>\n                    <td style=\"\"> Pearson Educacion<\/td>\n                    <td style=\"\">2009<\/td>\n            <\/tr>\n            <tr id=\"table_1_row_286\">\n                    <td style=\"\">2.336<\/td>\n                    <td style=\"\"> Manual B\u00e1sico <\/td>\n                    <td style=\"\"> Ram\u00f3n Gonz\u00e1lez Mu\u00f1iz. 1a ed.-9a. reimp.. <\/td>\n                    <td style=\"\"> Paraninfo<\/td>\n                    <td style=\"\">2011<\/td>\n            <\/tr>\n            <tr id=\"table_1_row_287\">\n                    <td style=\"\">2.337<\/td>\n                    <td style=\"\"> Manual B\u00e1sico <\/td>\n                    <td style=\"\"> Ram\u00f3n Gonz\u00e1lez Mu\u00f1iz. 1a ed.-9a. reimp.. <\/td>\n                    <td style=\"\"> Paraninfo<\/td>\n                    <td style=\"\">2011<\/td>\n            <\/tr>\n            <tr id=\"table_1_row_288\">\n                    <td style=\"\">2.343<\/td>\n                    <td style=\"\"> Matem\u00e1ticas universitarias introductorias con nivelador Mymathalab tutor interactivo online <\/td>\n                    <td style=\"\"> Franklin D.Demana...[et.al.]. 1a.ed.. <\/td>\n                    <td style=\"\"> Pearson Educacion<\/td>\n                    <td style=\"\">2009<\/td>\n            <\/tr>\n            <tr id=\"table_1_row_289\">\n                    <td style=\"\">2.347<\/td>\n                    <td style=\"\"> An\u00e1lisis de los alimentos  <\/td>\n                    <td style=\"\"> editora S.Suzanne Nielsen  traduccion de Ana Cristina Ferrando Navarro  revision de Miguel Angel Uson Finkenzeller. <\/td>\n                    <td style=\"\"> Acribia<\/td>\n                    <td style=\"\">-<\/td>\n            <\/tr>\n            <tr id=\"table_1_row_290\">\n                    <td style=\"\">2.352<\/td>\n                    <td style=\"\"> Tu dinero <\/td>\n                    <td style=\"\"> M.L. Lecouna- D. Terragno. 1a.ed.. <\/td>\n                    <td style=\"\"> Arte gr\u00e1fico editorial argentino<\/td>\n                    <td style=\"\">2008<\/td>\n            <\/tr>\n            <tr id=\"table_1_row_291\">\n                    <td style=\"\">2.353<\/td>\n                    <td style=\"\"> Tu negocio propio en tres pasos <\/td>\n                    <td style=\"\"> M.L Lecuona y D.Terragno. 1a.ed.. <\/td>\n                    <td style=\"\"> Arte gr\u00e1fico editorial argentino<\/td>\n                    <td style=\"\">2007<\/td>\n            <\/tr>\n            <tr id=\"table_1_row_292\">\n                    <td style=\"\">2.354<\/td>\n                    <td style=\"\"> Tu dinero <\/td>\n                    <td style=\"\"> M.L.Lecouna y D.Terragno. 1a.ed.. <\/td>\n                    <td style=\"\"> Arte gr\u00e1fico editorial agentino<\/td>\n                    <td style=\"\">2008<\/td>\n            <\/tr>\n            <tr id=\"table_1_row_293\">\n                    <td style=\"\">2.355<\/td>\n                    <td style=\"\"> Tu negocio propio en tres pasos <\/td>\n                    <td style=\"\"> M.L.Lecouna- D.Terragno. 1a.ed.. <\/td>\n                    <td style=\"\"> Arte gr\u00e1fico editorial argentino<\/td>\n                    <td style=\"\">2007<\/td>\n            <\/tr>\n            <tr id=\"table_1_row_294\">\n                    <td style=\"\">2.357<\/td>\n                    <td style=\"\"> Administraci\u00f3n de peque\u00f1as empresas <\/td>\n                    <td style=\"\"> Justin G. Longenecker- Carlos W. Moore- J. William Petty. 1a.ed.. <\/td>\n                    <td style=\"\"> Thomson <\/td>\n                    <td style=\"\">2007<\/td>\n            <\/tr>\n            <tr id=\"table_1_row_295\">\n                    <td style=\"\">2.358<\/td>\n                    <td style=\"\"> Administraci\u00f3n de peque\u00f1as empresas <\/td>\n                    <td style=\"\"> Justin G. Longenecker- Carlos W. Moore- J.Wiliam Petty. 1a.ed.. <\/td>\n                    <td style=\"\"> Thomson Learning<\/td>\n                    <td style=\"\">2007<\/td>\n            <\/tr>\n            <tr id=\"table_1_row_296\">\n                    <td style=\"\">2.359<\/td>\n                    <td style=\"\"> La mercadotecnia de las peque\u00f1as empresas <\/td>\n                    <td style=\"\"> Justin G. Lomgenecker- Carlos W. Moore- J. William Petty. 1a ed.. <\/td>\n                    <td style=\"\"> Thompon<\/td>\n                    <td style=\"\">2007<\/td>\n            <\/tr>\n            <tr id=\"table_1_row_297\">\n                    <td style=\"\">2.361<\/td>\n                    <td style=\"\"> Manual de medios de cultivos. <\/td>\n                    <td style=\"\">-<\/td>\n                    <td style=\"\"> Merck <\/td>\n                    <td style=\"\">-<\/td>\n            <\/tr>\n            <tr id=\"table_1_row_298\">\n                    <td style=\"\">2.378<\/td>\n                    <td style=\"\"> Microbiolog\u00eda medica <\/td>\n                    <td style=\"\"> Ernest Jawetz- Joseph L. Melnick- Edward A. Adelberg. 8a.ed.. <\/td>\n                    <td style=\"\"> El manual moderno<\/td>\n                    <td style=\"\">1979<\/td>\n            <\/tr>\n            <tr id=\"table_1_row_299\">\n                    <td style=\"\">2.385<\/td>\n                    <td style=\"\"> Brechas \u00e9ticas en las organizaciones <\/td>\n                    <td style=\"\"> Jorge Etkin. 1a.ed.. <\/td>\n                    <td style=\"\"> Cengage learning<\/td>\n                    <td style=\"\">2012<\/td>\n            <\/tr>\n            <tr id=\"table_1_row_300\">\n                    <td style=\"\">2.386<\/td>\n                    <td style=\"\"> \u00c9tica empresarial <\/td>\n                    <td style=\"\"> Debeljuh- Patricia. 1a ed.. <\/td>\n                    <td style=\"\"> Cengage Learning<\/td>\n                    <td style=\"\">2010<\/td>\n            <\/tr>\n            <tr id=\"table_1_row_301\">\n                    <td style=\"\">2.387<\/td>\n                    <td style=\"\"> Contabilidad introductoria <\/td>\n                    <td style=\"\"> Isaac Aizik Senderovich. 1a.ed.. <\/td>\n                    <td style=\"\"> Errepar<\/td>\n                    <td style=\"\">2011<\/td>\n            <\/tr>\n            <tr id=\"table_1_row_302\">\n                    <td style=\"\">2.388<\/td>\n                    <td style=\"\"> Evaluaci\u00f3n de proyectos de inversi\u00f3n  <\/td>\n                    <td style=\"\"> Alberto A. Monteiro Martins. 1a.ed.. <\/td>\n                    <td style=\"\"> Errepar<\/td>\n                    <td style=\"\">2010<\/td>\n            <\/tr>\n            <tr id=\"table_1_row_303\">\n                    <td style=\"\">2.389<\/td>\n                    <td style=\"\"> Desaf\u00edos del joven profesional <\/td>\n                    <td style=\"\"> Daniel Piorun. 1a.ed.. <\/td>\n                    <td style=\"\"> Errepar<\/td>\n                    <td style=\"\">2009<\/td>\n            <\/tr>\n            <tr id=\"table_1_row_304\">\n                    <td style=\"\">2.390<\/td>\n                    <td style=\"\"> Desaf\u00edos del joven profesional <\/td>\n                    <td style=\"\"> Daniel Piorun. 1a.ed.. <\/td>\n                    <td style=\"\"> Errepar<\/td>\n                    <td style=\"\">2009<\/td>\n            <\/tr>\n            <tr id=\"table_1_row_305\">\n                    <td style=\"\">2.391<\/td>\n                    <td style=\"\"> Aportes irrevocables y otros rubros del patrimonio neto <\/td>\n                    <td style=\"\"> Jos\u00e9 Luis Sirena. 2a ed. actualizada. <\/td>\n                    <td style=\"\"> Errepar<\/td>\n                    <td style=\"\">2007<\/td>\n            <\/tr>\n            <tr id=\"table_1_row_306\">\n                    <td style=\"\">2.392<\/td>\n                    <td style=\"\"> Aportes irrevocables y otros rubros del patrimonio neto <\/td>\n                    <td style=\"\"> Jos\u00e9 Luis Sirena. 2a ed. actualizada. <\/td>\n                    <td style=\"\"> Errepar<\/td>\n                    <td style=\"\">2007<\/td>\n            <\/tr>\n            <tr id=\"table_1_row_307\">\n                    <td style=\"\">2.393<\/td>\n                    <td style=\"\"> Asamblea de accionistas  impugnaci\u00f3n judicial de sus resoluciones.  <\/td>\n                    <td style=\"\"> Alejandro Y\u00f3dice. 1a.ed.. <\/td>\n                    <td style=\"\"> Errepar<\/td>\n                    <td style=\"\">2003<\/td>\n            <\/tr>\n            <tr id=\"table_1_row_308\">\n                    <td style=\"\">2.394<\/td>\n                    <td style=\"\"> Asamblea de accionistas  impugnaci\u00f3n judicial de sus resoluciones.  <\/td>\n                    <td style=\"\"> Alejandro Y\u00f3dice. 1a.ed.. <\/td>\n                    <td style=\"\"> Errepar<\/td>\n                    <td style=\"\">2003<\/td>\n            <\/tr>\n            <tr id=\"table_1_row_309\">\n                    <td style=\"\">2.396<\/td>\n                    <td style=\"\"> Inspecci\u00f3n del trabajo y de la seguridad social <\/td>\n                    <td style=\"\"> Emilio Cornejo. 1a.ed.. <\/td>\n                    <td style=\"\"> Errepar<\/td>\n                    <td style=\"\">2007<\/td>\n            <\/tr>\n            <tr id=\"table_1_row_310\">\n                    <td style=\"\">2.397<\/td>\n                    <td style=\"\"> Diccionario empresarial  econ\u00f3mico  financiero  comercial y de inform\u00e1tica <\/td>\n                    <td style=\"\"> Dolores Elena W. de Duggan . 1a.ed.-1a.reimp.. <\/td>\n                    <td style=\"\"> Orientacion grafica editora<\/td>\n                    <td style=\"\">2005<\/td>\n            <\/tr>\n            <tr id=\"table_1_row_311\">\n                    <td style=\"\">2.398<\/td>\n                    <td style=\"\"> Evaluaci\u00f3n de proyectos de inversi\u00f3n  <\/td>\n                    <td style=\"\"> Alberto A. Monteiro Martins. 1a.ed.. <\/td>\n                    <td style=\"\"> Errepar<\/td>\n                    <td style=\"\">2010<\/td>\n            <\/tr>\n            <tr id=\"table_1_row_312\">\n                    <td style=\"\">2.399<\/td>\n                    <td style=\"\"> Evaluaci\u00f3n de proyectos de inversi\u00f3n  <\/td>\n                    <td style=\"\"> Alberto A. Monteiro Martins. 1a.ed.. <\/td>\n                    <td style=\"\"> Errepar<\/td>\n                    <td style=\"\">2010<\/td>\n            <\/tr>\n            <tr id=\"table_1_row_313\">\n                    <td style=\"\">2.400<\/td>\n                    <td style=\"\"> Conciliaci\u00f3n laboral <\/td>\n                    <td style=\"\"> Emilio Cornejo. 1a.ed.. <\/td>\n                    <td style=\"\"> Errepar<\/td>\n                    <td style=\"\">2009<\/td>\n            <\/tr>\n            <tr id=\"table_1_row_314\">\n                    <td style=\"\">2.402<\/td>\n                    <td style=\"\"> Herramientas inform\u00e1ticas para profesionales <\/td>\n                    <td style=\"\"> N\u00e9stor H. Fern\u00e1ndez. 1a.ed.. <\/td>\n                    <td style=\"\"> Errepar<\/td>\n                    <td style=\"\">2005<\/td>\n            <\/tr>\n            <tr id=\"table_1_row_315\">\n                    <td style=\"\">2.403<\/td>\n                    <td style=\"\"> Responsabilidad <\/td>\n                    <td style=\"\"> Marcelo L.Perciavalle. 1a.ed.. <\/td>\n                    <td style=\"\"> Errepar<\/td>\n                    <td style=\"\">2008<\/td>\n            <\/tr>\n            <tr id=\"table_1_row_316\">\n                    <td style=\"\">2.404<\/td>\n                    <td style=\"\"> Gu\u00eda de tr\u00e1mites IGJ (CABA) y DPPJ (BS AS) <\/td>\n                    <td style=\"\"> colaboracion de Marcelo L. Perciavalle. 2a ed.. <\/td>\n                    <td style=\"\"> Errepar<\/td>\n                    <td style=\"\">2013<\/td>\n            <\/tr>\n            <tr id=\"table_1_row_317\">\n                    <td style=\"\">2.405<\/td>\n                    <td style=\"\"> Directorio y asambleas <\/td>\n                    <td style=\"\"> colaboracion de Marcelo L.Perciavalle. 4a ed.. <\/td>\n                    <td style=\"\"> Errepar<\/td>\n                    <td style=\"\">2011<\/td>\n            <\/tr>\n            <tr id=\"table_1_row_318\">\n                    <td style=\"\">2.406<\/td>\n                    <td style=\"\"> Construcci\u00f3n <\/td>\n                    <td style=\"\"> colaboracion de Osvaldo B\u00e1lan- Osvaldo Zilli. 3a ed.. <\/td>\n                    <td style=\"\"> Errepar<\/td>\n                    <td style=\"\">2013<\/td>\n            <\/tr>\n            <tr id=\"table_1_row_319\">\n                    <td style=\"\">2.407<\/td>\n                    <td style=\"\"> Negocios internacionales desde Latinoam\u00e9rica <\/td>\n                    <td style=\"\"> Jos\u00e9 Antonio Par\u00eds; colaboradores Alejandra Giacosa- Santiago Fern\u00e1ndez Plastino- Aleida Mu\u00f1iz Terra. 1a.ed.. <\/td>\n                    <td style=\"\"> Errepar<\/td>\n                    <td style=\"\">2010<\/td>\n            <\/tr>\n            <tr id=\"table_1_row_320\">\n                    <td style=\"\">2.408<\/td>\n                    <td style=\"\"> La personalidad jur\u00eddica de las sociedades comerciales <\/td>\n                    <td style=\"\"> Daniel Roque V\u00edtolo. 1a ed. <\/td>\n                    <td style=\"\"> Errepar<\/td>\n                    <td style=\"\">2010<\/td>\n            <\/tr>\n            <tr id=\"table_1_row_321\">\n                    <td style=\"\">2.409<\/td>\n                    <td style=\"\"> Marketing esencial <\/td>\n                    <td style=\"\"> Jos\u00e9 Antonio Par\u00eds. 1a.ed.. <\/td>\n                    <td style=\"\"> Errepar<\/td>\n                    <td style=\"\">2009<\/td>\n            <\/tr>\n            <tr id=\"table_1_row_322\">\n                    <td style=\"\">2.411<\/td>\n                    <td style=\"\"> Historia econ\u00f3mica <\/td>\n                    <td style=\"\"> Maria de Monserrat Llair\u00f3- Raimundo Siepe. 1a ed.. <\/td>\n                    <td style=\"\"> Errepar<\/td>\n                    <td style=\"\">2005<\/td>\n            <\/tr>\n            <tr id=\"table_1_row_323\">\n                    <td style=\"\">2.413<\/td>\n                    <td style=\"\"> Enfermedades humanas <\/td>\n                    <td style=\"\"> Marianne Neighbors- EdD- RN- Ruth Tannehill-Jones- MS- RN. 3a ed.. <\/td>\n                    <td style=\"\"> Cengage learning<\/td>\n                    <td style=\"\">2011<\/td>\n            <\/tr>\n            <tr id=\"table_1_row_324\">\n                    <td style=\"\">2.617<\/td>\n                    <td style=\"\"> Diagn\u00f3stico histol\u00f3gico <\/td>\n                    <td style=\"\"> Mariano S. H. Di Fiore. 8a ed.. <\/td>\n                    <td style=\"\"> El ateneo<\/td>\n                    <td style=\"\">1981<\/td>\n            <\/tr>\n            <tr id=\"table_1_row_325\">\n                    <td style=\"\">2.619<\/td>\n                    <td style=\"\"> Impuesto sobre los bienes personales <\/td>\n                    <td style=\"\"> Jorge Gebhardt. 1a.ed.. <\/td>\n                    <td style=\"\"> Errepar<\/td>\n                    <td style=\"\">2009<\/td>\n            <\/tr>\n            <tr id=\"table_1_row_326\">\n                    <td style=\"\">2.620<\/td>\n                    <td style=\"\"> Impuesto sobre los bienes personales <\/td>\n                    <td style=\"\"> Jorge Gebhardt. 1a.ed.. <\/td>\n                    <td style=\"\"> Errepar<\/td>\n                    <td style=\"\">2009<\/td>\n            <\/tr>\n            <tr id=\"table_1_row_327\">\n                    <td style=\"\">2.621<\/td>\n                    <td style=\"\"> Conciliaci\u00f3n laboral <\/td>\n                    <td style=\"\"> Emilio Cornejo. 1a.ed.. <\/td>\n                    <td style=\"\"> Errepar<\/td>\n                    <td style=\"\">2009<\/td>\n            <\/tr>\n            <tr id=\"table_1_row_328\">\n                    <td style=\"\">2.622<\/td>\n                    <td style=\"\"> Ley de concursos comentada <\/td>\n                    <td style=\"\"> Dar\u00edo J. Graziabile. 2a.ed.. <\/td>\n                    <td style=\"\"> Errepar<\/td>\n                    <td style=\"\">2011<\/td>\n            <\/tr>\n            <tr id=\"table_1_row_329\">\n                    <td style=\"\">2.623<\/td>\n                    <td style=\"\"> La remuneraci\u00f3n y otros beneficios <\/td>\n                    <td style=\"\"> Coordinadora Andrea Garc\u00eda Vior. 1a ed.. <\/td>\n                    <td style=\"\"> Errepar<\/td>\n                    <td style=\"\">2011<\/td>\n            <\/tr>\n            <tr id=\"table_1_row_330\">\n                    <td style=\"\">2.624<\/td>\n                    <td style=\"\"> El despido arbitrario y sus consecuencias indemnizatorias  <\/td>\n                    <td style=\"\"> Coordinadora Andrea Garc\u00eda Vior. 1a ed.. <\/td>\n                    <td style=\"\"> Errepar<\/td>\n                    <td style=\"\">2010<\/td>\n            <\/tr>\n            <tr id=\"table_1_row_331\">\n                    <td style=\"\">2.625<\/td>\n                    <td style=\"\"> El despido arbitrario y sus consecuencias indemnizatorias  <\/td>\n                    <td style=\"\"> Coordinadora Andrea Garc\u00eda Vior. 1a ed.. <\/td>\n                    <td style=\"\"> Errepar<\/td>\n                    <td style=\"\">2010<\/td>\n            <\/tr>\n            <tr id=\"table_1_row_332\">\n                    <td style=\"\">2.626<\/td>\n                    <td style=\"\"> Los cr\u00e9ditos laborales en los concursos y en las quiebras <\/td>\n                    <td style=\"\"> Coordinadora Andrea Garc\u00eda Vior. 1a ed.. <\/td>\n                    <td style=\"\"> Errepar<\/td>\n                    <td style=\"\">2010<\/td>\n            <\/tr>\n            <tr id=\"table_1_row_333\">\n                    <td style=\"\">2.627<\/td>\n                    <td style=\"\"> La jornada de trabajo <\/td>\n                    <td style=\"\"> Coordinadora Andrea Garc\u00eda Vior. 1a ed.. <\/td>\n                    <td style=\"\"> Errepar<\/td>\n                    <td style=\"\">2011<\/td>\n            <\/tr>\n            <tr id=\"table_1_row_334\">\n                    <td style=\"\">2.628<\/td>\n                    <td style=\"\"> Registro y documentaci\u00f3n laboral <\/td>\n                    <td style=\"\"> Coordinadora Andrea Garc\u00eda Vior. 1a ed.. <\/td>\n                    <td style=\"\"> Errepar<\/td>\n                    <td style=\"\">2011<\/td>\n            <\/tr>\n            <tr id=\"table_1_row_335\">\n                    <td style=\"\">2.629<\/td>\n                    <td style=\"\"> Representaci\u00f3n sindical en la empresa <\/td>\n                    <td style=\"\"> Coordinadora Andrea Garc\u00eda Vior. t.6-1a ed.. <\/td>\n                    <td style=\"\"> Errepar<\/td>\n                    <td style=\"\">2010<\/td>\n            <\/tr>\n            <tr id=\"table_1_row_336\">\n                    <td style=\"\">2.630<\/td>\n                    <td style=\"\"> Tutela del salario <\/td>\n                    <td style=\"\"> Coordinadora Andrea Garc\u00eda Vior. 1a.ed.. <\/td>\n                    <td style=\"\"> Errepar<\/td>\n                    <td style=\"\">2009<\/td>\n            <\/tr>\n            <tr id=\"table_1_row_337\">\n                    <td style=\"\">2.631<\/td>\n                    <td style=\"\"> Manual de derecho laboral para empresas <\/td>\n                    <td style=\"\"> Juli\u00e1n A. de Diego. 4a.ed.. <\/td>\n                    <td style=\"\"> Errepar<\/td>\n                    <td style=\"\">2011<\/td>\n            <\/tr>\n            <tr id=\"table_1_row_338\">\n                    <td style=\"\">2.632<\/td>\n                    <td style=\"\"> La potestad tributaria municipal <\/td>\n                    <td style=\"\"> Milton Sergio Bonacina. 1a ed.. <\/td>\n                    <td style=\"\"> Errepar<\/td>\n                    <td style=\"\">2006<\/td>\n            <\/tr>\n            <tr id=\"table_1_row_339\">\n                    <td style=\"\">2.633<\/td>\n                    <td style=\"\"> La potestad tributaria municipal <\/td>\n                    <td style=\"\"> Milton Sergio Bonacina. 1a ed.. <\/td>\n                    <td style=\"\"> Errepar<\/td>\n                    <td style=\"\">2006<\/td>\n            <\/tr>\n            <tr id=\"table_1_row_340\">\n                    <td style=\"\">2.634<\/td>\n                    <td style=\"\"> La responsabilidad solidaria en los recursos de la seguridad social <\/td>\n                    <td style=\"\"> Marcelo V. Gaumet. 1a.ed.. <\/td>\n                    <td style=\"\"> Errepar<\/td>\n                    <td style=\"\">2006<\/td>\n            <\/tr>\n            <tr id=\"table_1_row_341\">\n                    <td style=\"\">2.635<\/td>\n                    <td style=\"\"> La responsabilidad solidaria en los recursos de la seguridad social <\/td>\n                    <td style=\"\"> Marcelo V. Gaumet. 1a.ed.. <\/td>\n                    <td style=\"\"> Errepar<\/td>\n                    <td style=\"\">2006<\/td>\n            <\/tr>\n            <tr id=\"table_1_row_342\">\n                    <td style=\"\">2.636<\/td>\n                    <td style=\"\"> Inspecciones furtivas para la aplicaci\u00f3n de multas y clausuras fiscales <\/td>\n                    <td style=\"\"> Jos\u00e9 Mar\u00eda Sferco- Marta Nercellas. 1a.ed.. <\/td>\n                    <td style=\"\"> Errepar<\/td>\n                    <td style=\"\">2006<\/td>\n            <\/tr>\n            <tr id=\"table_1_row_343\">\n                    <td style=\"\">2.637<\/td>\n                    <td style=\"\"> Inspecciones furtivas para la aplicaci\u00f3n de multas y clausuras fiscales <\/td>\n                    <td style=\"\"> Jos\u00e9 Mar\u00eda Sferco- Marta Nercellas. 1a.ed.. <\/td>\n                    <td style=\"\"> Errepar<\/td>\n                    <td style=\"\">2006<\/td>\n            <\/tr>\n            <tr id=\"table_1_row_344\">\n                    <td style=\"\">2.638<\/td>\n                    <td style=\"\"> El trabajo subordinado en Argentina <\/td>\n                    <td style=\"\"> Emilio Cornejo. 1a.ed.. <\/td>\n                    <td style=\"\"> Errepar<\/td>\n                    <td style=\"\">2011<\/td>\n            <\/tr>\n            <tr id=\"table_1_row_345\">\n                    <td style=\"\">2.639<\/td>\n                    <td style=\"\"> El trabajo subordinado en Argentina <\/td>\n                    <td style=\"\"> Emilio Cornejo. 1a.ed.. <\/td>\n                    <td style=\"\"> Errepar<\/td>\n                    <td style=\"\">2011<\/td>\n            <\/tr>\n            <tr id=\"table_1_row_346\">\n                    <td style=\"\">2.640<\/td>\n                    <td style=\"\"> Marketing internacional <\/td>\n                    <td style=\"\"> Jose Antonio Paris. 1a.ed.. <\/td>\n                    <td style=\"\"> Errepar<\/td>\n                    <td style=\"\">2008<\/td>\n            <\/tr>\n            <tr id=\"table_1_row_347\">\n                    <td style=\"\">2.641<\/td>\n                    <td style=\"\"> Ganancias personas f\u00edsicas <\/td>\n                    <td style=\"\"> Julio C\u00e9sar Y\u00f3dice. 1a ed. 1a reimp.. <\/td>\n                    <td style=\"\"> Errepar<\/td>\n                    <td style=\"\">2010<\/td>\n            <\/tr>\n            <tr id=\"table_1_row_348\">\n                    <td style=\"\">2.642<\/td>\n                    <td style=\"\"> Ganancias personas f\u00edsicas <\/td>\n                    <td style=\"\"> Julio C\u00e9sar Y\u00f3dice. 1a ed. 1a reimp.. <\/td>\n                    <td style=\"\"> Errepar<\/td>\n                    <td style=\"\">2010<\/td>\n            <\/tr>\n            <tr id=\"table_1_row_349\">\n                    <td style=\"\">2.643<\/td>\n                    <td style=\"\"> Sociedades an\u00f3nimas <\/td>\n                    <td style=\"\"> Marcelo L. Perciavalle- Jose Luis Sirena.. 2a ed.. <\/td>\n                    <td style=\"\"> Errepar<\/td>\n                    <td style=\"\">2008<\/td>\n            <\/tr>\n            <tr id=\"table_1_row_350\">\n                    <td style=\"\">2.645<\/td>\n                    <td style=\"\"> Ganancias de primera  segunda y cuarta categor\u00eda <\/td>\n                    <td style=\"\"> M. Josefina Bavera- Gustavo I. Frankel; inspecci\u00f3n Elizabeth R. Lobera. 13a.ed.. <\/td>\n                    <td style=\"\"> Errepar<\/td>\n                    <td style=\"\">2013<\/td>\n            <\/tr>\n            <tr id=\"table_1_row_351\">\n                    <td style=\"\">2.646<\/td>\n                    <td style=\"\"> Ganancias de tercera categor\u00eda <\/td>\n                    <td style=\"\"> Claudia M. Cerchiara  inspecci\u00f3n Elizabeth R. Lobera. 12a. ed.. <\/td>\n                    <td style=\"\"> Errepar<\/td>\n                    <td style=\"\">2013<\/td>\n            <\/tr>\n            <tr id=\"table_1_row_352\">\n                    <td style=\"\">2.647<\/td>\n                    <td style=\"\"> Ganancia m\u00ednima presunta <\/td>\n                    <td style=\"\"> Hern\u00e1n Miguel D`Agostino  inspecci\u00f3n Elizabeth R. Lobera. 13a.ed.. <\/td>\n                    <td style=\"\"> Errepar<\/td>\n                    <td style=\"\">2013<\/td>\n            <\/tr>\n            <tr id=\"table_1_row_353\">\n                    <td style=\"\">2.648<\/td>\n                    <td style=\"\"> Directivos y s\u00edndicos de sociedades frente a los impuestos <\/td>\n                    <td style=\"\"> Juan Oklander- Eduardo Jos\u00e9 N\u00fa\u00f1ez. 1a.ed.. <\/td>\n                    <td style=\"\"> Errepar<\/td>\n                    <td style=\"\">2008<\/td>\n            <\/tr>\n            <tr id=\"table_1_row_354\">\n                    <td style=\"\">2.649<\/td>\n                    <td style=\"\"> Directivos y s\u00edndicos de sociedades frente a los impuestos <\/td>\n                    <td style=\"\"> Juan Oklander- Eduardo Jos\u00e9 N\u00fa\u00f1ez. 1a.ed.. <\/td>\n                    <td style=\"\"> Errepar<\/td>\n                    <td style=\"\">2008<\/td>\n            <\/tr>\n            <tr id=\"table_1_row_355\">\n                    <td style=\"\">2.650<\/td>\n                    <td style=\"\"> Directivos y s\u00edndicos de sociedades frente a los impuestos <\/td>\n                    <td style=\"\"> Juan Oklander- Eduardo Jos\u00e9 N\u00fa\u00f1ez. 1a.ed.. <\/td>\n                    <td style=\"\"> Errepar<\/td>\n                    <td style=\"\">2008<\/td>\n            <\/tr>\n            <tr id=\"table_1_row_356\">\n                    <td style=\"\">2.651<\/td>\n                    <td style=\"\"> Responsabilidad tributaria  previsional y penal tributaria de los administradores de empresas <\/td>\n                    <td style=\"\"> Sergio Armando Simesen de Bielke- Hermosinda Eguez. 1a.ed.. <\/td>\n                    <td style=\"\"> Errepar<\/td>\n                    <td style=\"\">2010<\/td>\n            <\/tr>\n            <tr id=\"table_1_row_357\">\n                    <td style=\"\">2.652<\/td>\n                    <td style=\"\"> La huelga y los procedimientos de soluci\u00f3n de los conflictos colectivos  <\/td>\n                    <td style=\"\"> Julian A. de Diego. 1a.ed.. <\/td>\n                    <td style=\"\"> Errepar<\/td>\n                    <td style=\"\">2006<\/td>\n            <\/tr>\n            <tr id=\"table_1_row_358\">\n                    <td style=\"\">2.653<\/td>\n                    <td style=\"\"> El impuesto de sellos <\/td>\n                    <td style=\"\"> Rub\u00e9n Horacio Malvitano. 1a.ed.. <\/td>\n                    <td style=\"\"> Errepar<\/td>\n                    <td style=\"\">2013<\/td>\n            <\/tr>\n            <tr id=\"table_1_row_359\">\n                    <td style=\"\">2.654<\/td>\n                    <td style=\"\"> Acuerdo preventivo extrajudicial <\/td>\n                    <td style=\"\"> Walter Rub\u00e9n Ton. 1a.ed.. <\/td>\n                    <td style=\"\"> Errepar<\/td>\n                    <td style=\"\">2005<\/td>\n            <\/tr>\n            <tr id=\"table_1_row_360\">\n                    <td style=\"\">2.655<\/td>\n                    <td style=\"\"> Ley de procedimientos administrativos aplicada al procedimiento tributario <\/td>\n                    <td style=\"\"> Ruben Marchevsky. 1a.ed.. <\/td>\n                    <td style=\"\"> Errepar<\/td>\n                    <td style=\"\">2010<\/td>\n            <\/tr>\n            <tr id=\"table_1_row_361\">\n                    <td style=\"\">2.656<\/td>\n                    <td style=\"\"> Ganancias de primera  segunda y cuarta categor\u00eda <\/td>\n                    <td style=\"\"> M. Josefina Bavera- Gustavo I. Frankel; inspecci\u00f3n Elizabeth R. Lobera. 13a.ed.. <\/td>\n                    <td style=\"\"> Errepar<\/td>\n                    <td style=\"\">2013<\/td>\n            <\/tr>\n            <tr id=\"table_1_row_362\">\n                    <td style=\"\">2.658<\/td>\n                    <td style=\"\"> Ganancias de tercera categor\u00eda <\/td>\n                    <td style=\"\"> Claudia M. Cerchiara  inspecci\u00f3n Elizabeth R. Lobera. 12a. ed.. <\/td>\n                    <td style=\"\"> Errepar<\/td>\n                    <td style=\"\">2013<\/td>\n            <\/tr>\n            <tr id=\"table_1_row_363\">\n                    <td style=\"\">2.659<\/td>\n                    <td style=\"\"> Ganancias de tercera categor\u00eda <\/td>\n                    <td style=\"\"> Claudia M. Cerchiara  inspecci\u00f3n Elizabeth R. Lobera. 12a. ed.. <\/td>\n                    <td style=\"\"> Errepar<\/td>\n                    <td style=\"\">2013<\/td>\n            <\/tr>\n            <tr id=\"table_1_row_364\">\n                    <td style=\"\">2.660<\/td>\n                    <td style=\"\"> Concurso preventivo <\/td>\n                    <td style=\"\"> Marina Cresp\u00edn. 3a.ed.. <\/td>\n                    <td style=\"\"> Errepar<\/td>\n                    <td style=\"\">2013<\/td>\n            <\/tr>\n            <tr id=\"table_1_row_365\">\n                    <td style=\"\">2.662<\/td>\n                    <td style=\"\"> Ganancias de tercera categor\u00eda <\/td>\n                    <td style=\"\"> Claudia M. Cerchiara  integraci\u00f3n Fernando L\u00f3pez Chiesa  inspecci\u00f3n Elizabeth R. Lobera. 13a.ed.. <\/td>\n                    <td style=\"\"> Errepar<\/td>\n                    <td style=\"\">2013<\/td>\n            <\/tr>\n            <tr id=\"table_1_row_366\">\n                    <td style=\"\">2.663<\/td>\n                    <td style=\"\"> Ganancias de tercera categor\u00eda <\/td>\n                    <td style=\"\"> Claudia M. Cerchiara  integraci\u00f3n Fernando L\u00f3pez Chiesa  inspecci\u00f3n Elizabeth R. Lobera. 13a.ed.. <\/td>\n                    <td style=\"\"> Errepar<\/td>\n                    <td style=\"\">2013<\/td>\n            <\/tr>\n            <tr id=\"table_1_row_367\">\n                    <td style=\"\">2.664<\/td>\n                    <td style=\"\"> Concursos y quiebras <\/td>\n                    <td style=\"\"> Eduardo M. Favier-Dubois. 3a ed.. <\/td>\n                    <td style=\"\"> Errepar<\/td>\n                    <td style=\"\">2012<\/td>\n            <\/tr>\n            <tr id=\"table_1_row_368\">\n                    <td style=\"\">2.665<\/td>\n                    <td style=\"\"> Manual de sociedades extranjeras <\/td>\n                    <td style=\"\"> Marcelo L.Perciavalle. 1a.ed.. <\/td>\n                    <td style=\"\"> Errepar<\/td>\n                    <td style=\"\">2008<\/td>\n            <\/tr>\n            <tr id=\"table_1_row_369\">\n                    <td style=\"\">2.666<\/td>\n                    <td style=\"\"> El convenio multilateral del impuesto sobre los ingresos brutos <\/td>\n                    <td style=\"\"> Luis Manuel Halley Cabrera- Ra\u00fal Enrique Karaben. 1a.ed.. <\/td>\n                    <td style=\"\"> Errepar<\/td>\n                    <td style=\"\">2011<\/td>\n            <\/tr>\n            <tr id=\"table_1_row_370\">\n                    <td style=\"\">2.667<\/td>\n                    <td style=\"\"> El convenio multilateral del impuesto sobre los ingresos brutos <\/td>\n                    <td style=\"\"> Luis Manuel Halley Cabrera- Ra\u00fal Enrique Karaben. 1a.ed.. <\/td>\n                    <td style=\"\"> Errepar<\/td>\n                    <td style=\"\">2011<\/td>\n            <\/tr>\n            <tr id=\"table_1_row_371\">\n                    <td style=\"\">2.668<\/td>\n                    <td style=\"\"> Impuesto a la ganancia m\u00ednima presunta <\/td>\n                    <td style=\"\"> Jorge Gerbhardt. 2a ed.. <\/td>\n                    <td style=\"\"> Errepar<\/td>\n                    <td style=\"\">2013<\/td>\n            <\/tr>\n            <tr id=\"table_1_row_372\">\n                    <td style=\"\">2.669<\/td>\n                    <td style=\"\"> Impuesto a la ganancia m\u00ednima presunta <\/td>\n                    <td style=\"\"> Jorge Gerbhardt. 2a ed.. <\/td>\n                    <td style=\"\"> Errepar<\/td>\n                    <td style=\"\">2013<\/td>\n            <\/tr>\n            <tr id=\"table_1_row_373\">\n                    <td style=\"\">2.676<\/td>\n                    <td style=\"\"> SAC y vacaciones <\/td>\n                    <td style=\"\"> colaboracion de Gustavo R. Seg\u00fa. 1a ed.. <\/td>\n                    <td style=\"\"> Errepar<\/td>\n                    <td style=\"\">2012<\/td>\n            <\/tr>\n            <tr id=\"table_1_row_374\">\n                    <td style=\"\">2.677<\/td>\n                    <td style=\"\"> Responsabilidad <\/td>\n                    <td style=\"\"> Marcelo L.Perciavalle. 1a.ed.. <\/td>\n                    <td style=\"\"> Errepar<\/td>\n                    <td style=\"\">2008<\/td>\n            <\/tr>\n            <tr id=\"table_1_row_375\">\n                    <td style=\"\">2.678<\/td>\n                    <td style=\"\"> Jubilaciones & pensiones <\/td>\n                    <td style=\"\">  Mar\u00eda Delia Lodi-Fe. 2a.ed.. <\/td>\n                    <td style=\"\"> Errepar<\/td>\n                    <td style=\"\">2010<\/td>\n            <\/tr>\n            <tr id=\"table_1_row_376\">\n                    <td style=\"\">2.679<\/td>\n                    <td style=\"\"> Historia de la tributaci\u00f3n argentina (1810 - 2010) <\/td>\n                    <td style=\"\"> Directores Horacio A. Garc\u00eda Belsunce- Vicente Oscar D\u00edaz. 1a.ed.. <\/td>\n                    <td style=\"\"> Errepar<\/td>\n                    <td style=\"\">2010<\/td>\n            <\/tr>\n            <tr id=\"table_1_row_377\">\n                    <td style=\"\">2.680<\/td>\n                    <td style=\"\"> Proyecto laboral asociactivo para PyME <\/td>\n                    <td style=\"\"> Alberto A. Alippe. 1a.ed.. <\/td>\n                    <td style=\"\"> Osmar Buyatti librer\u00eda editorial<\/td>\n                    <td style=\"\">2006<\/td>\n            <\/tr>\n            <tr id=\"table_1_row_378\">\n                    <td style=\"\">2.681<\/td>\n                    <td style=\"\"> Proyecto laboral asociactivo para PyME <\/td>\n                    <td style=\"\"> Alberto A. Alippe. 1a.ed.. <\/td>\n                    <td style=\"\"> Osmar Buyatti librer\u00eda editorial<\/td>\n                    <td style=\"\">2006<\/td>\n            <\/tr>\n            <tr id=\"table_1_row_379\">\n                    <td style=\"\">2.682<\/td>\n                    <td style=\"\"> Decisiones empresarias <\/td>\n                    <td style=\"\"> Ana Maria Buzzi. 2a.ed.. <\/td>\n                    <td style=\"\"> Osmar Buyatti<\/td>\n                    <td style=\"\">2010<\/td>\n            <\/tr>\n            <tr id=\"table_1_row_380\">\n                    <td style=\"\">2.683<\/td>\n                    <td style=\"\"> Decisiones empresarias <\/td>\n                    <td style=\"\"> Ana Maria Buzzi. 2a.ed.. <\/td>\n                    <td style=\"\"> Osmar Buyatti<\/td>\n                    <td style=\"\">2010<\/td>\n            <\/tr>\n            <tr id=\"table_1_row_381\">\n                    <td style=\"\">2.684<\/td>\n                    <td style=\"\"> Finanzas p\u00fablicas y control <\/td>\n                    <td style=\"\"> Miguel A. Bolivar. 1a.ed.. <\/td>\n                    <td style=\"\"> Osmar D. Buyatti librer\u00eda editorial<\/td>\n                    <td style=\"\">2012<\/td>\n            <\/tr>\n            <tr id=\"table_1_row_382\">\n                    <td style=\"\">2.685<\/td>\n                    <td style=\"\"> Finanzas de empresa <\/td>\n                    <td style=\"\"> Roberto L. Drimer. 2a ed.. <\/td>\n                    <td style=\"\"> Osmar D. Buyatti<\/td>\n                    <td style=\"\">2001<\/td>\n            <\/tr>\n            <tr id=\"table_1_row_383\">\n                    <td style=\"\">2.686<\/td>\n                    <td style=\"\"> An\u00e1lisis de empresas y riesgo crediticio <\/td>\n                    <td style=\"\"> Maria Alicia Garcia. 1a.ed.. <\/td>\n                    <td style=\"\"> Osmar D. Buyatti<\/td>\n                    <td style=\"\">2010<\/td>\n            <\/tr>\n            <tr id=\"table_1_row_384\">\n                    <td style=\"\">2.687<\/td>\n                    <td style=\"\"> An\u00e1lisis de empresas y riesgo crediticio <\/td>\n                    <td style=\"\"> Maria Alicia Garcia. 1a.ed.. <\/td>\n                    <td style=\"\"> Osmar D. Buyatti<\/td>\n                    <td style=\"\">2010<\/td>\n            <\/tr>\n            <tr id=\"table_1_row_385\">\n                    <td style=\"\">2.688<\/td>\n                    <td style=\"\"> T\u00e9cnicas de gesti\u00f3n para microempresarios  <\/td>\n                    <td style=\"\"> Coordinador- Miguel Angel Vicente. <\/td>\n                    <td style=\"\"> Osmar D. Buyatti<\/td>\n                    <td style=\"\">1999<\/td>\n            <\/tr>\n            <tr id=\"table_1_row_386\">\n                    <td style=\"\">2.689<\/td>\n                    <td style=\"\"> T\u00e9cnicas de gesti\u00f3n para microempresarios  <\/td>\n                    <td style=\"\"> Coordinador- Miguel Angel Vicente. <\/td>\n                    <td style=\"\"> Osmar D. Buyatti<\/td>\n                    <td style=\"\">1999<\/td>\n            <\/tr>\n            <tr id=\"table_1_row_387\">\n                    <td style=\"\">2.690<\/td>\n                    <td style=\"\"> Cursogramas <\/td>\n                    <td style=\"\"> Miguel Jorge Klein. 6a ed.. <\/td>\n                    <td style=\"\"> Osmar D. Buyatti<\/td>\n                    <td style=\"\">2010<\/td>\n            <\/tr>\n            <tr id=\"table_1_row_388\">\n                    <td style=\"\">2.691<\/td>\n                    <td style=\"\"> Cursogramas <\/td>\n                    <td style=\"\"> Miguel Jorge Klein. 6a ed.. <\/td>\n                    <td style=\"\"> Osmar D. Buyatti<\/td>\n                    <td style=\"\">2010<\/td>\n            <\/tr>\n            <tr id=\"table_1_row_389\">\n                    <td style=\"\">2.692<\/td>\n                    <td style=\"\"> Gesti\u00f3n de responsabilidad social empresaria <\/td>\n                    <td style=\"\"> Jorge R. Volpentesta. 2a ed.. <\/td>\n                    <td style=\"\"> Osmar D. Buyati<\/td>\n                    <td style=\"\">2009<\/td>\n            <\/tr>\n            <tr id=\"table_1_row_390\">\n                    <td style=\"\">2.694<\/td>\n                    <td style=\"\"> Fuentes de financiaci\u00f3n  <\/td>\n                    <td style=\"\"> Jose M.Porto. 2a ed. actualizada y ampliada. <\/td>\n                    <td style=\"\"> Osmar D. Buyatti<\/td>\n                    <td style=\"\">2010<\/td>\n            <\/tr>\n            <tr id=\"table_1_row_391\">\n                    <td style=\"\">2.695<\/td>\n                    <td style=\"\"> Los servicios relacionados con la salud <\/td>\n                    <td style=\"\"> Carlos E. Spina- Enrique M. Gim\u00e9nez- Ruben A. Scaletta. 1a.ed.. <\/td>\n                    <td style=\"\"> Osmar D. Buyatti<\/td>\n                    <td style=\"\">2007<\/td>\n            <\/tr>\n            <tr id=\"table_1_row_392\">\n                    <td style=\"\">2.696<\/td>\n                    <td style=\"\"> Los servicios relacionados con la salud <\/td>\n                    <td style=\"\"> Carlos E. Spina- Enrique M. Gim\u00e9nez- Ruben A. Scaletta. 1a.ed.. <\/td>\n                    <td style=\"\"> Osmar D. Buyatti<\/td>\n                    <td style=\"\">2007<\/td>\n            <\/tr>\n            <tr id=\"table_1_row_393\">\n                    <td style=\"\">2.697<\/td>\n                    <td style=\"\"> La gesti\u00f3n ambiental en la empresa <\/td>\n                    <td style=\"\"> Patricia Kent. 1a.ed.. <\/td>\n                    <td style=\"\"> Osmar D. Buyatti librer\u00eda editorial<\/td>\n                    <td style=\"\">1999<\/td>\n            <\/tr>\n            <tr id=\"table_1_row_394\">\n                    <td style=\"\">2.698<\/td>\n                    <td style=\"\"> Administraci\u00f3n aplicada a organizaciones de salud. 1a.ed.. <\/td>\n                    <td style=\"\">-<\/td>\n                    <td style=\"\"> Osmar D. Buyatti librer\u00eda editorial<\/td>\n                    <td style=\"\">1997<\/td>\n            <\/tr>\n            <tr id=\"table_1_row_395\">\n                    <td style=\"\">2.699<\/td>\n                    <td style=\"\"> Administraci\u00f3n aplicada a organizaciones de salud. 1a.ed.. <\/td>\n                    <td style=\"\">-<\/td>\n                    <td style=\"\"> Osmar D. Buyatti librer\u00eda editorial<\/td>\n                    <td style=\"\">1997<\/td>\n            <\/tr>\n            <tr id=\"table_1_row_396\">\n                    <td style=\"\">2.700<\/td>\n                    <td style=\"\"> Finanzas de empresa <\/td>\n                    <td style=\"\"> Roberto L. Drimer. 2a ed.. <\/td>\n                    <td style=\"\"> Osmar D. Buyatti<\/td>\n                    <td style=\"\">2001<\/td>\n            <\/tr>\n            <tr id=\"table_1_row_397\">\n                    <td style=\"\">2.701<\/td>\n                    <td style=\"\"> Sistemas administrativos y control interno <\/td>\n                    <td style=\"\"> Jos\u00e9 Luis Pungitore. 2a.ed.. <\/td>\n                    <td style=\"\"> Osmar D.Buyatti librer\u00eda editorial<\/td>\n                    <td style=\"\">2013<\/td>\n            <\/tr>\n            <tr id=\"table_1_row_398\">\n                    <td style=\"\">2.702<\/td>\n                    <td style=\"\"> Sistemas administrativos y control interno <\/td>\n                    <td style=\"\"> Jos\u00e9 Luis Pungitore. 2a.ed.. <\/td>\n                    <td style=\"\"> Osmar D.Buyatti librer\u00eda editorial<\/td>\n                    <td style=\"\">2013<\/td>\n            <\/tr>\n            <tr id=\"table_1_row_399\">\n                    <td style=\"\">2.736<\/td>\n                    <td style=\"\"> Fundamentos de f\u00edsica <\/td>\n                    <td style=\"\"> Raymond A. Serway- Chris Vuille. 9a ed.. <\/td>\n                    <td style=\"\"> Cencage learning<\/td>\n                    <td style=\"\">2013<\/td>\n            <\/tr>\n            <tr id=\"table_1_row_400\">\n                    <td style=\"\">2.812<\/td>\n                    <td style=\"\"> Nutrici\u00f3n y bromatolog\u00eda <\/td>\n                    <td style=\"\"> Claudia Kuklinski. <\/td>\n                    <td style=\"\"> Omega<\/td>\n                    <td style=\"\">2003<\/td>\n            <\/tr>\n            <tr id=\"table_1_row_401\">\n                    <td style=\"\">2.965<\/td>\n                    <td style=\"\"> Manual de diagn\u00f3stico participativo <\/td>\n                    <td style=\"\"> Alfredo Astorga- Bart Van Der Bijt. <\/td>\n                    <td style=\"\"> Cemep Adis<\/td>\n                    <td style=\"\">-<\/td>\n            <\/tr>\n            <tr id=\"table_1_row_402\">\n                    <td style=\"\">2.966<\/td>\n                    <td style=\"\"> Manual de diagn\u00f3stico participativo <\/td>\n                    <td style=\"\"> Alfredo Astorga- Bart Van Der Bijt. <\/td>\n                    <td style=\"\"> Cemep Adis<\/td>\n                    <td style=\"\">-<\/td>\n            <\/tr>\n            <tr id=\"table_1_row_403\">\n                    <td style=\"\">3.040<\/td>\n                    <td style=\"\"> Curso sobre teor\u00eda del estado <\/td>\n                    <td style=\"\"> Dr.Guillermo E.G. Hassel. 1a ed.. <\/td>\n                    <td style=\"\"> TJM<\/td>\n                    <td style=\"\">-<\/td>\n            <\/tr>\n            <tr id=\"table_1_row_404\">\n                    <td style=\"\">3.041<\/td>\n                    <td style=\"\"> Curso sobre teor\u00eda del estado <\/td>\n                    <td style=\"\"> Dr.Guillermo E.G. Hassel. 1a ed.. <\/td>\n                    <td style=\"\"> TJM<\/td>\n                    <td style=\"\">-<\/td>\n            <\/tr>\n            <tr id=\"table_1_row_405\">\n                    <td style=\"\">3.041<\/td>\n                    <td style=\"\"> Curso sobre teor\u00eda del estado <\/td>\n                    <td style=\"\"> Dr.Guillermo E.G. Hassel. 1a ed.. <\/td>\n                    <td style=\"\"> TJM<\/td>\n                    <td style=\"\">-<\/td>\n            <\/tr>\n            <tr id=\"table_1_row_406\">\n                    <td style=\"\">3.042<\/td>\n                    <td style=\"\"> Curso sobre teor\u00eda del estado <\/td>\n                    <td style=\"\"> Dr.Guillermo E.G. Hassel. 1a ed.. <\/td>\n                    <td style=\"\"> TJM<\/td>\n                    <td style=\"\">-<\/td>\n            <\/tr>\n            <tr id=\"table_1_row_407\">\n                    <td style=\"\">3.043<\/td>\n                    <td style=\"\"> Curso sobre teor\u00eda del estado <\/td>\n                    <td style=\"\"> Dr.Guillermo E.G. Hassel. 1a ed.. <\/td>\n                    <td style=\"\"> TJM<\/td>\n                    <td style=\"\">-<\/td>\n            <\/tr>\n            <tr id=\"table_1_row_408\">\n                    <td style=\"\">3.044<\/td>\n                    <td style=\"\"> Curso sobre teor\u00eda del estado <\/td>\n                    <td style=\"\"> Dr.Guillermo E.G. Hassel. 1a ed.. <\/td>\n                    <td style=\"\"> TJM<\/td>\n                    <td style=\"\">-<\/td>\n            <\/tr>\n            <tr id=\"table_1_row_409\">\n                    <td style=\"\">3.045<\/td>\n                    <td style=\"\"> Curso sobre teor\u00eda del estado <\/td>\n                    <td style=\"\"> Dr.Guillermo E.G. Hassel. 1a ed.. <\/td>\n                    <td style=\"\"> TJM<\/td>\n                    <td style=\"\">-<\/td>\n            <\/tr>\n            <tr id=\"table_1_row_410\">\n                    <td style=\"\">3.046<\/td>\n                    <td style=\"\"> Curso sobre teor\u00eda del estado <\/td>\n                    <td style=\"\"> Dr.Guillermo E.G. Hassel. 1a ed.. <\/td>\n                    <td style=\"\"> TJM<\/td>\n                    <td style=\"\">-<\/td>\n            <\/tr>\n            <tr id=\"table_1_row_411\">\n                    <td style=\"\">3.047<\/td>\n                    <td style=\"\"> Curso sobre teor\u00eda del estado <\/td>\n                    <td style=\"\"> Dr.Guillermo E.G. Hassel. 1a ed.. <\/td>\n                    <td style=\"\"> TJM<\/td>\n                    <td style=\"\">-<\/td>\n            <\/tr>\n            <tr id=\"table_1_row_412\">\n                    <td style=\"\">3.048<\/td>\n                    <td style=\"\"> Curso sobre teor\u00eda del estado <\/td>\n                    <td style=\"\"> Dr.Guillermo E.G. Hassel. 1a ed.. <\/td>\n                    <td style=\"\"> TJM<\/td>\n                    <td style=\"\">-<\/td>\n            <\/tr>\n            <tr id=\"table_1_row_413\">\n                    <td style=\"\">3.049<\/td>\n                    <td style=\"\"> Curso sobre teor\u00eda del estado <\/td>\n                    <td style=\"\"> Dr.Guillermo E.G. Hassel. 1a ed.. <\/td>\n                    <td style=\"\"> TJM<\/td>\n                    <td style=\"\">-<\/td>\n            <\/tr>\n            <tr id=\"table_1_row_414\">\n                    <td style=\"\">3.070<\/td>\n                    <td style=\"\"> Micosis broncopulmonares  <\/td>\n                    <td style=\"\"> Pedro Rubinstein- Ricardo Negroni. 2a ed.. <\/td>\n                    <td style=\"\"> Beta<\/td>\n                    <td style=\"\">1981<\/td>\n            <\/tr>\n            <tr id=\"table_1_row_415\">\n                    <td style=\"\">3.078<\/td>\n                    <td style=\"\"> La quinta disciplina <\/td>\n                    <td style=\"\"> Peter M. Senge. <\/td>\n                    <td style=\"\"> Granica<\/td>\n                    <td style=\"\">1990<\/td>\n            <\/tr>\n            <tr id=\"table_1_row_416\">\n                    <td style=\"\">3.334<\/td>\n                    <td style=\"\"> El pensamiento organizativo <\/td>\n                    <td style=\"\"> Bernardo Kliksberg. 13a.ed. actualizada y ampliada. <\/td>\n                    <td style=\"\"> Tesis Grupo<\/td>\n                    <td style=\"\">1995<\/td>\n            <\/tr>\n            <tr id=\"table_1_row_417\">\n                    <td style=\"\">3.374<\/td>\n                    <td style=\"\"> Microbiolog\u00eda <\/td>\n                    <td style=\"\"> Raquel Granados P\u00e9rez- M\u00aa Carmen Villaverde Peris. 1a ed. especial. <\/td>\n                    <td style=\"\"> Jer\u00e9z <\/td>\n                    <td style=\"\">2017<\/td>\n            <\/tr>\n            <tr id=\"table_1_row_418\">\n                    <td style=\"\">3.375<\/td>\n                    <td style=\"\"> Microbiolog\u00eda <\/td>\n                    <td style=\"\"> Raquel Granados P\u00e9rez- M\u00aa Carmen Villaverde Peris. 1a ed. especial. <\/td>\n                    <td style=\"\"> Jer\u00e9z <\/td>\n                    <td style=\"\">2017<\/td>\n            <\/tr>\n            <tr id=\"table_1_row_419\">\n                    <td style=\"\">3.376<\/td>\n                    <td style=\"\"> Microbiolog\u00eda <\/td>\n                    <td style=\"\"> Raquel Granados P\u00e9rez- M\u00aa Carmen Villaverde Peris. 1a ed. especial. <\/td>\n                    <td style=\"\"> Jer\u00e9z <\/td>\n                    <td style=\"\">2017<\/td>\n            <\/tr>\n            <tr id=\"table_1_row_420\">\n                    <td style=\"\">3.377<\/td>\n                    <td style=\"\"> Qu\u00edmica anal\u00edtica cualitativa <\/td>\n                    <td style=\"\"> Fernando Burriel Marti...[et.al.]. <\/td>\n                    <td style=\"\"> Jerez Ediciones<\/td>\n                    <td style=\"\">2017<\/td>\n            <\/tr>\n            <tr id=\"table_1_row_421\">\n                    <td style=\"\">3.378<\/td>\n                    <td style=\"\"> Qu\u00edmica anal\u00edtica cualitativa <\/td>\n                    <td style=\"\"> Fernando Burriel Marti...[et.al.]. <\/td>\n                    <td style=\"\"> Jerez Ediciones<\/td>\n                    <td style=\"\">2017<\/td>\n            <\/tr>\n            <tr id=\"table_1_row_422\">\n                    <td style=\"\">3.379<\/td>\n                    <td style=\"\"> Qu\u00edmica anal\u00edtica cualitativa <\/td>\n                    <td style=\"\"> Fernando Burriel Marti...[et.al.]. <\/td>\n                    <td style=\"\"> Jerez Ediciones<\/td>\n                    <td style=\"\">2017<\/td>\n            <\/tr>\n            <tr id=\"table_1_row_423\">\n                    <td style=\"\">3.381<\/td>\n                    <td style=\"\"> Microbiolog\u00eda <\/td>\n                    <td style=\"\"> Raquel Granados P\u00e9rez- M\u00aa Carmen Villaverde Peris. 1a ed. especial. <\/td>\n                    <td style=\"\"> Jer\u00e9z <\/td>\n                    <td style=\"\">2017<\/td>\n            <\/tr>\n            <tr id=\"table_1_row_424\">\n                    <td style=\"\">3.382<\/td>\n                    <td style=\"\"> Microbiolog\u00eda <\/td>\n                    <td style=\"\"> Raquel Granados P\u00e9rez- M\u00aa Carmen Villaverde Peris. 1a ed. especial. <\/td>\n                    <td style=\"\"> Jer\u00e9z <\/td>\n                    <td style=\"\">2017<\/td>\n            <\/tr>\n            <tr id=\"table_1_row_425\">\n                    <td style=\"\">3.389<\/td>\n                    <td style=\"\"> Calidad <\/td>\n                    <td style=\"\"> Pablo Alcalde San Miguel. 2a ed.. <\/td>\n                    <td style=\"\"> Paraninfo<\/td>\n                    <td style=\"\">2017<\/td>\n            <\/tr>\n            <tr id=\"table_1_row_426\">\n                    <td style=\"\">3.390<\/td>\n                    <td style=\"\"> Calidad <\/td>\n                    <td style=\"\"> Pablo Alcalde San Miguel. 2a ed.. <\/td>\n                    <td style=\"\"> Paraninfo<\/td>\n                    <td style=\"\">2017<\/td>\n            <\/tr>\n            <tr id=\"table_1_row_427\">\n                    <td style=\"\">3.392<\/td>\n                    <td style=\"\"> Calidad <\/td>\n                    <td style=\"\"> Pablo Alcalde San Miguel. 2a ed.. <\/td>\n                    <td style=\"\"> Paraninfo<\/td>\n                    <td style=\"\">2017<\/td>\n            <\/tr>\n            <tr id=\"table_1_row_428\">\n                    <td style=\"\">3.393<\/td>\n                    <td style=\"\"> Calidad <\/td>\n                    <td style=\"\"> Pablo Alcalde San Miguel. 2a ed.. <\/td>\n                    <td style=\"\"> Paraninfo<\/td>\n                    <td style=\"\">2017<\/td>\n            <\/tr>\n            <tr id=\"table_1_row_429\">\n                    <td style=\"\">3.394<\/td>\n                    <td style=\"\"> Calidad <\/td>\n                    <td style=\"\"> Pablo Alcalde San Miguel. 2a ed.. <\/td>\n                    <td style=\"\"> Paraninfo<\/td>\n                    <td style=\"\">2017<\/td>\n            <\/tr>\n            <tr id=\"table_1_row_430\">\n                    <td style=\"\">3.395<\/td>\n                    <td style=\"\"> Calidad <\/td>\n                    <td style=\"\"> Pablo Alcalde San Miguel. 2a ed.. <\/td>\n                    <td style=\"\"> Paraninfo<\/td>\n                    <td style=\"\">2017<\/td>\n            <\/tr>\n            <tr id=\"table_1_row_431\">\n                    <td style=\"\">3.396<\/td>\n                    <td style=\"\"> Calidad <\/td>\n                    <td style=\"\"> Pablo Alcalde San Miguel. 2a ed.. <\/td>\n                    <td style=\"\"> Paraninfo<\/td>\n                    <td style=\"\">2017<\/td>\n            <\/tr>\n            <tr id=\"table_1_row_432\">\n                    <td style=\"\">3.397<\/td>\n                    <td style=\"\"> Calidad <\/td>\n                    <td style=\"\"> Pablo Alcalde San Miguel. 2a ed.. <\/td>\n                    <td style=\"\"> Paraninfo<\/td>\n                    <td style=\"\">2017<\/td>\n            <\/tr>\n            <tr id=\"table_1_row_433\">\n                    <td style=\"\">3.398<\/td>\n                    <td style=\"\"> Calidad <\/td>\n                    <td style=\"\"> Pablo Alcalde San Miguel. 2a ed.. <\/td>\n                    <td style=\"\"> Paraninfo<\/td>\n                    <td style=\"\">2017<\/td>\n            <\/tr>\n            <tr id=\"table_1_row_434\">\n                    <td style=\"\">3.399<\/td>\n                    <td style=\"\"> Calidad <\/td>\n                    <td style=\"\"> Pablo Alcalde San Miguel. 2a ed.. <\/td>\n                    <td style=\"\"> Paraninfo<\/td>\n                    <td style=\"\">2017<\/td>\n            <\/tr>\n            <tr id=\"table_1_row_435\">\n                    <td style=\"\">3.400<\/td>\n                    <td style=\"\"> Calidad <\/td>\n                    <td style=\"\"> Pablo Alcalde San Miguel. 2a ed.. <\/td>\n                    <td style=\"\"> Paraninfo<\/td>\n                    <td style=\"\">2017<\/td>\n            <\/tr>\n            <tr id=\"table_1_row_436\">\n                    <td style=\"\">3.401<\/td>\n                    <td style=\"\"> Calidad <\/td>\n                    <td style=\"\"> Pablo Alcalde San Miguel. 2a ed.. <\/td>\n                    <td style=\"\"> Paraninfo<\/td>\n                    <td style=\"\">2017<\/td>\n            <\/tr>\n            <tr id=\"table_1_row_437\">\n                    <td style=\"\">3.402<\/td>\n                    <td style=\"\"> Calidad <\/td>\n                    <td style=\"\"> Pablo Alcalde San Miguel. 2a ed.. <\/td>\n                    <td style=\"\"> Paraninfo<\/td>\n                    <td style=\"\">2017<\/td>\n            <\/tr>\n            <tr id=\"table_1_row_438\">\n                    <td style=\"\">3.403<\/td>\n                    <td style=\"\"> Calidad <\/td>\n                    <td style=\"\"> Pablo Alcalde San Miguel. 2a ed.. <\/td>\n                    <td style=\"\"> Paraninfo<\/td>\n                    <td style=\"\">2017<\/td>\n            <\/tr>\n            <tr id=\"table_1_row_439\">\n                    <td style=\"\">3.404<\/td>\n                    <td style=\"\"> Calidad <\/td>\n                    <td style=\"\"> Pablo Alcalde San Miguel. 2a ed.. <\/td>\n                    <td style=\"\"> Paraninfo<\/td>\n                    <td style=\"\">2017<\/td>\n            <\/tr>\n            <tr id=\"table_1_row_440\">\n                    <td style=\"\">3.405<\/td>\n                    <td style=\"\"> Calidad <\/td>\n                    <td style=\"\"> Pablo Alcalde San Miguel. 2a ed.. <\/td>\n                    <td style=\"\"> Paraninfo<\/td>\n                    <td style=\"\">2017<\/td>\n            <\/tr>\n            <tr id=\"table_1_row_441\">\n                    <td style=\"\">3.406<\/td>\n                    <td style=\"\"> Calidad <\/td>\n                    <td style=\"\"> Pablo Alcalde San Miguel. 2a ed.. <\/td>\n                    <td style=\"\"> Paraninfo<\/td>\n                    <td style=\"\">2017<\/td>\n            <\/tr>\n            <tr id=\"table_1_row_442\">\n                    <td style=\"\">3.407<\/td>\n                    <td style=\"\"> Calidad <\/td>\n                    <td style=\"\"> Pablo Alcalde San Miguel. 2a ed.. <\/td>\n                    <td style=\"\"> Paraninfo<\/td>\n                    <td style=\"\">2017<\/td>\n            <\/tr>\n            <tr id=\"table_1_row_443\">\n                    <td style=\"\">3.408<\/td>\n                    <td style=\"\"> Calidad <\/td>\n                    <td style=\"\"> Pablo Alcalde San Miguel. 2a ed.. <\/td>\n                    <td style=\"\"> Paraninfo<\/td>\n                    <td style=\"\">2017<\/td>\n            <\/tr>\n            <tr id=\"table_1_row_444\">\n                    <td style=\"\">3.409<\/td>\n                    <td style=\"\"> Calidad <\/td>\n                    <td style=\"\"> Pablo Alcalde San Miguel. 2a ed.. <\/td>\n                    <td style=\"\"> Paraninfo<\/td>\n                    <td style=\"\">2017<\/td>\n            <\/tr>\n            <tr id=\"table_1_row_445\">\n                    <td style=\"\">3.410<\/td>\n                    <td style=\"\"> Calidad <\/td>\n                    <td style=\"\"> Pablo Alcalde San Miguel. 2a ed.. <\/td>\n                    <td style=\"\"> Paraninfo<\/td>\n                    <td style=\"\">2017<\/td>\n            <\/tr>\n            <tr id=\"table_1_row_446\">\n                    <td style=\"\">3.411<\/td>\n                    <td style=\"\"> Calidad <\/td>\n                    <td style=\"\"> Pablo Alcalde San Miguel. 2a ed.. <\/td>\n                    <td style=\"\"> Paraninfo<\/td>\n                    <td style=\"\">2017<\/td>\n            <\/tr>\n            <tr id=\"table_1_row_447\">\n                    <td style=\"\">3.439<\/td>\n                    <td style=\"\"> Decisiones empresarias <\/td>\n                    <td style=\"\"> Ana Maria Buzzi. 2a.ed.. <\/td>\n                    <td style=\"\"> Osmar Buyatti<\/td>\n                    <td style=\"\">2010<\/td>\n            <\/tr>\n            <tr id=\"table_1_row_448\">\n                    <td style=\"\">3.515<\/td>\n                    <td style=\"\"> Las cooperativas y las mutuales en la Rep\u00fablica Argentina <\/td>\n                    <td style=\"\"> Carmen B\u00e1ez coordinadora  Guillermo Martini director.. 2a ed.. <\/td>\n                    <td style=\"\"> INAES<\/td>\n                    <td style=\"\">2008<\/td>\n            <\/tr>\n            <tr id=\"table_1_row_449\">\n                    <td style=\"\">3.612<\/td>\n                    <td style=\"\"> Como dirigir una PYME <\/td>\n                    <td style=\"\"> Daniel- Jorge. 1a ed. mayo 2002- 2a.ed.mayo 2007. <\/td>\n                    <td style=\"\"> Valletta Ediciones<\/td>\n                    <td style=\"\">2007<\/td>\n            <\/tr>\n            <tr id=\"table_1_row_450\">\n                    <td style=\"\">3.613<\/td>\n                    <td style=\"\"> Como dirigir una PYME <\/td>\n                    <td style=\"\"> Daniel- Jorge. 1a ed. mayo 2002- 2a.ed.mayo 2007. <\/td>\n                    <td style=\"\"> Valletta Ediciones<\/td>\n                    <td style=\"\">2007<\/td>\n            <\/tr>\n            <tr id=\"table_1_row_451\">\n                    <td style=\"\">3.614<\/td>\n                    <td style=\"\"> Como dirigir una PYME <\/td>\n                    <td style=\"\"> Daniel- Jorge. 1a ed. mayo 2002- 2a.ed.mayo 2007. <\/td>\n                    <td style=\"\"> Valletta Ediciones<\/td>\n                    <td style=\"\">2007<\/td>\n            <\/tr>\n            <tr id=\"table_1_row_452\">\n                    <td style=\"\">3.615<\/td>\n                    <td style=\"\"> Contabilidad <\/td>\n                    <td style=\"\"> V\u00edctor Alberto Varas. 2a ed.. <\/td>\n                    <td style=\"\"> Errepar<\/td>\n                    <td style=\"\">2006<\/td>\n            <\/tr>\n            <tr id=\"table_1_row_453\">\n                    <td style=\"\">3.637<\/td>\n                    <td style=\"\"> Contratos civiles y comerciales <\/td>\n                    <td style=\"\"> Gabriel de Reina Tarti\u00e9re Coordinador.. 1a ed.. <\/td>\n                    <td style=\"\"> Heliasta<\/td>\n                    <td style=\"\">2010<\/td>\n            <\/tr>\n            <tr id=\"table_1_row_454\">\n                    <td style=\"\">3.661<\/td>\n                    <td style=\"\"> Presentaci\u00f3n de estados contables <\/td>\n                    <td style=\"\"> H\u00e9ctor Mauricio Paulone- Alberto veiras. 2a ed.. <\/td>\n                    <td style=\"\"> Errepar<\/td>\n                    <td style=\"\">2009<\/td>\n            <\/tr>\n            <tr id=\"table_1_row_455\">\n                    <td style=\"\">3.662<\/td>\n                    <td style=\"\"> Presentaci\u00f3n de estados contables <\/td>\n                    <td style=\"\"> H\u00e9ctor Mauricio Paulone- Alberto veiras. 2a ed.. <\/td>\n                    <td style=\"\"> Errepar<\/td>\n                    <td style=\"\">2009<\/td>\n            <\/tr>\n            <tr id=\"table_1_row_456\">\n                    <td style=\"\">3.663<\/td>\n                    <td style=\"\"> Presentaci\u00f3n de estados contables <\/td>\n                    <td style=\"\"> H\u00e9ctor Mauricio Paulone- Alberto veiras. 2a ed.. <\/td>\n                    <td style=\"\"> Errepar<\/td>\n                    <td style=\"\">2009<\/td>\n            <\/tr>\n            <tr id=\"table_1_row_457\">\n                    <td style=\"\">3.664<\/td>\n                    <td style=\"\"> Presentaci\u00f3n de estados contables <\/td>\n                    <td style=\"\"> H\u00e9ctor Mauricio Paulone- Alberto veiras. 2a ed.. <\/td>\n                    <td style=\"\"> Errepar<\/td>\n                    <td style=\"\">2009<\/td>\n            <\/tr>\n            <tr id=\"table_1_row_458\">\n                    <td style=\"\">3.665<\/td>\n                    <td style=\"\"> Presentaci\u00f3n de estados contables <\/td>\n                    <td style=\"\"> H\u00e9ctor Mauricio Paulone- Alberto veiras. 2a ed.. <\/td>\n                    <td style=\"\"> Errepar<\/td>\n                    <td style=\"\">2009<\/td>\n            <\/tr>\n            <tr id=\"table_1_row_459\">\n                    <td style=\"\">3.666<\/td>\n                    <td style=\"\"> Presentaci\u00f3n de estados contables <\/td>\n                    <td style=\"\"> H\u00e9ctor Mauricio Paulone- Alberto veiras. 2a ed.. <\/td>\n                    <td style=\"\"> Errepar<\/td>\n                    <td style=\"\">2009<\/td>\n            <\/tr>\n            <tr id=\"table_1_row_460\">\n                    <td style=\"\">3.667<\/td>\n                    <td style=\"\"> Presentaci\u00f3n de estados contables <\/td>\n                    <td style=\"\"> H\u00e9ctor Mauricio Paulone- Alberto veiras. 2a ed.. <\/td>\n                    <td style=\"\"> Errepar<\/td>\n                    <td style=\"\">2009<\/td>\n            <\/tr>\n            <tr id=\"table_1_row_461\">\n                    <td style=\"\">3.668<\/td>\n                    <td style=\"\"> Presentaci\u00f3n de estados contables <\/td>\n                    <td style=\"\"> H\u00e9ctor Mauricio Paulone- Alberto veiras. 2a ed.. <\/td>\n                    <td style=\"\"> Errepar<\/td>\n                    <td style=\"\">2009<\/td>\n            <\/tr>\n            <tr id=\"table_1_row_462\">\n                    <td style=\"\">3.669<\/td>\n                    <td style=\"\"> Presentaci\u00f3n de estados contables <\/td>\n                    <td style=\"\"> H\u00e9ctor Mauricio Paulone- Alberto veiras. 2a ed.. <\/td>\n                    <td style=\"\"> Errepar<\/td>\n                    <td style=\"\">2009<\/td>\n            <\/tr>\n            <tr id=\"table_1_row_463\">\n                    <td style=\"\">3.670<\/td>\n                    <td style=\"\"> Presentaci\u00f3n de estados contables <\/td>\n                    <td style=\"\"> H\u00e9ctor Mauricio Paulone- Alberto veiras. 2a ed.. <\/td>\n                    <td style=\"\"> Errepar<\/td>\n                    <td style=\"\">2009<\/td>\n            <\/tr>\n            <tr id=\"table_1_row_464\">\n                    <td style=\"\">3.689<\/td>\n                    <td style=\"\"> Sistemas administrativos y control interno <\/td>\n                    <td style=\"\"> Jos\u00e9 Luis Pungitore. 2a.ed.. <\/td>\n                    <td style=\"\"> Osmar D.Buyatti librer\u00eda editorial<\/td>\n                    <td style=\"\">2013<\/td>\n            <\/tr>\n            <tr id=\"table_1_row_465\">\n                    <td style=\"\">3.692<\/td>\n                    <td style=\"\"> Neuromarketing en acci\u00f3n <\/td>\n                    <td style=\"\"> N\u00e9stor Braidot  colaboraci\u00f3n Pablo A. Braidot Annecchini. 1a ed.1a reimp.. <\/td>\n                    <td style=\"\"> Granica<\/td>\n                    <td style=\"\">2013<\/td>\n            <\/tr>\n            <tr id=\"table_1_row_466\">\n                    <td style=\"\">3.693<\/td>\n                    <td style=\"\"> Guia de trabajos pr\u00e1cticos de parasitolog\u00eda <\/td>\n                    <td style=\"\"> Flavio L. Ni\u00f1o- Pedro E. Alurralde- Prospero A. Gazzolo. 3a.ed.reimp.. <\/td>\n                    <td style=\"\"> Lopez libreros editores<\/td>\n                    <td style=\"\">1975<\/td>\n            <\/tr>\n            <tr id=\"table_1_row_467\">\n                    <td style=\"\">3.694<\/td>\n                    <td style=\"\"> La qu\u00edmica en los alimentos <\/td>\n                    <td style=\"\"> Mabel Rembado- Paula Sceni. 1a.ed.. <\/td>\n                    <td style=\"\"> Ministerio de Educacion de la Naci\u00f3n<\/td>\n                    <td style=\"\">2009<\/td>\n            <\/tr>\n            <tr id=\"table_1_row_468\">\n                    <td style=\"\">3.695<\/td>\n                    <td style=\"\"> Aislamiento de wickerhamomyces anomalus una levadura productora de poligalacturonasa con capacidad macerante de tejidos vegetales <\/td>\n                    <td style=\"\"> Emilce Roxana Zubreski. <\/td>\n                    <td style=\"\">-<\/td>\n                    <td style=\"\">2013<\/td>\n            <\/tr>\n            <tr id=\"table_1_row_469\">\n                    <td style=\"\">15.114<\/td>\n                    <td style=\"\"> Impuesto al valor agregado <\/td>\n                    <td style=\"\"> Director Ernesto Carlos Celdeiro; colaboradores Juan Jos\u00e9 Imirizaldu- Marisa Oberkersch. 2a.ed.. <\/td>\n                    <td style=\"\"> Errepar<\/td>\n                    <td style=\"\">2009<\/td>\n            <\/tr>\n            <tr id=\"table_1_row_470\">\n                    <td style=\"\">15.531<\/td>\n                    <td style=\"\"> Pr\u00e1ctica del derecho del trabajo y de la seguridad social <\/td>\n                    <td style=\"\"> Coordinador Gustavo R. Segu; colaboradores: Ra\u00fal H.Dom\u00ednguez- Ignacio J. Estrada. 2da ed.. <\/td>\n                    <td style=\"\"> Errepar<\/td>\n                    <td style=\"\">2008<\/td>\n            <\/tr>\n            <tr id=\"table_1_row_471\">\n                    <td style=\"\">15.532<\/td>\n                    <td style=\"\"> Pr\u00e1ctica del derecho del trabajo y de la seguridad social <\/td>\n                    <td style=\"\"> Coordinador Gustavo R. Segu; colaboradores: Ra\u00fal H.Dom\u00ednguez- Ignacio J. Estrada. 2da ed.. <\/td>\n                    <td style=\"\"> Errepar<\/td>\n                    <td style=\"\">2008<\/td>\n            <\/tr>\n            <tr id=\"table_1_row_472\">\n                    <td style=\"\">15.541<\/td>\n                    <td style=\"\"> Pr\u00e1ctica del derecho del trabajo y de la seguridad social <\/td>\n                    <td style=\"\"> Coordinador Gustavo R.Segu; colaboradores Ra\u00fal H. Dom\u00edngez- Ignacio J. Estrada. 1a ed.. <\/td>\n                    <td style=\"\"> Errepar<\/td>\n                    <td style=\"\">2007<\/td>\n            <\/tr>\n            <tr id=\"table_1_row_473\">\n                    <td style=\"\">15.542<\/td>\n                    <td style=\"\"> Pr\u00e1ctica del derecho del trabajo y de la seguridad social <\/td>\n                    <td style=\"\"> Coordinador Gustavo R.Segu; colaboradores Ra\u00fal H. Dom\u00edngez- Ignacio J. Estrada. 1a ed.. <\/td>\n                    <td style=\"\"> Errepar<\/td>\n                    <td style=\"\">2007<\/td>\n            <\/tr>\n            <tr id=\"table_1_row_474\">\n                    <td style=\"\">1.552<\/td>\n                    <td style=\"\"> Sociedades an\u00f3nimas <\/td>\n                    <td style=\"\"> Marcelo L. Perciavalle- Jose Luis Sirena.. 2a ed.. <\/td>\n                    <td style=\"\"> Errepar<\/td>\n                    <td style=\"\">2008<\/td>\n            <\/tr>\n            <tr id=\"table_1_row_475\">\n                    <td style=\"\">1.583<\/td>\n                    <td style=\"\"> Leyes laborales y previsionales <\/td>\n                    <td style=\"\"> Compiladores Ricardo A. Paralta  Jose D. Errecaborde  Francisco R. Ca\u00f1ada. 8a.ed.. <\/td>\n                    <td style=\"\"> Errepar<\/td>\n                    <td style=\"\">2009<\/td>\n            <\/tr>\n            <tr id=\"table_1_row_476\">\n                    <td style=\"\">1.593<\/td>\n                    <td style=\"\"> Remuneraciones e indemnizaciones <\/td>\n                    <td style=\"\"> Jos\u00e9 Luis Sirena- Lorena F. De Luca. 9a.ed.. <\/td>\n                    <td style=\"\"> Errepar<\/td>\n                    <td style=\"\">2009<\/td>\n            <\/tr>\n            <tr id=\"table_1_row_477\">\n                    <td style=\"\">1.601<\/td>\n                    <td style=\"\"> Contabilidad <\/td>\n                    <td style=\"\"> V\u00edctor Alberto Varas. 2a ed.. <\/td>\n                    <td style=\"\"> Errepar<\/td>\n                    <td style=\"\">2006<\/td>\n            <\/tr>\n            <tr id=\"table_1_row_478\">\n                    <td style=\"\">1.602<\/td>\n                    <td style=\"\"> Contabilidad <\/td>\n                    <td style=\"\"> V\u00edctor Alberto Varas. 2a ed.. <\/td>\n                    <td style=\"\"> Errepar<\/td>\n                    <td style=\"\">2006<\/td>\n            <\/tr>\n            <tr id=\"table_1_row_479\">\n                    <td style=\"\">1.603<\/td>\n                    <td style=\"\"> Contabilidad <\/td>\n                    <td style=\"\"> V\u00edctor Alberto Varas. 2a ed.. <\/td>\n                    <td style=\"\"> Errepar<\/td>\n                    <td style=\"\">2006<\/td>\n            <\/tr>\n            <tr id=\"table_1_row_480\">\n                    <td style=\"\">1.604<\/td>\n                    <td style=\"\"> Contabilidad <\/td>\n                    <td style=\"\"> V\u00edctor Alberto Varas. 2a ed.. <\/td>\n                    <td style=\"\"> Errepar<\/td>\n                    <td style=\"\">2006<\/td>\n            <\/tr>\n            <tr id=\"table_1_row_481\">\n                    <td style=\"\">1.606<\/td>\n                    <td style=\"\"> Contabilidad <\/td>\n                    <td style=\"\"> V\u00edctor Alberto Varas. 2a ed.. <\/td>\n                    <td style=\"\"> Errepar<\/td>\n                    <td style=\"\">2006<\/td>\n            <\/tr>\n            <tr id=\"table_1_row_482\">\n                    <td style=\"\">1.607<\/td>\n                    <td style=\"\"> Contabilidad <\/td>\n                    <td style=\"\"> V\u00edctor Alberto Varas. 2a ed.. <\/td>\n                    <td style=\"\"> Errepar<\/td>\n                    <td style=\"\">2006<\/td>\n            <\/tr>\n            <tr id=\"table_1_row_483\">\n                    <td style=\"\">1.609<\/td>\n                    <td style=\"\"> Contabilidad <\/td>\n                    <td style=\"\"> V\u00edctor Alberto Varas. 2a ed.. <\/td>\n                    <td style=\"\"> Errepar<\/td>\n                    <td style=\"\">2006<\/td>\n            <\/tr>\n            <tr id=\"table_1_row_484\">\n                    <td style=\"\">1.652<\/td>\n                    <td style=\"\"> Herramientas de gesti\u00f3n del capital humano con Microsoft office <\/td>\n                    <td style=\"\"> Horacio Gaito. 1a ed.. <\/td>\n                    <td style=\"\"> Omicron System<\/td>\n                    <td style=\"\">2004<\/td>\n            <\/tr>\n            <tr id=\"table_1_row_485\">\n                    <td style=\"\">1.653<\/td>\n                    <td style=\"\"> Herramientas de gesti\u00f3n del capital humano con Microsoft office <\/td>\n                    <td style=\"\"> Horacio Gaito. 1a ed.. <\/td>\n                    <td style=\"\"> Omicron System<\/td>\n                    <td style=\"\">2004<\/td>\n            <\/tr>\n            <tr id=\"table_1_row_486\">\n                    <td style=\"\">1.655<\/td>\n                    <td style=\"\"> Herramientas de gesti\u00f3n del capital humano con Microsoft office <\/td>\n                    <td style=\"\"> Horacio Gaito. 1a ed.. <\/td>\n                    <td style=\"\"> Omicron System<\/td>\n                    <td style=\"\">2004<\/td>\n            <\/tr>\n            <tr id=\"table_1_row_487\">\n                    <td style=\"\">1.751<\/td>\n                    <td style=\"\"> Vida <\/td>\n                    <td style=\"\"> David Sadava- H. Caaig Heller- Gordon H. Orians- William H. Purves- David M. Hillis. 8a ed.. <\/td>\n                    <td style=\"\"> Medica panamericana<\/td>\n                    <td style=\"\">2009<\/td>\n            <\/tr>\n            <tr id=\"table_1_row_488\">\n                    <td style=\"\">2.261<\/td>\n                    <td style=\"\"> Compendio de finanzas aplicadas <\/td>\n                    <td style=\"\"> Gabriel de la Fuente. 1a ed.. <\/td>\n                    <td style=\"\"> Errepar<\/td>\n                    <td style=\"\">2009<\/td>\n            <\/tr>\n            <tr id=\"table_1_row_489\">\n                    <td style=\"\">2.657<\/td>\n                    <td style=\"\"> Ganancias de primera  segunda y cuarta categor\u00eda <\/td>\n                    <td style=\"\"> M. Josefina Bavera- Gustavo I. Frankel; inspecci\u00f3n Elizabeth R. Lobera. 13a.ed.. <\/td>\n                    <td style=\"\"> Errepar<\/td>\n                    <td style=\"\">2013<\/td>\n            <\/tr>\n    <\/tbody>        <!-- \/Table body -->\n\n        \n    <\/table>\n\n<\/div>\n\n<span class=\"powered_by_link d-block m-l-10 m-t-10 m-b-10\">Generated by <a href=\"https:\/\/wpdatatables.com\" target=\"_blank\">wpDataTables<\/a><\/span><style>\ntable.wpDataTable { table-layout: fixed !important; }\ntable.wpDataTable td, table.wpDataTable th { white-space: normal !important; }\ntable.wpDataTable td.numdata { text-align: right !important; }\n<\/style>\n\n\n\n\n<p><\/p>\n","protected":false},"excerpt":{"rendered":"","protected":false},"author":2,"featured_media":0,"parent":0,"menu_order":0,"comment_status":"closed","ping_status":"closed","template":"","meta":[],"_links":{"self":[{"href":"https:\/\/santacatalina.edu.ar\/biblioteca\/wp-json\/wp\/v2\/pages\/335"}],"collection":[{"href":"https:\/\/santacatalina.edu.ar\/biblioteca\/wp-json\/wp\/v2\/pages"}],"about":[{"href":"https:\/\/santacatalina.edu.ar\/biblioteca\/wp-json\/wp\/v2\/types\/page"}],"author":[{"embeddable":true,"href":"https:\/\/santacatalina.edu.ar\/biblioteca\/wp-json\/wp\/v2\/users\/2"}],"replies":[{"embeddable":true,"href":"https:\/\/santacatalina.edu.ar\/biblioteca\/wp-json\/wp\/v2\/comments?post=335"}],"version-history":[{"count":3,"href":"https:\/\/santacatalina.edu.ar\/biblioteca\/wp-json\/wp\/v2\/pages\/335\/revisions"}],"predecessor-version":[{"id":773,"href":"https:\/\/santacatalina.edu.ar\/biblioteca\/wp-json\/wp\/v2\/pages\/335\/revisions\/773"}],"wp:attachment":[{"href":"https:\/\/santacatalina.edu.ar\/biblioteca\/wp-json\/wp\/v2\/media?parent=335"}],"curies":[{"name":"wp","href":"https:\/\/api.w.org\/{rel}","templated":true}]}}